{"id":5701,"date":"2025-08-08T09:24:43","date_gmt":"2025-08-08T07:24:43","guid":{"rendered":"https:\/\/www.fortedibard.it\/musees\/le-alpi-dei-ragazzi\/"},"modified":"2026-02-02T16:09:53","modified_gmt":"2026-02-02T15:09:53","slug":"les-alpes-des-enfants","status":"publish","type":"page","link":"https:\/\/www.fortedibard.it\/fr\/musees\/les-alpes-des-enfants\/","title":{"rendered":"Les Alpes des Enfants"},"content":{"rendered":"<h3><a href=\"https:\/\/ticket.midaticket.it\/fortedibard\/Events\"><span class=\"uk-margin-small-right uk-icon\" uk-icon=\"heroicons-outline--ticket\" data-asw-org-font-size=\"16\" style=\"font-size: 16px;\"><svg fill=\"none\" xmlns=\"http:\/\/www.w3.org\/2000\/svg\" viewbox=\"0 0 24 24\" width=\"20\" height=\"20\" aria-hidden=\"true\"><path d=\"M16.5 6v.75m0 3v.75m0 3v.75m0 3V18m-9-5.25h5.25M7.5 15h3M3.375 5.25c-.621 0-1.125.504-1.125 1.125v3.026a2.999 2.999 0 010 5.198v3.026c0 .621.504 1.125 1.125 1.125h17.25c.621 0 1.125-.504 1.125-1.125v-3.026a2.999 2.999 0 010-5.198V6.375c0-.621-.504-1.125-1.125-1.125H3.375z\" stroke=\"#0F172A\" stroke-width=\"1.5\" stroke-linecap=\"round\" stroke-linejoin=\"round\"><\/path><\/svg><\/span> Acheter des billets<br \/>\n<\/a><\/h3>\n<div><nav  aria-label=\"breadcrumb\"><ol class=\"breadcrumb\" itemscope itemtype=\"https:\/\/schema.org\/BreadcrumbList\"><li class=\"breadcrumb-item active\" aria-current=\"page\" itemprop=\"itemListElement\" itemscope itemtype=\"https:\/\/schema.org\/ListItem\"><span itemprop=\"name\">Home<\/span><meta itemprop=\"position\" content=\"1\"><\/li><\/ol><\/nav><\/div>\n<h4>Informations utiles<\/h4>\n<ul>\n<li>\n<p>        <img decoding=\"async\" src=\"\/wp-content\/uploads\/2025\/08\/info_light.svg\" alt=\"Comment y arriver\"><\/p>\n<p><a href=\"https:\/\/www.fortedibard.it\/fr\/informations-utiles\/#arrivare\">Comment y arriver<\/a><\/p>\n<\/li>\n<li>\n<p>        <img decoding=\"async\" src=\"\/wp-content\/uploads\/2025\/08\/Ticket_use_light.svg\" alt=\"Billet et tarifs\"><\/p>\n<p><a href=\"https:\/\/www.fortedibard.it\/fr\/informations-utiles\/#tariffe\">Billet et tarifs<\/a><\/p>\n<\/li>\n<li>\n<p>        <img decoding=\"async\" src=\"\/wp-content\/uploads\/2025\/08\/Time_light.svg\" alt=\"Horaires et acc\u00e8s\"><\/p>\n<p><a href=\"https:\/\/www.fortedibard.it\/fr\/informations-utiles\/#orarieaccesso\">Horaires et acc\u00e8s<\/a><\/p>\n<\/li>\n<li>\n<p>        <img decoding=\"async\" src=\"\/wp-content\/uploads\/2025\/08\/Star_light.svg\" alt=\"Services du Fort du Bard\"><\/p>\n<p><a href=\"https:\/\/www.fortedibard.it\/fr\/informations-utiles\/#tuttiservizi\">Services<\/a><\/p>\n<\/li>\n<\/ul>\n<h4>Conseil<\/h4>\n<ul>\n<li>\n<p>        <img decoding=\"async\" src=\"\/wp-content\/uploads\/2025\/09\/pittogrammaFDB.png\" alt=\"Le monument du Forte di bard\"><\/p>\n<p><a href=\"https:\/\/www.fortedibard.it\/fr\/le-monument\/\">Le monument<\/a><\/p>\n<\/li>\n<li>\n<p>        <img decoding=\"async\" src=\"\/wp-content\/uploads\/2025\/08\/road-pointer-svgrepo-com-1.svg\" alt=\"Le bourg de Bard\"><\/p>\n<p><a href=\"https:\/\/www.fortedibard.it\/fr\/le-bourg-de-bard\/\">Le bourg<\/a><\/p>\n<\/li>\n<li>\n<p>        <img decoding=\"async\" src=\"\/wp-content\/uploads\/2025\/08\/Map.svg\" alt=\"Les environs du Fort\"><\/p>\n<p><a href=\"https:\/\/www.fortedibard.it\/fr\/les-environs\/\">Les environs<\/a><\/p>\n<\/li>\n<li>\n<p>        <img decoding=\"async\" src=\"\/wp-content\/uploads\/2025\/08\/hotel-bell-ringing-svgrepo-com-1.svg\" alt=\"Hospitalit\u00e9 Valle d'Aosta\"><\/p>\n<p><a href=\"https:\/\/www.fortedibard.it\/fr\/environs-categorie\/logements\/\">Logements<\/a><\/p>\n<\/li>\n<\/ul>\n<div><nav  aria-label=\"breadcrumb\"><ol class=\"breadcrumb\" itemscope itemtype=\"https:\/\/schema.org\/BreadcrumbList\"><li class=\"breadcrumb-item active\" aria-current=\"page\" itemprop=\"itemListElement\" itemscope itemtype=\"https:\/\/schema.org\/ListItem\"><span itemprop=\"name\">Home<\/span><meta itemprop=\"position\" content=\"1\"><\/li><\/ol><\/nav><\/div>\n<p><img decoding=\"async\" src=\"\/wp-content\/uploads\/2025\/08\/AlpiDeiRagazziPittogramma.png\" alt=\"\"><\/p>\n<div>\n<p>Le <em>Mus\u00e9e Les Alpes des Enfants<\/em> propose un parcours \u00e9ducatif de sensibilisation consacr\u00e9 aux effets de plus en plus visibles du changement climatique sur les \u00e9cosyst\u00e8mes alpins: recul des glaciers, diminution de l&rsquo;\u00e9paisseur et de la dur\u00e9e du manteau neigeux, hausse des temp\u00e9ratures.<\/p>\n<\/div>\n<div>\n<p><span>Le <em>Mus\u00e9e Les Alpes des Enfants<\/em> propose un parcours \u00e9ducatif de sensibilisation consacr\u00e9 aux effets de plus en plus visibles du changement climatique sur les \u00e9cosyst\u00e8mes alpins : recul des glaciers, diminution de l&rsquo;\u00e9paisseur et de la dur\u00e9e du manteau neigeux, hausse des temp\u00e9ratures. Avec une attention particuli\u00e8re port\u00e9e aux montagnes vald\u00f4taines, la visite est con\u00e7ue comme une exp\u00e9rience immersive et interactive, \u00e0 la d\u00e9couverte des quatre sommets les plus embl\u00e9matiques de la Vall\u00e9e d\u2019Aoste et de leurs zones glaciaires : Le mont Rose, le mont Blanc, le Cervin et le Grand-Paradis. Le Mus\u00e9e est l\u2019aboutissement de plusieurs ann\u00e9es de recherches men\u00e9es par le Fort de Bard, avec pour objectif de mettre en valeur et de faire d\u00e9couvrir l\u2019environnement alpin vald\u00f4tain, notamment dans son \u00e9volution actuelle.<\/span><\/p>\n<\/div>\n<p><img decoding=\"async\" src=\"\/wp-content\/uploads\/2025\/10\/600x400_adr4.jpg\" alt=\"\"><\/p>\n<h2>Activit\u00e9s \u00e9ducatives pour les \u00e9coles<\/h2>\n<div>\n<p>Toutes les activit\u00e9s p\u00e9dagogiques doivent \u00eatre r\u00e9serv\u00e9es \u00e0 l&rsquo;avance en envoyant une demande \u00e0<span>\u00a0<\/span><span class=\"T286Pc\" data-sfc-cp=\"\" jscontroller=\"fly6D\" jsuid=\"CPsFEf_b\" data-complete=\"true\" data-processed=\"true\">prenotazioni@fortedibard.it<\/span><span>\u00a0ou au\u00a0<\/span><span class=\"T286Pc\" data-sfc-cp=\"\" jscontroller=\"fly6D\" jsuid=\"CPsFEf_c\" data-complete=\"true\" data-processed=\"true\">+39 0125 833818<\/span><span>.<\/span><\/p>\n<p><strong>OUVERTURE<br \/>Du mardi au vendredi\u00a0<\/strong><br jscontroller=\"Gy8rfb\" jsuid=\"CPsFEf_k\" data-serialized-params=\"[]\" data-complete=\"true\" data-processed=\"true\" \/>Sur r\u00e9servation uniquement pour les \u00e9coles et les groupes<br jscontroller=\"Gy8rfb\" jsuid=\"CPsFEf_l\" data-serialized-params=\"[]\" data-complete=\"true\" data-processed=\"true\" \/><strong>Samedis, dimanches et jours f\u00e9ri\u00e9s<\/strong><br jscontroller=\"Gy8rfb\" jsuid=\"CPsFEf_n\" data-serialized-params=\"[]\" data-complete=\"true\" data-processed=\"true\" \/>Ouvert \u00e0 tous lors de six visites guid\u00e9es :<br jscontroller=\"Gy8rfb\" jsuid=\"CPsFEf_o\" data-serialized-params=\"[]\" data-complete=\"true\" data-processed=\"true\" \/>\u00e0 10h30, 11h30, 12h30, 14h30, 15h30 et 16h30<br jscontroller=\"Gy8rfb\" jsuid=\"CPsFEf_p\" data-serialized-params=\"[]\" data-complete=\"true\" data-processed=\"true\" \/>Ferm\u00e9 le lundi<\/p>\n<\/div>\n<ul>\n<li>\n<h3>La m\u00e9moire des glaciers<\/h3>\n<p>\u00c9cole primaire (CM1\u2013CM2\u20136e)<\/p>\n<div>\n<p><strong>Dur\u00e9e<\/strong>: 3 heures<br \/><strong>Description<\/strong>: <span>Qu\u2019est-ce qu\u2019un glacier ? Comment se forme-t-il ? Et que se passe-t-il aujourd\u2019hui ? Voici quelques-unes des questions auxquelles les \u00e9l\u00e8ves trouveront r\u00e9ponse en explorant les quatre grands massifs de la Vall\u00e9e d\u2019Aoste. Chaque sommet proposera des exp\u00e9riences interactives, offrant un parcours immersif d\u00e9di\u00e9 \u00e0 la vie en montagne et aux notions scientifiques essentielles pour comprendre l\u2019environnement contemporain.<\/span><\/p>\n<\/div>\n<\/li>\n<li>\n<h3>Je dis&#8230; Changement!<\/h3>\n<p>Coll\u00e8ge (5e\u20134e\u20133e)<\/p>\n<div>\n<p><strong>Dur\u00e9e<\/strong>: 3 heures<br \/><strong>Description<\/strong>: <span>Qu\u2019est-ce que le changement climatique, au juste ? Les grands massifs de la Vall\u00e9e d\u2019Aoste t\u00e9moignent des transformations en cours et nous entra\u00eenent \u00e0 la d\u00e9couverte de la formation des glaciers et de leur r\u00f4le essentiel dans l\u2019\u00e9quilibre naturel de la Terre. Chaque sommet apportera des informations pr\u00e9cieuses qui permettront aux \u00e9l\u00e8ves de participer \u00e0 un grand jeu de r\u00f4le final consacr\u00e9 aux ressources naturelles de notre plan\u00e8te.<\/span><\/p>\n<\/div>\n<\/li>\n<li>\n<h3>Visites guid\u00e9es groupes<\/h3>\n<p>Sur r\u00e9servation du mardi au dimanche<\/p>\n<div>\n<p>Dur\u00e9e de la visite: 45 minutes<\/p>\n<p><a href=\"mailto:prenotazioni@fortedibard.it\">prenotazioni@fortedibard.it<\/a><br \/>T. + 39 0125 833818<\/p>\n<\/div>\n<\/li>\n<\/ul>\n<h2>\n<p><strong>LES MUS\u00c9ES<\/strong><br \/>du Fort de Bard<\/p>\n<\/h2>\n<p><p>\n        <a href=\"https:\/\/www.fortedibard.it\/fr\/musees\/\">Voir tout<\/a>\n    <\/p>\n<\/p>\n<ul>\n<li>\n<p>        <img decoding=\"async\" src=\"\/wp-content\/uploads\/2025\/11\/MuseeDesAlpes.png\" alt=\"\"><\/p>\n<h3>Mus\u00e9e des Alpes<\/h3>\n<div>\n<p>Un voyage pluridisciplinaire, multim\u00e9dia et interactif pour d\u00e9couvrir les Alpes et comprendre la montagne.<\/p>\n<\/div>\n<p><a href=\"https:\/\/www.fortedibard.it\/fr\/musees\/musee-des-alpes\/\">En savoir plus<\/a><\/p>\n<\/li>\n<li>\n<p>        <img decoding=\"async\" src=\"\/wp-content\/uploads\/2025\/11\/LesPrisons.png\" alt=\"\"><\/p>\n<h3>Les prisons du Fort<\/h3>\n<div>\n<p>L&rsquo;histoire du Fort Bard est r\u00e9v\u00e9l\u00e9e dans un espace mus\u00e9al permanent \u00e0 l&rsquo;int\u00e9rieur des Prisons.<\/p>\n<\/div>\n<p><a href=\"https:\/\/www.fortedibard.it\/fr\/musees\/les-prisons\/\">En savoir plus<\/a><\/p>\n<\/li>\n<li>\n<p>        <img decoding=\"async\" src=\"\/wp-content\/uploads\/2025\/11\/LeFerdinand.png\" alt=\"\"><\/p>\n<h3>Le Ferdinand<\/h3>\n<div>\n<p>Entrez dans le Mus\u00e9e du Fort et des Fortifications, Les Alpes Fortifi\u00e9es (1871-1946) et Les Alpes, une fronti\u00e8re<\/p>\n<\/div>\n<p><a href=\"https:\/\/www.fortedibard.it\/fr\/musees\/le-ferdinand-musee-des-fortifications-et-frontieres\/\">En savoir plus<\/a><\/p>\n<\/li>\n<\/ul>\n<p><!--more--><br \/>\n<!-- {\"type\":\"layout\",\"children\":[{\"type\":\"section\",\"props\":{\"image_position\":\"center-center\",\"padding\":\"xsmall\",\"style\":\"primary\",\"title_breakpoint\":\"xl\",\"title_position\":\"top-left\",\"title_rotation\":\"left\",\"vertical_align\":\"middle\",\"width\":\"\",\"yooessentials_access_conditions\":[{\"type\":\"yooessentials_access_device\",\"id\":\"ci_460189\",\"props\":{\"devices\":[\"desktop\"],\"reversed\":true}}],\"yooessentials_access_mode\":\"AND\"},\"children\":[{\"type\":\"row\",\"children\":[{\"type\":\"column\",\"props\":{\"image_position\":\"center-center\",\"position_sticky_breakpoint\":\"m\"},\"children\":[{\"type\":\"headline\",\"props\":{\"content\":\"<span class=\\\"uk-margin-small-right uk-icon\\\" uk-icon=\\\"heroicons-outline--ticket\\\" data-asw-org-font-size=\\\"16\\\" style=\\\"font-size: 16px;\\\"><svg fill=\\\"none\\\" xmlns=\\\"http:\\\/\\\/www.w3.org\\\/2000\\\/svg\\\" viewbox=\\\"0 0 24 24\\\" width=\\\"20\\\" height=\\\"20\\\" aria-hidden=\\\"true\\\"><path d=\\\"M16.5 6v.75m0 3v.75m0 3v.75m0 3V18m-9-5.25h5.25M7.5 15h3M3.375 5.25c-.621 0-1.125.504-1.125 1.125v3.026a2.999 2.999 0 010 5.198v3.026c0 .621.504 1.125 1.125 1.125h17.25c.621 0 1.125-.504 1.125-1.125v-3.026a2.999 2.999 0 010-5.198V6.375c0-.621-.504-1.125-1.125-1.125H3.375z\\\" stroke=\\\"#0F172A\\\" stroke-width=\\\"1.5\\\" stroke-linecap=\\\"round\\\" stroke-linejoin=\\\"round\\\"><\\\/path><\\\/svg><\\\/span> Acheter des billets\\n\",\"link\":\"https:\\\/\\\/ticket.midaticket.it\\\/fortedibard\\\/Events\",\"link_target\":true,\"margin_remove_bottom\":false,\"margin_remove_top\":false,\"text_align\":\"center\",\"title_element\":\"h3\",\"title_style\":\"h6\"}}]}]}],\"name\":\"section mobile biglietti fr\"},{\"type\":\"section\",\"props\":{\"image_position\":\"center-center\",\"style\":\"default\",\"title_breakpoint\":\"xl\",\"title_position\":\"top-left\",\"title_rotation\":\"left\",\"vertical_align\":\"middle\",\"width\":\"expand\"},\"children\":[{\"type\":\"row\",\"props\":{\"divider\":true,\"layout\":\"1-2,1-2\"},\"children\":[{\"type\":\"column\",\"props\":{\"image_position\":\"center-center\",\"position_sticky_breakpoint\":\"m\",\"width_medium\":\"1-2\"},\"children\":[{\"type\":\"text\",\"props\":{\"column_breakpoint\":\"m\",\"content\":\"[seopress_breadcrumbs]\",\"css\":\".breadcrumb li span {\\nfont-weight: 300;\\n}\",\"margin\":\"default\",\"text_style\":\"small\",\"yooessentials_access_conditions\":[{\"type\":\"yooessentials_access_device\",\"id\":\"ci_59A970\",\"props\":{\"devices\":[\"tablet\",\"desktop\"]}}],\"yooessentials_access_mode\":\"AND\"},\"name\":\"BREADCRUMBS - SeoPress\"},{\"type\":\"headline\",\"props\":{\"animation\":\"none\",\"margin\":\"small\",\"margin_remove_top\":false,\"parallax_breakpoint\":\"m\",\"parallax_easing\":\"1\",\"parallax_end\":\"60vh + 60%\",\"parallax_opacity\":\"0.3,1\",\"parallax_y\":\"30,0\",\"title_element\":\"h1\",\"title_style\":\"h1\",\"yooessentials_access_conditions\":[{\"type\":\"yooessentials_access_device\",\"id\":\"ci_3CC556\",\"props\":{\"devices\":[\"tablet\",\"desktop\"]}}],\"yooessentials_access_mode\":\"AND\"},\"source_extended\":{\"props\":{\"content\":{\"query\":{\"name\":\"pages.singlePage\"},\"name\":\"title\",\"filters\":{\"before\":\"<strong>\",\"after\":\"<\\\/strong><br \/>du Fort de Bard\"}}}}},{\"type\":\"fragment\",\"props\":{\"margin\":\"medium\"},\"children\":[{\"type\":\"row\",\"props\":{\"layout\":\"1-2,1-2\"},\"children\":[{\"type\":\"column\",\"props\":{\"image_position\":\"center-center\",\"position_sticky_breakpoint\":\"m\",\"width_medium\":\"1-2\"},\"children\":[{\"type\":\"headline\",\"props\":{\"content\":\"Informations utiles\",\"title_element\":\"h4\"}},{\"type\":\"list\",\"props\":{\"column_breakpoint\":\"m\",\"icon_width\":\"30\",\"image_align\":\"left\",\"image_svg_color\":\"emphasis\",\"image_vertical_align\":true,\"list_element\":\"ul\",\"list_horizontal_separator\":\", \",\"list_type\":\"vertical\",\"show_image\":true,\"show_link\":true},\"children\":[{\"type\":\"list_item\",\"props\":{\"content\":\"Comment y arriver\",\"icon\":\"\",\"image\":\"wp-content\\\/uploads\\\/2025\\\/08\\\/info_light.svg\",\"image_alt\":\"Comment y arriver\",\"link\":\"fr\\\/informations-utiles\\\/#arrivare\"}},{\"type\":\"list_item\",\"props\":{\"content\":\"Billet et tarifs\",\"image\":\"wp-content\\\/uploads\\\/2025\\\/08\\\/Ticket_use_light.svg\",\"image_alt\":\"Billet et tarifs\",\"link\":\"fr\\\/informations-utiles\\\/#tariffe\"}},{\"type\":\"list_item\",\"props\":{\"content\":\"Horaires et acc\\u00e8s\",\"image\":\"wp-content\\\/uploads\\\/2025\\\/08\\\/Time_light.svg\",\"image_alt\":\"Horaires et acc\\u00e8s\",\"link\":\"fr\\\/informations-utiles\\\/#orarieaccesso\"}},{\"type\":\"list_item\",\"props\":{\"content\":\"Services\",\"image\":\"wp-content\\\/uploads\\\/2025\\\/08\\\/Star_light.svg\",\"image_alt\":\"Services du Fort du Bard\",\"link\":\"fr\\\/informations-utiles\\\/#tuttiservizi\"}}]}]},{\"type\":\"column\",\"props\":{\"image_position\":\"center-center\",\"position_sticky_breakpoint\":\"m\",\"width_medium\":\"1-2\"},\"children\":[{\"type\":\"headline\",\"props\":{\"content\":\"Conseil\",\"title_element\":\"h4\"}},{\"type\":\"list\",\"props\":{\"column_breakpoint\":\"m\",\"image_align\":\"left\",\"image_height\":32,\"image_svg_color\":\"emphasis\",\"image_vertical_align\":true,\"image_width\":32,\"list_element\":\"ul\",\"list_horizontal_separator\":\", \",\"list_type\":\"vertical\",\"show_image\":true,\"show_link\":true},\"children\":[{\"type\":\"list_item\",\"props\":{\"content\":\"Le monument\",\"image\":\"wp-content\\\/uploads\\\/2025\\\/09\\\/pittogrammaFDB.png\",\"image_alt\":\"Le monument du Forte di bard\",\"link\":\"fr\\\/le-monument\\\/\"}},{\"type\":\"list_item\",\"props\":{\"content\":\"Le bourg\",\"image\":\"wp-content\\\/uploads\\\/2025\\\/08\\\/road-pointer-svgrepo-com-1.svg\",\"image_alt\":\"Le bourg de Bard\",\"link\":\"fr\\\/le-bourg-de-bard\\\/\"}},{\"type\":\"list_item\",\"props\":{\"content\":\"Les environs\",\"image\":\"wp-content\\\/uploads\\\/2025\\\/08\\\/Map.svg\",\"image_alt\":\"Les environs du Fort\",\"link\":\"fr\\\/les-environs\\\/\"}},{\"type\":\"list_item\",\"props\":{\"content\":\"Logements\",\"image\":\"wp-content\\\/uploads\\\/2025\\\/08\\\/hotel-bell-ringing-svgrepo-com-1.svg\",\"image_alt\":\"Hospitalit\\u00e9 Valle d'Aosta\",\"link\":\"fr\\\/categoria\\\/logements\\\/\"}}]}]}]}],\"name\":\"Informazioni Utili + Cosa Fare FR\"}]},{\"type\":\"column\",\"props\":{\"image_position\":\"center-center\",\"order_first\":\"xs\",\"position_sticky_breakpoint\":\"m\",\"width_medium\":\"1-2\"},\"children\":[{\"type\":\"text\",\"props\":{\"column_breakpoint\":\"m\",\"content\":\"[seopress_breadcrumbs]\",\"css\":\".breadcrumb li span {\\nfont-weight: 300;\\n}\",\"margin\":\"default\",\"text_align\":\"center\",\"text_style\":\"small\",\"yooessentials_access_conditions\":[{\"type\":\"yooessentials_access_device\",\"id\":\"ci_59A970\",\"props\":{\"devices\":[\"tablet\",\"desktop\"],\"reversed\":true}}],\"yooessentials_access_mode\":\"AND\"},\"name\":\"BREADCRUMBS - SeoPress\"},{\"type\":\"image\",\"props\":{\"image\":\"wp-content\\\/uploads\\\/2025\\\/08\\\/AlpiDeiRagazziPittogramma.png\",\"image_svg_color\":\"emphasis\",\"margin\":\"default\",\"text_align\":\"center\"}},{\"type\":\"headline\",\"props\":{\"animation\":\"none\",\"margin\":\"small\",\"margin_remove_top\":false,\"parallax_breakpoint\":\"m\",\"parallax_easing\":\"1\",\"parallax_end\":\"60vh + 60%\",\"parallax_opacity\":\"0.3,1\",\"parallax_y\":\"30,0\",\"text_align\":\"center\",\"title_element\":\"h1\",\"title_style\":\"h1\",\"yooessentials_access_conditions\":[{\"type\":\"yooessentials_access_device\",\"id\":\"ci_3CC556\",\"props\":{\"devices\":[\"tablet\",\"desktop\"],\"reversed\":true}}],\"yooessentials_access_mode\":\"AND\"},\"source_extended\":{\"props\":{\"content\":{\"query\":{\"name\":\"pages.singlePage\"},\"name\":\"title\",\"filters\":{\"before\":\"<strong>\",\"after\":\"<\\\/strong><br \/>du Fort de Bard\"}}}}},{\"type\":\"text\",\"props\":{\"column_breakpoint\":\"m\",\"content\":\"\n\n<p>Le <em>Mus\\u00e9e Les Alpes des Enfants<\\\/em> propose un parcours \\u00e9ducatif de sensibilisation consacr\\u00e9 aux effets de plus en plus visibles du changement climatique sur les \\u00e9cosyst\\u00e8mes alpins: recul des glaciers, diminution de l'\\u00e9paisseur et de la dur\\u00e9e du manteau neigeux, hausse des temp\\u00e9ratures.<\\\/p>\",\"margin\":\"default\",\"text_align\":\"center\"}}]}]}],\"name\":\"INTRO MUSEO\"},{\"type\":\"section\",\"props\":{\"image_position\":\"center-center\",\"style\":\"muted\",\"title_breakpoint\":\"xl\",\"title_position\":\"top-left\",\"title_rotation\":\"left\",\"vertical_align\":\"middle\",\"width\":\"expand\"},\"children\":[{\"type\":\"row\",\"children\":[{\"type\":\"column\",\"props\":{\"image_position\":\"center-center\",\"position_sticky_breakpoint\":\"m\"},\"children\":[{\"type\":\"text\",\"props\":{\"column_breakpoint\":\"m\",\"content\":\"\n\n<p><span>Le <em>Mus\\u00e9e Les Alpes des Enfants<\\\/em> propose un parcours \\u00e9ducatif de sensibilisation consacr\\u00e9 aux effets de plus en plus visibles du changement climatique sur les \\u00e9cosyst\\u00e8mes alpins : recul des glaciers, diminution de l'\\u00e9paisseur et de la dur\\u00e9e du manteau neigeux, hausse des temp\\u00e9ratures. Avec une attention particuli\\u00e8re port\\u00e9e aux montagnes vald\\u00f4taines, la visite est con\\u00e7ue comme une exp\\u00e9rience immersive et interactive, \\u00e0 la d\\u00e9couverte des quatre sommets les plus embl\\u00e9matiques de la Vall\\u00e9e d\\u2019Aoste et de leurs zones glaciaires : Le mont Rose, le mont Blanc, le Cervin et le Grand-Paradis. Le Mus\\u00e9e est l\\u2019aboutissement de plusieurs ann\\u00e9es de recherches men\\u00e9es par le Fort de Bard, avec pour objectif de mettre en valeur et de faire d\\u00e9couvrir l\\u2019environnement alpin vald\\u00f4tain, notamment dans son \\u00e9volution actuelle.<\\\/span><\\\/p>\",\"margin\":\"default\"}},{\"type\":\"image\",\"props\":{\"image\":\"wp-content\\\/uploads\\\/2025\\\/10\\\/600x400_adr4.jpg\",\"image_svg_color\":\"emphasis\",\"margin\":\"default\",\"text_align\":\"center\"}},{\"type\":\"headline\",\"props\":{\"content\":\"Activit\\u00e9s \\u00e9ducatives pour les \\u00e9coles\",\"title_element\":\"h2\",\"title_style\":\"h3\"}},{\"type\":\"text\",\"props\":{\"column_breakpoint\":\"m\",\"content\":\"\n\n<p>Toutes les activit\\u00e9s p\\u00e9dagogiques doivent \\u00eatre r\\u00e9serv\\u00e9es \\u00e0 l'avance en envoyant une demande \\u00e0<span>\\u00a0<\\\/span><span class=\\\"T286Pc\\\" data-sfc-cp=\\\"\\\" jscontroller=\\\"fly6D\\\" jsuid=\\\"CPsFEf_b\\\" data-complete=\\\"true\\\" data-processed=\\\"true\\\">prenotazioni@fortedibard.it<\\\/span><span>\\u00a0ou au\\u00a0<\\\/span><span class=\\\"T286Pc\\\" data-sfc-cp=\\\"\\\" jscontroller=\\\"fly6D\\\" jsuid=\\\"CPsFEf_c\\\" data-complete=\\\"true\\\" data-processed=\\\"true\\\">+39 0125 833818<\\\/span><span>.<\\\/span><\\\/p>\\n\n\n<p><strong>OUVERTURE<br \\\/>Du mardi au vendredi\\u00a0<\\\/strong><br jscontroller=\\\"Gy8rfb\\\" jsuid=\\\"CPsFEf_k\\\" data-serialized-params=\\\"[]\\\" data-complete=\\\"true\\\" data-processed=\\\"true\\\" \\\/>Sur r\\u00e9servation uniquement pour les \\u00e9coles et les groupes<br jscontroller=\\\"Gy8rfb\\\" jsuid=\\\"CPsFEf_l\\\" data-serialized-params=\\\"[]\\\" data-complete=\\\"true\\\" data-processed=\\\"true\\\" \\\/><strong>Samedis, dimanches et jours f\\u00e9ri\\u00e9s<\\\/strong><br jscontroller=\\\"Gy8rfb\\\" jsuid=\\\"CPsFEf_n\\\" data-serialized-params=\\\"[]\\\" data-complete=\\\"true\\\" data-processed=\\\"true\\\" \\\/>Ouvert \\u00e0 tous lors de six visites guid\\u00e9es :<br jscontroller=\\\"Gy8rfb\\\" jsuid=\\\"CPsFEf_o\\\" data-serialized-params=\\\"[]\\\" data-complete=\\\"true\\\" data-processed=\\\"true\\\" \\\/>\\u00e0 10h30, 11h30, 12h30, 14h30, 15h30 et 16h30<br jscontroller=\\\"Gy8rfb\\\" jsuid=\\\"CPsFEf_p\\\" data-serialized-params=\\\"[]\\\" data-complete=\\\"true\\\" data-processed=\\\"true\\\" \\\/>Ferm\\u00e9 le lundi<\\\/p>\",\"margin\":\"default\"}},{\"type\":\"grid\",\"props\":{\"content_column_breakpoint\":\"m\",\"filter_align\":\"left\",\"filter_all\":true,\"filter_grid_breakpoint\":\"m\",\"filter_grid_width\":\"auto\",\"filter_position\":\"top\",\"filter_style\":\"tab\",\"grid_default\":\"1\",\"grid_divider\":true,\"grid_medium\":\"3\",\"icon_width\":80,\"image_align\":\"top\",\"image_grid_breakpoint\":\"m\",\"image_grid_width\":\"1-2\",\"image_svg_color\":\"emphasis\",\"item_animation\":true,\"lightbox_bg_close\":true,\"link_style\":\"default\",\"link_text\":\"Read more\",\"margin\":\"default\",\"meta_align\":\"below-title\",\"meta_element\":\"div\",\"meta_margin\":\"small\",\"meta_style\":\"text-meta\",\"panel_padding\":\"small\",\"show_content\":true,\"show_hover_image\":true,\"show_hover_video\":true,\"show_image\":true,\"show_link\":true,\"show_meta\":true,\"show_title\":true,\"show_video\":true,\"title_align\":\"top\",\"title_element\":\"h3\",\"title_grid_breakpoint\":\"m\",\"title_grid_width\":\"1-2\",\"title_hover_style\":\"reset\",\"title_style\":\"h4\"},\"children\":[{\"type\":\"grid_item\",\"props\":{\"content\":\"\n\n<p><strong>Dur\\u00e9e<\\\/strong>: 3 heures<br \\\/><strong>Description<\\\/strong>: <span>Qu\\u2019est-ce qu\\u2019un glacier ? Comment se forme-t-il ? Et que se passe-t-il aujourd\\u2019hui ? Voici quelques-unes des questions auxquelles les \\u00e9l\\u00e8ves trouveront r\\u00e9ponse en explorant les quatre grands massifs de la Vall\\u00e9e d\\u2019Aoste. Chaque sommet proposera des exp\\u00e9riences interactives, offrant un parcours immersif d\\u00e9di\\u00e9 \\u00e0 la vie en montagne et aux notions scientifiques essentielles pour comprendre l\\u2019environnement contemporain.<\\\/span><\\\/p>\",\"meta\":\"\\u00c9cole primaire (CM1\\u2013CM2\\u20136e)\",\"title\":\"La m\\u00e9moire des glaciers\"}},{\"type\":\"grid_item\",\"props\":{\"content\":\"\n\n<p><strong>Dur\\u00e9e<\\\/strong>: 3 heures<br \\\/><strong>Description<\\\/strong>: <span>Qu\\u2019est-ce que le changement climatique, au juste ? Les grands massifs de la Vall\\u00e9e d\\u2019Aoste t\\u00e9moignent des transformations en cours et nous entra\\u00eenent \\u00e0 la d\\u00e9couverte de la formation des glaciers et de leur r\\u00f4le essentiel dans l\\u2019\\u00e9quilibre naturel de la Terre. Chaque sommet apportera des informations pr\\u00e9cieuses qui permettront aux \\u00e9l\\u00e8ves de participer \\u00e0 un grand jeu de r\\u00f4le final consacr\\u00e9 aux ressources naturelles de notre plan\\u00e8te.<\\\/span><\\\/p>\",\"meta\":\"Coll\\u00e8ge (5e\\u20134e\\u20133e)\",\"title\":\"Je dis... Changement!\"}},{\"type\":\"grid_item\",\"props\":{\"content\":\"\n\n<p>Dur\\u00e9e de la visite: 45 minutes<\\\/p>\\n\n\n<p><a href=\\\"mailto:prenotazioni@fortedibard.it\\\">prenotazioni@fortedibard.it<\\\/a><br \\\/>T. + 39 0125 833818<\\\/p>\",\"meta\":\"Sur r\\u00e9servation du mardi au dimanche\",\"title\":\"Visites guid\\u00e9es groupes\"}}]}]}]}],\"name\":\"DESCRIONE MOSTRA\"},{\"type\":\"section\",\"props\":{\"image_position\":\"center-center\",\"padding\":\"small\",\"style\":\"default\",\"title_breakpoint\":\"xl\",\"title_position\":\"top-left\",\"title_rotation\":\"left\",\"vertical_align\":\"middle\",\"width\":\"expand\"},\"children\":[{\"type\":\"row\",\"children\":[{\"type\":\"column\",\"props\":{\"image_position\":\"center-center\",\"position_sticky_breakpoint\":\"m\",\"vertical_align\":\"middle\",\"width_medium\":\"1-4\"},\"children\":[{\"type\":\"headline\",\"props\":{\"content\":\"\n\n<p><strong>LES MUS\\u00c9ES<\\\/strong><br \\\/>du Fort de Bard<\\\/p>\",\"title_element\":\"h2\",\"title_style\":\"h2\"},\"name\":\"LE MOSTRE del Forte di Bard\"},{\"type\":\"button\",\"props\":{\"grid_column_gap\":\"small\",\"grid_row_gap\":\"small\",\"margin\":\"default\"},\"children\":[{\"type\":\"button_item\",\"props\":{\"button_style\":\"primary\",\"content\":\"Voir tout\",\"dialog_layout\":\"modal\",\"dialog_offcanvas_flip\":true,\"icon_align\":\"left\",\"link\":\"fr\\\/musees\\\/\"}}]}]},{\"type\":\"column\",\"props\":{\"image_position\":\"center-center\",\"position_sticky_breakpoint\":\"m\",\"vertical_align\":\"middle\",\"width_medium\":\"3-4\"},\"children\":[{\"type\":\"panel-slider\",\"props\":{\"container_padding_remove\":true,\"content_column_breakpoint\":\"m\",\"content_margin\":\"small\",\"content_style\":\"text-small\",\"css\":\"\\n.uk-slider-items > div:nth-of-type(2) .el-link.uk-button.uk-button-default {\\n    background-color: #DA9D50 !important;\\n    border-color: #DA9D50 !important;\\n}\\n.uk-slider-items > div:nth-of-type(3) .el-link.uk-button.uk-button-default {\\n    background-color: #7B7A6F !important;\\n    border-color: #7B7A6F !important;\\n}\",\"icon_width\":80,\"image_align\":\"top\",\"image_grid_breakpoint\":\"m\",\"image_grid_width\":\"1-2\",\"image_link\":true,\"image_loading\":true,\"image_svg_color\":\"emphasis\",\"image_transition\":\"scale-down\",\"link_style\":\"default\",\"link_text\":\"\",\"margin\":\"default\",\"meta_align\":\"above-title\",\"meta_color\":\"emphasis\",\"meta_element\":\"div\",\"meta_margin\":\"medium\",\"meta_style\":\"h6\",\"nav\":\"\",\"nav_align\":\"center\",\"nav_breakpoint\":\"s\",\"panel_image_no_padding\":false,\"panel_link\":true,\"panel_match\":true,\"panel_padding\":\"small\",\"panel_style\":\"card-default\",\"show_content\":true,\"show_hover_image\":true,\"show_hover_video\":true,\"show_image\":true,\"show_link\":true,\"show_meta\":true,\"show_title\":false,\"show_video\":true,\"slidenav\":\"\",\"slidenav_breakpoint\":\"xl\",\"slidenav_margin\":\"medium\",\"slidenav_outside_breakpoint\":\"xl\",\"slider_autoplay_pause\":true,\"slider_gap\":\"small\",\"slider_width\":\"fixed\",\"slider_width_default\":\"4-5\",\"slider_width_large\":\"1-3\",\"slider_width_medium\":\"1-3\",\"text_align\":\"center\",\"title_align\":\"top\",\"title_element\":\"h3\",\"title_grid_breakpoint\":\"m\",\"title_grid_width\":\"1-2\",\"title_hover_style\":\"reset\",\"title_link\":true,\"title_margin\":\"remove\",\"title_style\":\"h5\"},\"children\":[{\"type\":\"panel-slider_item\",\"props\":{\"content\":\"\n\n<p>Un voyage pluridisciplinaire, multim\\u00e9dia et interactif pour d\\u00e9couvrir les Alpes et comprendre la montagne.<\\\/p>\",\"image\":\"wp-content\\\/uploads\\\/2025\\\/11\\\/MuseeDesAlpes.png\",\"link\":\"fr\\\/musees\\\/musee-des-alpes\\\/\",\"link_aria_label\":\"Mus\\u00e9e des alpes\",\"link_text\":\"En savoir plus\",\"title\":\"Mus\\u00e9e des Alpes\",\"yooessentials_access_conditions\":[],\"yooessentials_access_mode\":\"AND\"}},{\"type\":\"panel-slider_item\",\"props\":{\"content\":\"\n\n<p>L'histoire du Fort Bard est r\\u00e9v\\u00e9l\\u00e9e dans un espace mus\\u00e9al permanent \\u00e0 l'int\\u00e9rieur des Prisons.<\\\/p>\",\"image\":\"wp-content\\\/uploads\\\/2025\\\/11\\\/LesPrisons.png\",\"link\":\"fr\\\/musees\\\/les-prisons\\\/\",\"link_aria_label\":\"Les prisons du Fort\",\"link_text\":\"En savoir plus\",\"title\":\"Les prisons du Fort\",\"yooessentials_access_conditions\":[],\"yooessentials_access_mode\":\"AND\"}},{\"type\":\"panel-slider_item\",\"props\":{\"content\":\"\n\n<p>Entrez dans le Mus\\u00e9e du Fort et des Fortifications, Les Alpes Fortifi\\u00e9es (1871-1946) et Les Alpes, une fronti\\u00e8re<\\\/p>\",\"image\":\"wp-content\\\/uploads\\\/2025\\\/11\\\/LeFerdinand.png\",\"link\":\"fr\\\/musees\\\/le-ferdinand-musee-des-fortifications-et-frontieres\\\/\",\"link_aria_label\":\"Le Ferdinand au Fort de Bard\",\"link_text\":\"En savoir plus\",\"title\":\"Le Ferdinand\",\"yooessentials_access_conditions\":[],\"yooessentials_access_mode\":\"AND\"}},{\"type\":\"panel-slider_item\",\"props\":{\"content\":\"\n\n<p>Les Alpes pour les enfants \\u2013 un espace pour que les enfants et les familles d\\u00e9couvrent la montagne<\\\/p>\",\"image\":\"wp-content\\\/uploads\\\/2025\\\/11\\\/AlpesDesEnfants.png\",\"link\":\"fr\\\/musees\\\/les-alpes-des-enfants\\\/\",\"link_aria_label\":\"Les Alpes des enfants\",\"link_text\":\"En savoir plus\",\"status\":\"disabled\",\"title\":\"Les Alpes des enfants\",\"yooessentials_access_conditions\":[],\"yooessentials_access_mode\":\"AND\"}}],\"name\":\"GRID-Musei del Forte\"}]}],\"props\":{\"layout\":\"1-4,3-4\"}}],\"name\":\"GRIGLIA - I MUSEI del Forte di Bard FR\"}],\"version\":\"4.5.28\",\"yooessentialsVersion\":\"2.4.12\"} --><\/p>\n","protected":false},"excerpt":{"rendered":"<p>Acheter des billets Informations utiles Comment y arriver Billet et tarifs Horaires et acc\u00e8s Services Conseil Le monument Le bourg Les environs Logements Le Mus\u00e9e Les Alpes des Enfants propose [&hellip;]<\/p>\n","protected":false},"author":1,"featured_media":0,"parent":5418,"menu_order":0,"comment_status":"closed","ping_status":"closed","template":"","meta":{"_acf_changed":false,"_seopress_robots_primary_cat":"","_seopress_titles_title":"Les Alpes des enfants | Forte di Bard \u2013 Ateliers et parcours ludiques","_seopress_titles_desc":"\"Les Alpes des enfants\" : parcours interactifs et ateliers \u00e9ducatifs au Forte di Bard pour familles et \u00e9coles. Infos sur les activit\u00e9s et r\u00e9servations.","_seopress_robots_index":"","footnotes":""},"class_list":["post-5701","page","type-page","status-publish","hentry"],"acf":[],"publishpress_future_workflow_manual_trigger":{"enabledWorkflows":[]},"_links":{"self":[{"href":"https:\/\/www.fortedibard.it\/fr\/wp-json\/wp\/v2\/pages\/5701","targetHints":{"allow":["GET"]}}],"collection":[{"href":"https:\/\/www.fortedibard.it\/fr\/wp-json\/wp\/v2\/pages"}],"about":[{"href":"https:\/\/www.fortedibard.it\/fr\/wp-json\/wp\/v2\/types\/page"}],"author":[{"embeddable":true,"href":"https:\/\/www.fortedibard.it\/fr\/wp-json\/wp\/v2\/users\/1"}],"replies":[{"embeddable":true,"href":"https:\/\/www.fortedibard.it\/fr\/wp-json\/wp\/v2\/comments?post=5701"}],"version-history":[{"count":20,"href":"https:\/\/www.fortedibard.it\/fr\/wp-json\/wp\/v2\/pages\/5701\/revisions"}],"predecessor-version":[{"id":7361,"href":"https:\/\/www.fortedibard.it\/fr\/wp-json\/wp\/v2\/pages\/5701\/revisions\/7361"}],"up":[{"embeddable":true,"href":"https:\/\/www.fortedibard.it\/fr\/wp-json\/wp\/v2\/pages\/5418"}],"wp:attachment":[{"href":"https:\/\/www.fortedibard.it\/fr\/wp-json\/wp\/v2\/media?parent=5701"}],"curies":[{"name":"wp","href":"https:\/\/api.w.org\/{rel}","templated":true}]}}