{"id":5690,"date":"2025-08-08T09:22:36","date_gmt":"2025-08-08T07:22:36","guid":{"rendered":"https:\/\/www.fortedibard.it\/musees\/museo-delle-alpi\/"},"modified":"2026-01-23T10:44:21","modified_gmt":"2026-01-23T09:44:21","slug":"musee-des-alpes","status":"publish","type":"page","link":"https:\/\/www.fortedibard.it\/fr\/musees\/musee-des-alpes\/","title":{"rendered":"Mus\u00e9e des Alpes"},"content":{"rendered":"<h3><a href=\"https:\/\/ticket.midaticket.it\/fortedibard\/Events\"><span class=\"uk-margin-small-right uk-icon\" uk-icon=\"heroicons-outline--ticket\" data-asw-org-font-size=\"16\" style=\"font-size: 16px;\"><svg fill=\"none\" xmlns=\"http:\/\/www.w3.org\/2000\/svg\" viewbox=\"0 0 24 24\" width=\"20\" height=\"20\" aria-hidden=\"true\"><path d=\"M16.5 6v.75m0 3v.75m0 3v.75m0 3V18m-9-5.25h5.25M7.5 15h3M3.375 5.25c-.621 0-1.125.504-1.125 1.125v3.026a2.999 2.999 0 010 5.198v3.026c0 .621.504 1.125 1.125 1.125h17.25c.621 0 1.125-.504 1.125-1.125v-3.026a2.999 2.999 0 010-5.198V6.375c0-.621-.504-1.125-1.125-1.125H3.375z\" stroke=\"#0F172A\" stroke-width=\"1.5\" stroke-linecap=\"round\" stroke-linejoin=\"round\"><\/path><\/svg><\/span> Acheter des billets<br \/>\n<\/a><\/h3>\n<div><nav  aria-label=\"breadcrumb\"><ol class=\"breadcrumb\" itemscope itemtype=\"https:\/\/schema.org\/BreadcrumbList\"><li class=\"breadcrumb-item active\" aria-current=\"page\" itemprop=\"itemListElement\" itemscope itemtype=\"https:\/\/schema.org\/ListItem\"><span itemprop=\"name\">Home<\/span><meta itemprop=\"position\" content=\"1\"><\/li><\/ol><\/nav><\/div>\n<h4>Informations utiles<\/h4>\n<ul>\n<li>\n<p>        <img decoding=\"async\" src=\"\/wp-content\/uploads\/2025\/08\/info_light.svg\" alt=\"Comment y arriver\"><\/p>\n<p><a href=\"https:\/\/www.fortedibard.it\/fr\/informations-utiles\/#arrivare\">Comment y arriver<\/a><\/p>\n<\/li>\n<li>\n<p>        <img decoding=\"async\" src=\"\/wp-content\/uploads\/2025\/08\/Ticket_use_light.svg\" alt=\"Billet et tarifs\"><\/p>\n<p><a href=\"https:\/\/www.fortedibard.it\/fr\/informations-utiles\/#tariffe\">Billet et tarifs<\/a><\/p>\n<\/li>\n<li>\n<p>        <img decoding=\"async\" src=\"\/wp-content\/uploads\/2025\/08\/Time_light.svg\" alt=\"Horaires et acc\u00e8s\"><\/p>\n<p><a href=\"https:\/\/www.fortedibard.it\/fr\/informations-utiles\/#orarieaccesso\">Horaires et acc\u00e8s<\/a><\/p>\n<\/li>\n<li>\n<p>        <img decoding=\"async\" src=\"\/wp-content\/uploads\/2025\/08\/Star_light.svg\" alt=\"Services du Fort du Bard\"><\/p>\n<p><a href=\"https:\/\/www.fortedibard.it\/fr\/informations-utiles\/#tuttiservizi\">Services<\/a><\/p>\n<\/li>\n<\/ul>\n<h4>Conseil<\/h4>\n<ul>\n<li>\n<p>        <img decoding=\"async\" src=\"\/wp-content\/uploads\/2025\/09\/pittogrammaFDB.png\" alt=\"Le monument du Forte di bard\"><\/p>\n<p><a href=\"https:\/\/www.fortedibard.it\/fr\/le-monument\/\">Le monument<\/a><\/p>\n<\/li>\n<li>\n<p>        <img decoding=\"async\" src=\"\/wp-content\/uploads\/2025\/08\/road-pointer-svgrepo-com-1.svg\" alt=\"Le bourg de Bard\"><\/p>\n<p><a href=\"https:\/\/www.fortedibard.it\/fr\/le-bourg-de-bard\/\">Le bourg<\/a><\/p>\n<\/li>\n<li>\n<p>        <img decoding=\"async\" src=\"\/wp-content\/uploads\/2025\/08\/Map.svg\" alt=\"Les environs du Fort\"><\/p>\n<p><a href=\"https:\/\/www.fortedibard.it\/fr\/les-environs\/\">Les environs<\/a><\/p>\n<\/li>\n<li>\n<p>        <img decoding=\"async\" src=\"\/wp-content\/uploads\/2025\/08\/hotel-bell-ringing-svgrepo-com-1.svg\" alt=\"Hospitalit\u00e9 Valle d'Aosta\"><\/p>\n<p><a href=\"https:\/\/www.fortedibard.it\/fr\/environs-categorie\/logements\/\">Logements<\/a><\/p>\n<\/li>\n<\/ul>\n<div><nav  aria-label=\"breadcrumb\"><ol class=\"breadcrumb\" itemscope itemtype=\"https:\/\/schema.org\/BreadcrumbList\"><li class=\"breadcrumb-item active\" aria-current=\"page\" itemprop=\"itemListElement\" itemscope itemtype=\"https:\/\/schema.org\/ListItem\"><span itemprop=\"name\">Home<\/span><meta itemprop=\"position\" content=\"1\"><\/li><\/ol><\/nav><\/div>\n<p><img decoding=\"async\" src=\"\/wp-content\/uploads\/2025\/08\/MuseodelleAlpi.svg\" alt=\"\"><\/p>\n<div>\n<p>Le Mus\u00e9e des Alpes propose une exp\u00e9rience multim\u00e9dia et interactive \u00e0 la d\u00e9couverte de la culture alpine. Un parcours multidisciplinaire entre tradition et technologie, divis\u00e9 en trois sections, qui plonge le visiteur au c\u0153ur de la montagne, alliant nature, histoire et modernit\u00e9.<\/p>\n<\/div>\n<div>\n<p><strong>Un parcours pluridisciplinaire, multim\u00e9dia et interactif pour d\u00e9couvrir les Alpes et comprendre la montagne<\/strong><\/p>\n<p>Le Mus\u00e9e des Alpes est un mus\u00e9e d\u2019avant-garde qui raconte la montagne \u00ab\u00a0v\u00e9cue\u00a0\u00bb et transform\u00e9e par la main de l\u2019homme. C\u2019est un\u00a0<strong>voyage virtuel dans l\u2019espace et dans le temps<\/strong>, o\u00f9 les sons, les vid\u00e9os et les films forment des sc\u00e9nographies, des reconstructions et des jeux multim\u00e9dias qui accompagnent les visiteurs le long d\u2019un voyage d\u2019exploration \u00e0 vivre \u00e0 travers les cinq sens pour\u00a0<strong>\u00e9duquer, s\u2019amuser et se plonger dans la culture alpine<\/strong>. C\u2019est un mus\u00e9e \u00ab\u00a0\u00e0 la mesure de l\u2019homme\u00a0\u00bb, pour tous les \u00e2ges, o\u00f9 la\u00a0<strong>tradition<\/strong><span>\u00a0<\/span>et les\u00a0<strong>nouvelles technologies<\/strong>\u00a0forment un parcours qui prend la forme unique d\u2019un texte que les visiteurs peuvent \u00ab\u00a0lire\u00a0\u00bb comme s\u2019ils se trouvaient \u00e0 l\u2019 int\u00e9rieur d\u2019un livre et devenaient les protagonistes d\u2019une histoire sans en \u00eatre les acteurs.<\/p>\n<p>Le Mus\u00e9e des Alpes se trouve au premier \u00e9tage de l\u2019<strong>Ouvrage Charles-Albert<\/strong>, principal corps de b\u00e2timent de la forteresse. Pour y arriver, il faut accomplir une vraie ascension en altitude, gr\u00e2ce aux\u00a0<b>ascenseurs panoramiques aux parois de verre<\/b>\u00a0qui, du bourg m\u00e9di\u00e9val de Bard, au pied du Fort, montent le long du rocher. De l\u00e0-haut, le long d\u2019un imposant escalier de verre et d\u2019 acier, on atteint le c\u0153ur de l\u2019\u00e9difice, o\u00f9 prend place le mus\u00e9e. Les 29 marches de l\u2019escalier qui font partie du parcours, sont divis\u00e9es en\u00a0<strong>trois sections<\/strong>, imagin\u00e9es pour conduire les visiteurs \u00e0 la d\u00e9couverte des Alpes. Chacune laisse la place aux\u00a0<strong>t\u00e9moins<\/strong>\u00a0de cette histoire : le naturaliste, le g\u00e9ographe, l\u2019anthropologue, le m\u00e9t\u00e9orologue qui d\u00e9crivent \u00e0 travers de brefs expos\u00e9s par vid\u00e9o le th\u00e8me de leur section, appelant ainsi le public \u00e0 entrer directement dans la narration.<\/p>\n<p><span>La premi\u00e8re partie examine les principaux \u00e9l\u00e9ments naturels et les hommes de la montagne, anticipant la deuxi\u00e8me section consacr\u00e9e \u00e0 la\u00a0<\/span><strong>pr\u00e9sentation de la civilisation alpine<\/strong><span>, puis une illustration de la transformation de la\u00a0<\/span><strong>montagne \u00e0 l\u2019\u00e9poque moderne<\/strong><span>.<\/span><\/p>\n<\/p>\n<\/div>\n<ul>\n<li>\n<p>        <img decoding=\"async\" src=\"\/wp-content\/uploads\/2025\/09\/museoDelleAlpi9.jpg\" alt=\"\"><\/p>\n<h3>museoDelleAlpi9<\/h3>\n<\/li>\n<li>\n<p>        <img decoding=\"async\" src=\"\/wp-content\/uploads\/2025\/09\/museoDelleAlpi8.jpg\" alt=\"\"><\/p>\n<h3>museoDelleAlpi8<\/h3>\n<\/li>\n<li>\n<p>        <img decoding=\"async\" src=\"\/wp-content\/uploads\/2025\/09\/museoDelleAlpi7.jpg\" alt=\"\"><\/p>\n<h3>museoDelleAlpi7<\/h3>\n<\/li>\n<li>\n<p>        <img decoding=\"async\" src=\"\/wp-content\/uploads\/2025\/09\/museoDelleAlpi6.jpg\" alt=\"\"><\/p>\n<h3>museoDelleAlpi6<\/h3>\n<\/li>\n<li>\n<p>        <img decoding=\"async\" src=\"\/wp-content\/uploads\/2025\/09\/museoDelleAlpi5.jpg\" alt=\"\"><\/p>\n<h3>museoDelleAlpi5<\/h3>\n<\/li>\n<li>\n<p>        <img decoding=\"async\" src=\"\/wp-content\/uploads\/2025\/09\/museoDelleAlpi4.jpg\" alt=\"\"><\/p>\n<h3>museoDelleAlpi4<\/h3>\n<\/li>\n<li>\n<p>        <img decoding=\"async\" src=\"\/wp-content\/uploads\/2025\/09\/museoDelleAlpi3.jpg\" alt=\"\"><\/p>\n<h3>museoDelleAlpi3<\/h3>\n<\/li>\n<li>\n<p>        <img decoding=\"async\" src=\"\/wp-content\/uploads\/2025\/09\/museoDelleAlpi2.jpg\" alt=\"\"><\/p>\n<h3>museoDelleAlpi2<\/h3>\n<\/li>\n<li>\n<p>        <img decoding=\"async\" src=\"\/wp-content\/uploads\/2025\/09\/museoDelleAlpi.jpg\" alt=\"\"><\/p>\n<h3>museoDelleAlpi<\/h3>\n<\/li>\n<\/ul>\n<hr>\n<h2>\n<p><strong>LES MUS\u00c9ES<\/strong><br \/>du Fort de Bard<\/p>\n<\/h2>\n<p><p>\n        <a href=\"https:\/\/www.fortedibard.it\/fr\/musees\/\">Voir tout<\/a>\n    <\/p>\n<\/p>\n<ul>\n<li>\n<p>        <img decoding=\"async\" src=\"\/wp-content\/uploads\/2025\/11\/LesPrisons.png\" alt=\"\"><\/p>\n<h3>Les prisons du Fort<\/h3>\n<div>\n<p>L&rsquo;histoire du Fort Bard est r\u00e9v\u00e9l\u00e9e dans un espace mus\u00e9al permanent \u00e0 l&rsquo;int\u00e9rieur des Prisons.<\/p>\n<\/div>\n<p><a href=\"https:\/\/www.fortedibard.it\/fr\/musees\/les-prisons\/\">En savoir plus<\/a><\/p>\n<\/li>\n<li>\n<p>        <img decoding=\"async\" src=\"\/wp-content\/uploads\/2025\/11\/LeFerdinand.png\" alt=\"\"><\/p>\n<h3>Le Ferdinand<\/h3>\n<div>\n<p>Entrez dans le Mus\u00e9e du Fort et des Fortifications, Les Alpes Fortifi\u00e9es (1871-1946) et Les Alpes, une fronti\u00e8re<\/p>\n<\/div>\n<p><a href=\"https:\/\/www.fortedibard.it\/fr\/musees\/le-ferdinand-musee-des-fortifications-et-frontieres\/\">En savoir plus<\/a><\/p>\n<\/li>\n<li>\n<p>        <img decoding=\"async\" src=\"\/wp-content\/uploads\/2025\/11\/AlpesDesEnfants.png\" alt=\"\"><\/p>\n<h3>Les Alpes des enfants<\/h3>\n<div>\n<p>Les Alpes pour les enfants \u2013 un espace pour que les enfants et les familles d\u00e9couvrent la montagne<\/p>\n<\/div>\n<p><a href=\"https:\/\/www.fortedibard.it\/fr\/musees\/les-alpes-des-enfants\/\">En savoir plus<\/a><\/p>\n<\/li>\n<\/ul>\n<p><!--more--><br \/>\n<!-- {\"type\":\"layout\",\"children\":[{\"type\":\"section\",\"props\":{\"image_position\":\"center-center\",\"padding\":\"xsmall\",\"style\":\"primary\",\"title_breakpoint\":\"xl\",\"title_position\":\"top-left\",\"title_rotation\":\"left\",\"vertical_align\":\"middle\",\"width\":\"\",\"yooessentials_access_conditions\":[{\"type\":\"yooessentials_access_device\",\"id\":\"ci_460189\",\"props\":{\"devices\":[\"desktop\"],\"reversed\":true}}],\"yooessentials_access_mode\":\"AND\"},\"children\":[{\"type\":\"row\",\"children\":[{\"type\":\"column\",\"props\":{\"image_position\":\"center-center\",\"position_sticky_breakpoint\":\"m\"},\"children\":[{\"type\":\"headline\",\"props\":{\"content\":\"<span class=\\\"uk-margin-small-right uk-icon\\\" uk-icon=\\\"heroicons-outline--ticket\\\" data-asw-org-font-size=\\\"16\\\" style=\\\"font-size: 16px;\\\"><svg fill=\\\"none\\\" xmlns=\\\"http:\\\/\\\/www.w3.org\\\/2000\\\/svg\\\" viewbox=\\\"0 0 24 24\\\" width=\\\"20\\\" height=\\\"20\\\" aria-hidden=\\\"true\\\"><path d=\\\"M16.5 6v.75m0 3v.75m0 3v.75m0 3V18m-9-5.25h5.25M7.5 15h3M3.375 5.25c-.621 0-1.125.504-1.125 1.125v3.026a2.999 2.999 0 010 5.198v3.026c0 .621.504 1.125 1.125 1.125h17.25c.621 0 1.125-.504 1.125-1.125v-3.026a2.999 2.999 0 010-5.198V6.375c0-.621-.504-1.125-1.125-1.125H3.375z\\\" stroke=\\\"#0F172A\\\" stroke-width=\\\"1.5\\\" stroke-linecap=\\\"round\\\" stroke-linejoin=\\\"round\\\"><\\\/path><\\\/svg><\\\/span> Acheter des billets\\n\",\"link\":\"https:\\\/\\\/ticket.midaticket.it\\\/fortedibard\\\/Events\",\"link_target\":true,\"margin_remove_bottom\":false,\"margin_remove_top\":false,\"text_align\":\"center\",\"title_element\":\"h3\",\"title_style\":\"h6\"}}]}]}],\"name\":\"section mobile biglietti\"},{\"type\":\"section\",\"props\":{\"image_position\":\"center-center\",\"style\":\"default\",\"title_breakpoint\":\"xl\",\"title_position\":\"top-left\",\"title_rotation\":\"left\",\"vertical_align\":\"middle\",\"width\":\"expand\"},\"children\":[{\"type\":\"row\",\"props\":{\"divider\":true,\"layout\":\"1-2,1-2\"},\"children\":[{\"type\":\"column\",\"props\":{\"image_position\":\"center-center\",\"position_sticky_breakpoint\":\"m\",\"width_medium\":\"1-2\"},\"children\":[{\"type\":\"text\",\"props\":{\"column_breakpoint\":\"m\",\"content\":\"[seopress_breadcrumbs]\",\"css\":\".breadcrumb li span {\\nfont-weight: 300;\\n}\",\"margin\":\"default\",\"text_style\":\"small\",\"yooessentials_access_conditions\":[{\"type\":\"yooessentials_access_device\",\"id\":\"ci_180244\",\"props\":{\"devices\":[\"tablet\",\"desktop\"]}}],\"yooessentials_access_mode\":\"AND\"},\"name\":\"BREADCRUMBS - SeoPress\"},{\"type\":\"headline\",\"props\":{\"animation\":\"none\",\"margin\":\"small\",\"margin_remove_top\":false,\"parallax_breakpoint\":\"m\",\"parallax_easing\":\"1\",\"parallax_end\":\"60vh + 60%\",\"parallax_opacity\":\"0.3,1\",\"parallax_y\":\"30,0\",\"title_element\":\"h1\",\"title_style\":\"h1\",\"yooessentials_access_conditions\":[{\"type\":\"yooessentials_access_device\",\"id\":\"ci_AC3040\",\"props\":{\"devices\":[\"tablet\",\"desktop\"]}}],\"yooessentials_access_mode\":\"AND\"},\"source_extended\":{\"props\":{\"content\":{\"query\":{\"name\":\"pages.singlePage\"},\"name\":\"title\",\"filters\":{\"before\":\"<strong>\",\"after\":\"<\\\/strong><br \/> du Fort de Bard\"}}}}},{\"type\":\"fragment\",\"props\":{\"margin\":\"medium\"},\"children\":[{\"type\":\"row\",\"props\":{\"layout\":\"1-2,1-2\"},\"children\":[{\"type\":\"column\",\"props\":{\"image_position\":\"center-center\",\"position_sticky_breakpoint\":\"m\",\"width_medium\":\"1-2\"},\"children\":[{\"type\":\"headline\",\"props\":{\"content\":\"Informations utiles\",\"title_element\":\"h4\"}},{\"type\":\"list\",\"props\":{\"column_breakpoint\":\"m\",\"icon_width\":\"30\",\"image_align\":\"left\",\"image_svg_color\":\"emphasis\",\"image_vertical_align\":true,\"list_element\":\"ul\",\"list_horizontal_separator\":\", \",\"list_type\":\"vertical\",\"show_image\":true,\"show_link\":true},\"children\":[{\"type\":\"list_item\",\"props\":{\"content\":\"Comment y arriver\",\"icon\":\"\",\"image\":\"wp-content\\\/uploads\\\/2025\\\/08\\\/info_light.svg\",\"image_alt\":\"Comment y arriver\",\"link\":\"fr\\\/informations-utiles\\\/#arrivare\"}},{\"type\":\"list_item\",\"props\":{\"content\":\"Billet et tarifs\",\"image\":\"wp-content\\\/uploads\\\/2025\\\/08\\\/Ticket_use_light.svg\",\"image_alt\":\"Billet et tarifs\",\"link\":\"fr\\\/informations-utiles\\\/#tariffe\"}},{\"type\":\"list_item\",\"props\":{\"content\":\"Horaires et acc\\u00e8s\",\"image\":\"wp-content\\\/uploads\\\/2025\\\/08\\\/Time_light.svg\",\"image_alt\":\"Horaires et acc\\u00e8s\",\"link\":\"fr\\\/informations-utiles\\\/#orarieaccesso\"}},{\"type\":\"list_item\",\"props\":{\"content\":\"Services\",\"image\":\"wp-content\\\/uploads\\\/2025\\\/08\\\/Star_light.svg\",\"image_alt\":\"Services du Fort du Bard\",\"link\":\"fr\\\/informations-utiles\\\/#tuttiservizi\"}}]}]},{\"type\":\"column\",\"props\":{\"image_position\":\"center-center\",\"position_sticky_breakpoint\":\"m\",\"width_medium\":\"1-2\"},\"children\":[{\"type\":\"headline\",\"props\":{\"content\":\"Conseil\",\"title_element\":\"h4\"}},{\"type\":\"list\",\"props\":{\"column_breakpoint\":\"m\",\"image_align\":\"left\",\"image_height\":32,\"image_svg_color\":\"emphasis\",\"image_vertical_align\":true,\"image_width\":32,\"list_element\":\"ul\",\"list_horizontal_separator\":\", \",\"list_type\":\"vertical\",\"show_image\":true,\"show_link\":true},\"children\":[{\"type\":\"list_item\",\"props\":{\"content\":\"Le monument\",\"image\":\"wp-content\\\/uploads\\\/2025\\\/09\\\/pittogrammaFDB.png\",\"image_alt\":\"Le monument du Forte di bard\",\"link\":\"fr\\\/le-monument\\\/\"}},{\"type\":\"list_item\",\"props\":{\"content\":\"Le bourg\",\"image\":\"wp-content\\\/uploads\\\/2025\\\/08\\\/road-pointer-svgrepo-com-1.svg\",\"image_alt\":\"Le bourg de Bard\",\"link\":\"fr\\\/le-bourg-de-bard\\\/\"}},{\"type\":\"list_item\",\"props\":{\"content\":\"Les environs\",\"image\":\"wp-content\\\/uploads\\\/2025\\\/08\\\/Map.svg\",\"image_alt\":\"Les environs du Fort\",\"link\":\"fr\\\/les-environs\\\/\"}},{\"type\":\"list_item\",\"props\":{\"content\":\"Logements\",\"image\":\"wp-content\\\/uploads\\\/2025\\\/08\\\/hotel-bell-ringing-svgrepo-com-1.svg\",\"image_alt\":\"Hospitalit\\u00e9 Valle d'Aosta\",\"link\":\"fr\\\/categoria\\\/logements\\\/\"}}]}]}]}],\"name\":\"Informazioni Utili + Cosa Fare FR\"}]},{\"type\":\"column\",\"props\":{\"image_position\":\"center-center\",\"order_first\":\"xs\",\"position_sticky_breakpoint\":\"m\",\"width_medium\":\"1-2\"},\"children\":[{\"type\":\"text\",\"props\":{\"column_breakpoint\":\"m\",\"content\":\"[seopress_breadcrumbs]\",\"css\":\".breadcrumb li span {\\nfont-weight: 300;\\n}\",\"margin\":\"default\",\"text_align\":\"center\",\"text_style\":\"small\",\"yooessentials_access_conditions\":[{\"type\":\"yooessentials_access_device\",\"id\":\"ci_180244\",\"props\":{\"devices\":[\"tablet\",\"desktop\"],\"reversed\":true}}],\"yooessentials_access_mode\":\"AND\"},\"name\":\"BREADCRUMBS - SeoPress\"},{\"type\":\"image\",\"props\":{\"image\":\"wp-content\\\/uploads\\\/2025\\\/08\\\/MuseodelleAlpi.svg\",\"image_svg_color\":\"emphasis\",\"margin\":\"default\",\"text_align\":\"center\"}},{\"type\":\"headline\",\"props\":{\"animation\":\"none\",\"margin\":\"small\",\"margin_remove_top\":false,\"parallax_breakpoint\":\"m\",\"parallax_easing\":\"1\",\"parallax_end\":\"60vh + 60%\",\"parallax_opacity\":\"0.3,1\",\"parallax_y\":\"30,0\",\"text_align\":\"center\",\"title_element\":\"h1\",\"title_style\":\"h1\",\"yooessentials_access_conditions\":[{\"type\":\"yooessentials_access_device\",\"id\":\"ci_AC3040\",\"props\":{\"devices\":[\"tablet\",\"desktop\"],\"reversed\":true}}],\"yooessentials_access_mode\":\"AND\"},\"source_extended\":{\"props\":{\"content\":{\"query\":{\"name\":\"pages.singlePage\"},\"name\":\"title\",\"filters\":{\"before\":\"<strong>\",\"after\":\"<\\\/strong><br \/> du Fort de Bard\"}}}}},{\"type\":\"text\",\"props\":{\"column_breakpoint\":\"m\",\"content\":\"\n\n<p>Le Mus\\u00e9e des Alpes propose une exp\\u00e9rience multim\\u00e9dia et interactive \\u00e0 la d\\u00e9couverte de la culture alpine. Un parcours multidisciplinaire entre tradition et technologie, divis\\u00e9 en trois sections, qui plonge le visiteur au c\\u0153ur de la montagne, alliant nature, histoire et modernit\\u00e9.<br \\\/><br \\\/><\\\/p>\",\"margin\":\"default\",\"text_align\":\"center\"}}]}]}],\"name\":\"INTRO MUSEO\"},{\"type\":\"section\",\"props\":{\"image_position\":\"center-center\",\"style\":\"muted\",\"title_breakpoint\":\"xl\",\"title_position\":\"top-left\",\"title_rotation\":\"left\",\"vertical_align\":\"middle\",\"width\":\"expand\"},\"children\":[{\"type\":\"row\",\"children\":[{\"type\":\"column\",\"props\":{\"image_position\":\"center-center\",\"position_sticky_breakpoint\":\"m\"},\"children\":[{\"type\":\"text\",\"props\":{\"column\":\"1-2\",\"column_breakpoint\":\"m\",\"content\":\"\n\n<p><strong>Un parcours pluridisciplinaire, multim\\u00e9dia et interactif pour d\\u00e9couvrir les Alpes et comprendre la montagne<\\\/strong><\\\/p>\\n\n\n<p>Le Mus\\u00e9e des Alpes est un mus\\u00e9e d\\u2019avant-garde qui raconte la montagne \\u00ab\\u00a0v\\u00e9cue\\u00a0\\u00bb et transform\\u00e9e par la main de l\\u2019homme. C\\u2019est un\\u00a0<strong>voyage virtuel dans l\\u2019espace et dans le temps<\\\/strong>, o\\u00f9 les sons, les vid\\u00e9os et les films forment des sc\\u00e9nographies, des reconstructions et des jeux multim\\u00e9dias qui accompagnent les visiteurs le long d\\u2019un voyage d\\u2019exploration \\u00e0 vivre \\u00e0 travers les cinq sens pour\\u00a0<strong>\\u00e9duquer, s\\u2019amuser et se plonger dans la culture alpine<\\\/strong>. C\\u2019est un mus\\u00e9e \\u00ab\\u00a0\\u00e0 la mesure de l\\u2019homme\\u00a0\\u00bb, pour tous les \\u00e2ges, o\\u00f9 la\\u00a0<strong>tradition<\\\/strong><span>\\u00a0<\\\/span>et les\\u00a0<strong>nouvelles technologies<\\\/strong>\\u00a0forment un parcours qui prend la forme unique d\\u2019un texte que les visiteurs peuvent \\u00ab\\u00a0lire\\u00a0\\u00bb comme s\\u2019ils se trouvaient \\u00e0 l\\u2019 int\\u00e9rieur d\\u2019un livre et devenaient les protagonistes d\\u2019une histoire sans en \\u00eatre les acteurs.<\\\/p>\\n\n\n<p>Le Mus\\u00e9e des Alpes se trouve au premier \\u00e9tage de l\\u2019<strong>Ouvrage Charles-Albert<\\\/strong>, principal corps de b\\u00e2timent de la forteresse. Pour y arriver, il faut accomplir une vraie ascension en altitude, gr\\u00e2ce aux\\u00a0<b>ascenseurs panoramiques aux parois de verre<\\\/b>\\u00a0qui, du bourg m\\u00e9di\\u00e9val de Bard, au pied du Fort, montent le long du rocher. De l\\u00e0-haut, le long d\\u2019un imposant escalier de verre et d\\u2019 acier, on atteint le c\\u0153ur de l\\u2019\\u00e9difice, o\\u00f9 prend place le mus\\u00e9e. Les 29 marches de l\\u2019escalier qui font partie du parcours, sont divis\\u00e9es en\\u00a0<strong>trois sections<\\\/strong>, imagin\\u00e9es pour conduire les visiteurs \\u00e0 la d\\u00e9couverte des Alpes. Chacune laisse la place aux\\u00a0<strong>t\\u00e9moins<\\\/strong>\\u00a0de cette histoire : le naturaliste, le g\\u00e9ographe, l\\u2019anthropologue, le m\\u00e9t\\u00e9orologue qui d\\u00e9crivent \\u00e0 travers de brefs expos\\u00e9s par vid\\u00e9o le th\\u00e8me de leur section, appelant ainsi le public \\u00e0 entrer directement dans la narration.<\\\/p>\\n\n\n<p><span>La premi\\u00e8re partie examine les principaux \\u00e9l\\u00e9ments naturels et les hommes de la montagne, anticipant la deuxi\\u00e8me section consacr\\u00e9e \\u00e0 la\\u00a0<\\\/span><strong>pr\\u00e9sentation de la civilisation alpine<\\\/strong><span>, puis une illustration de la transformation de la\\u00a0<\\\/span><strong>montagne \\u00e0 l\\u2019\\u00e9poque moderne<\\\/strong><span>.<\\\/span><\\\/p>\\n\n\n<p><\\\/p>\",\"margin\":\"default\"}}]}]}],\"name\":\"DESCRIONE MOSTRA\"},{\"type\":\"section\",\"props\":{\"image_position\":\"center-center\",\"padding_remove_bottom\":true,\"style\":\"default\",\"title_breakpoint\":\"xl\",\"title_position\":\"top-left\",\"title_rotation\":\"left\",\"vertical_align\":\"middle\",\"width\":\"\"},\"children\":[{\"type\":\"row\",\"children\":[{\"type\":\"column\",\"props\":{\"image_position\":\"center-center\",\"position_sticky_breakpoint\":\"m\"},\"children\":[{\"type\":\"gallery\",\"props\":{\"filter_align\":\"left\",\"filter_all\":true,\"filter_grid_breakpoint\":\"m\",\"filter_grid_width\":\"auto\",\"filter_position\":\"top\",\"filter_style\":\"tab\",\"grid_column_gap\":\"small\",\"grid_default\":\"2\",\"grid_masonry\":\"pack\",\"grid_medium\":\"3\",\"grid_parallax_justify\":false,\"grid_row_gap\":\"small\",\"image_width\":1000,\"item_animation\":true,\"lightbox_bg_close\":true,\"link_style\":\"default\",\"link_text\":\"Read more\",\"margin\":\"default\",\"meta_align\":\"below-title\",\"meta_element\":\"div\",\"meta_style\":\"text-meta\",\"overlay_hover\":false,\"overlay_mode\":\"caption\",\"overlay_position\":\"center\",\"overlay_style\":\"\",\"overlay_transition\":\"fade\",\"show_content\":false,\"show_hover_image\":true,\"show_hover_video\":true,\"show_link\":false,\"show_meta\":false,\"show_title\":false,\"text_align\":\"center\",\"text_color\":\"light\",\"title_element\":\"h3\",\"title_hover_style\":\"reset\"},\"children\":[{\"type\":\"gallery_item\",\"props\":{\"image\":\"wp-content\\\/uploads\\\/2025\\\/09\\\/museoDelleAlpi9.jpg\",\"title\":\"museoDelleAlpi9\"}},{\"type\":\"gallery_item\",\"props\":{\"image\":\"wp-content\\\/uploads\\\/2025\\\/09\\\/museoDelleAlpi8.jpg\",\"title\":\"museoDelleAlpi8\"}},{\"type\":\"gallery_item\",\"props\":{\"image\":\"wp-content\\\/uploads\\\/2025\\\/09\\\/museoDelleAlpi7.jpg\",\"title\":\"museoDelleAlpi7\"}},{\"type\":\"gallery_item\",\"props\":{\"image\":\"wp-content\\\/uploads\\\/2025\\\/09\\\/museoDelleAlpi6.jpg\",\"title\":\"museoDelleAlpi6\"}},{\"type\":\"gallery_item\",\"props\":{\"image\":\"wp-content\\\/uploads\\\/2025\\\/09\\\/museoDelleAlpi5.jpg\",\"title\":\"museoDelleAlpi5\"}},{\"type\":\"gallery_item\",\"props\":{\"image\":\"wp-content\\\/uploads\\\/2025\\\/09\\\/museoDelleAlpi4.jpg\",\"title\":\"museoDelleAlpi4\"}},{\"type\":\"gallery_item\",\"props\":{\"image\":\"wp-content\\\/uploads\\\/2025\\\/09\\\/museoDelleAlpi3.jpg\",\"title\":\"museoDelleAlpi3\"}},{\"type\":\"gallery_item\",\"props\":{\"image\":\"wp-content\\\/uploads\\\/2025\\\/09\\\/museoDelleAlpi2.jpg\",\"title\":\"museoDelleAlpi2\"}},{\"type\":\"gallery_item\",\"props\":{\"image\":\"wp-content\\\/uploads\\\/2025\\\/09\\\/museoDelleAlpi.jpg\",\"title\":\"museoDelleAlpi\"}}]}]}]},{\"type\":\"row\",\"children\":[{\"type\":\"column\",\"props\":{\"image_position\":\"center-center\",\"position_sticky_breakpoint\":\"m\"},\"children\":[{\"type\":\"divider\",\"props\":{\"divider_element\":\"hr\"}}]}]}],\"name\":\"GALLERY\"},{\"type\":\"section\",\"props\":{\"image_position\":\"center-center\",\"padding\":\"small\",\"style\":\"default\",\"title_breakpoint\":\"xl\",\"title_position\":\"top-left\",\"title_rotation\":\"left\",\"vertical_align\":\"middle\",\"width\":\"expand\"},\"children\":[{\"type\":\"row\",\"children\":[{\"type\":\"column\",\"props\":{\"image_position\":\"center-center\",\"position_sticky_breakpoint\":\"m\",\"vertical_align\":\"middle\",\"width_medium\":\"1-4\"},\"children\":[{\"type\":\"headline\",\"props\":{\"content\":\"\n\n<p><strong>LES MUS\\u00c9ES<\\\/strong><br \\\/>du Fort de Bard<\\\/p>\",\"title_element\":\"h2\",\"title_style\":\"h2\"},\"name\":\"LE MOSTRE del Forte di Bard\"},{\"type\":\"button\",\"props\":{\"grid_column_gap\":\"small\",\"grid_row_gap\":\"small\",\"margin\":\"default\"},\"children\":[{\"type\":\"button_item\",\"props\":{\"button_style\":\"primary\",\"content\":\"Voir tout\",\"dialog_layout\":\"modal\",\"dialog_offcanvas_flip\":true,\"icon_align\":\"left\",\"link\":\"fr\\\/musees\\\/\"}}]}]},{\"type\":\"column\",\"props\":{\"image_position\":\"center-center\",\"position_sticky_breakpoint\":\"m\",\"vertical_align\":\"middle\",\"width_medium\":\"3-4\"},\"children\":[{\"type\":\"panel-slider\",\"props\":{\"container_padding_remove\":true,\"content_column_breakpoint\":\"m\",\"content_margin\":\"small\",\"content_style\":\"text-small\",\"css\":\"\\n.uk-slider-items > div:nth-of-type(2) .el-link.uk-button.uk-button-default {\\n    background-color: #7C7A70 !important;\\n    border-color: #7C7A70 !important;\\n}\\n.uk-slider-items > div:nth-of-type(3) .el-link.uk-button.uk-button-default {\\n    background-color: #DF93A4 !important;\\n    border-color: #DF93A4 !important;\\n}\",\"icon_width\":80,\"image_align\":\"top\",\"image_grid_breakpoint\":\"m\",\"image_grid_width\":\"1-2\",\"image_link\":true,\"image_loading\":true,\"image_svg_color\":\"emphasis\",\"image_transition\":\"scale-down\",\"link_style\":\"default\",\"link_text\":\"\",\"margin\":\"default\",\"meta_align\":\"above-title\",\"meta_color\":\"emphasis\",\"meta_element\":\"div\",\"meta_margin\":\"medium\",\"meta_style\":\"h6\",\"nav\":\"\",\"nav_align\":\"center\",\"nav_breakpoint\":\"s\",\"panel_image_no_padding\":false,\"panel_link\":true,\"panel_match\":true,\"panel_padding\":\"small\",\"panel_style\":\"card-default\",\"show_content\":true,\"show_hover_image\":true,\"show_hover_video\":true,\"show_image\":true,\"show_link\":true,\"show_meta\":true,\"show_title\":false,\"show_video\":true,\"slidenav\":\"\",\"slidenav_breakpoint\":\"xl\",\"slidenav_margin\":\"medium\",\"slidenav_outside_breakpoint\":\"xl\",\"slider_autoplay_pause\":true,\"slider_gap\":\"small\",\"slider_width\":\"fixed\",\"slider_width_default\":\"4-5\",\"slider_width_large\":\"1-3\",\"slider_width_medium\":\"1-3\",\"text_align\":\"center\",\"title_align\":\"top\",\"title_element\":\"h3\",\"title_grid_breakpoint\":\"m\",\"title_grid_width\":\"1-2\",\"title_hover_style\":\"reset\",\"title_link\":true,\"title_margin\":\"remove\",\"title_style\":\"h5\"},\"children\":[{\"type\":\"panel-slider_item\",\"props\":{\"content\":\"\n\n<p>Un voyage pluridisciplinaire, multim\\u00e9dia et interactif pour d\\u00e9couvrir les Alpes et comprendre la montagne.<\\\/p>\",\"image\":\"wp-content\\\/uploads\\\/2025\\\/11\\\/MuseeDesAlpes.png\",\"link\":\"fr\\\/musees\\\/musee-des-alpes\\\/\",\"link_aria_label\":\"Mus\\u00e9e des alpes\",\"link_text\":\"En savoir plus\",\"status\":\"disabled\",\"title\":\"Mus\\u00e9e des Alpes\",\"yooessentials_access_conditions\":[],\"yooessentials_access_mode\":\"AND\"}},{\"type\":\"panel-slider_item\",\"props\":{\"content\":\"\n\n<p>L'histoire du Fort Bard est r\\u00e9v\\u00e9l\\u00e9e dans un espace mus\\u00e9al permanent \\u00e0 l'int\\u00e9rieur des Prisons.<\\\/p>\",\"image\":\"wp-content\\\/uploads\\\/2025\\\/11\\\/LesPrisons.png\",\"link\":\"fr\\\/musees\\\/les-prisons\\\/\",\"link_aria_label\":\"Les prisons du Fort\",\"link_text\":\"En savoir plus\",\"title\":\"Les prisons du Fort\",\"yooessentials_access_conditions\":[],\"yooessentials_access_mode\":\"AND\"}},{\"type\":\"panel-slider_item\",\"props\":{\"content\":\"\n\n<p>Entrez dans le Mus\\u00e9e du Fort et des Fortifications, Les Alpes Fortifi\\u00e9es (1871-1946) et Les Alpes, une fronti\\u00e8re<\\\/p>\",\"image\":\"wp-content\\\/uploads\\\/2025\\\/11\\\/LeFerdinand.png\",\"link\":\"fr\\\/musees\\\/le-ferdinand-musee-des-fortifications-et-frontieres\\\/\",\"link_aria_label\":\"Le Ferdinand au Fort de Bard\",\"link_text\":\"En savoir plus\",\"title\":\"Le Ferdinand\",\"yooessentials_access_conditions\":[],\"yooessentials_access_mode\":\"AND\"}},{\"type\":\"panel-slider_item\",\"props\":{\"content\":\"\n\n<p>Les Alpes pour les enfants \\u2013 un espace pour que les enfants et les familles d\\u00e9couvrent la montagne<\\\/p>\",\"image\":\"wp-content\\\/uploads\\\/2025\\\/11\\\/AlpesDesEnfants.png\",\"link\":\"fr\\\/musees\\\/les-alpes-des-enfants\\\/\",\"link_aria_label\":\"Les Alpes des enfants\",\"link_text\":\"En savoir plus\",\"title\":\"Les Alpes des enfants\",\"yooessentials_access_conditions\":[],\"yooessentials_access_mode\":\"AND\"}}],\"name\":\"GRID-Musei del Forte\"}]}],\"props\":{\"layout\":\"1-4,3-4\"}}],\"name\":\"GRIGLIA - I MUSEI del Forte di Bard FR\"}],\"version\":\"4.5.28\",\"yooessentialsVersion\":\"2.4.12\"} --><\/p>\n","protected":false},"excerpt":{"rendered":"<p>Acheter des billets Informations utiles Comment y arriver Billet et tarifs Horaires et acc\u00e8s Services Conseil Le monument Le bourg Les environs Logements Le Mus\u00e9e des Alpes propose une exp\u00e9rience [&hellip;]<\/p>\n","protected":false},"author":1,"featured_media":0,"parent":5418,"menu_order":0,"comment_status":"closed","ping_status":"closed","template":"","meta":{"_acf_changed":false,"_seopress_robots_primary_cat":"","_seopress_titles_title":"Mus\u00e9e des Alpes | Forte di Bard \u2013 Biodiversit\u00e9 et culture alpine","_seopress_titles_desc":"D\u00e9couvrez le Mus\u00e9e des Alpes au Forte di Bard : expositions sur l'environnement montagnard, la biodiversit\u00e9 et les cultures alpines. Infos pratiques.","_seopress_robots_index":"","footnotes":""},"class_list":["post-5690","page","type-page","status-publish","hentry"],"acf":[],"publishpress_future_workflow_manual_trigger":{"enabledWorkflows":[]},"_links":{"self":[{"href":"https:\/\/www.fortedibard.it\/fr\/wp-json\/wp\/v2\/pages\/5690","targetHints":{"allow":["GET"]}}],"collection":[{"href":"https:\/\/www.fortedibard.it\/fr\/wp-json\/wp\/v2\/pages"}],"about":[{"href":"https:\/\/www.fortedibard.it\/fr\/wp-json\/wp\/v2\/types\/page"}],"author":[{"embeddable":true,"href":"https:\/\/www.fortedibard.it\/fr\/wp-json\/wp\/v2\/users\/1"}],"replies":[{"embeddable":true,"href":"https:\/\/www.fortedibard.it\/fr\/wp-json\/wp\/v2\/comments?post=5690"}],"version-history":[{"count":13,"href":"https:\/\/www.fortedibard.it\/fr\/wp-json\/wp\/v2\/pages\/5690\/revisions"}],"predecessor-version":[{"id":7312,"href":"https:\/\/www.fortedibard.it\/fr\/wp-json\/wp\/v2\/pages\/5690\/revisions\/7312"}],"up":[{"embeddable":true,"href":"https:\/\/www.fortedibard.it\/fr\/wp-json\/wp\/v2\/pages\/5418"}],"wp:attachment":[{"href":"https:\/\/www.fortedibard.it\/fr\/wp-json\/wp\/v2\/media?parent=5690"}],"curies":[{"name":"wp","href":"https:\/\/api.w.org\/{rel}","templated":true}]}}