{"id":5682,"date":"2025-08-08T09:23:20","date_gmt":"2025-08-08T07:23:20","guid":{"rendered":"https:\/\/www.fortedibard.it\/musees\/le-prigioni-del-forte\/"},"modified":"2026-01-23T10:49:05","modified_gmt":"2026-01-23T09:49:05","slug":"les-prisons","status":"publish","type":"page","link":"https:\/\/www.fortedibard.it\/fr\/musees\/les-prisons\/","title":{"rendered":"Les Prisons"},"content":{"rendered":"<h3><a href=\"https:\/\/ticket.midaticket.it\/fortedibard\/Events\"><span class=\"uk-margin-small-right uk-icon\" uk-icon=\"heroicons-outline--ticket\" data-asw-org-font-size=\"16\" style=\"font-size: 16px;\"><svg fill=\"none\" xmlns=\"http:\/\/www.w3.org\/2000\/svg\" viewbox=\"0 0 24 24\" width=\"20\" height=\"20\" aria-hidden=\"true\"><path d=\"M16.5 6v.75m0 3v.75m0 3v.75m0 3V18m-9-5.25h5.25M7.5 15h3M3.375 5.25c-.621 0-1.125.504-1.125 1.125v3.026a2.999 2.999 0 010 5.198v3.026c0 .621.504 1.125 1.125 1.125h17.25c.621 0 1.125-.504 1.125-1.125v-3.026a2.999 2.999 0 010-5.198V6.375c0-.621-.504-1.125-1.125-1.125H3.375z\" stroke=\"#0F172A\" stroke-width=\"1.5\" stroke-linecap=\"round\" stroke-linejoin=\"round\"><\/path><\/svg><\/span> Acheter des billets<br \/>\n<\/a><\/h3>\n<div><nav  aria-label=\"breadcrumb\"><ol class=\"breadcrumb\" itemscope itemtype=\"https:\/\/schema.org\/BreadcrumbList\"><li class=\"breadcrumb-item active\" aria-current=\"page\" itemprop=\"itemListElement\" itemscope itemtype=\"https:\/\/schema.org\/ListItem\"><span itemprop=\"name\">Home<\/span><meta itemprop=\"position\" content=\"1\"><\/li><\/ol><\/nav><\/div>\n<h4>Informations utiles<\/h4>\n<ul>\n<li>\n<p>        <img decoding=\"async\" src=\"\/wp-content\/uploads\/2025\/08\/info_light.svg\" alt=\"Comment y arriver\"><\/p>\n<p><a href=\"https:\/\/www.fortedibard.it\/fr\/informations-utiles\/#arrivare\">Comment y arriver<\/a><\/p>\n<\/li>\n<li>\n<p>        <img decoding=\"async\" src=\"\/wp-content\/uploads\/2025\/08\/Ticket_use_light.svg\" alt=\"Billet et tarifs\"><\/p>\n<p><a href=\"https:\/\/www.fortedibard.it\/fr\/informations-utiles\/#tariffe\">Billet et tarifs<\/a><\/p>\n<\/li>\n<li>\n<p>        <img decoding=\"async\" src=\"\/wp-content\/uploads\/2025\/08\/Time_light.svg\" alt=\"Horaires et acc\u00e8s\"><\/p>\n<p><a href=\"https:\/\/www.fortedibard.it\/fr\/informations-utiles\/#orarieaccesso\">Horaires et acc\u00e8s<\/a><\/p>\n<\/li>\n<li>\n<p>        <img decoding=\"async\" src=\"\/wp-content\/uploads\/2025\/08\/Star_light.svg\" alt=\"Services du Fort du Bard\"><\/p>\n<p><a href=\"https:\/\/www.fortedibard.it\/fr\/informations-utiles\/#tuttiservizi\">Services<\/a><\/p>\n<\/li>\n<\/ul>\n<h4>Conseil<\/h4>\n<ul>\n<li>\n<p>        <img decoding=\"async\" src=\"\/wp-content\/uploads\/2025\/09\/pittogrammaFDB.png\" alt=\"Le monument du Forte di bard\"><\/p>\n<p><a href=\"https:\/\/www.fortedibard.it\/fr\/le-monument\/\">Le monument<\/a><\/p>\n<\/li>\n<li>\n<p>        <img decoding=\"async\" src=\"\/wp-content\/uploads\/2025\/08\/road-pointer-svgrepo-com-1.svg\" alt=\"Le bourg de Bard\"><\/p>\n<p><a href=\"https:\/\/www.fortedibard.it\/fr\/le-bourg-de-bard\/\">Le bourg<\/a><\/p>\n<\/li>\n<li>\n<p>        <img decoding=\"async\" src=\"\/wp-content\/uploads\/2025\/08\/Map.svg\" alt=\"Les environs du Fort\"><\/p>\n<p><a href=\"https:\/\/www.fortedibard.it\/fr\/les-environs\/\">Les environs<\/a><\/p>\n<\/li>\n<li>\n<p>        <img decoding=\"async\" src=\"\/wp-content\/uploads\/2025\/08\/hotel-bell-ringing-svgrepo-com-1.svg\" alt=\"Hospitalit\u00e9 Valle d'Aosta\"><\/p>\n<p><a href=\"https:\/\/www.fortedibard.it\/fr\/environs-categorie\/logements\/\">Logements<\/a><\/p>\n<\/li>\n<\/ul>\n<div><nav  aria-label=\"breadcrumb\"><ol class=\"breadcrumb\" itemscope itemtype=\"https:\/\/schema.org\/BreadcrumbList\"><li class=\"breadcrumb-item active\" aria-current=\"page\" itemprop=\"itemListElement\" itemscope itemtype=\"https:\/\/schema.org\/ListItem\"><span itemprop=\"name\">Home<\/span><meta itemprop=\"position\" content=\"1\"><\/li><\/ol><\/nav><\/div>\n<p><img decoding=\"async\" src=\"\/wp-content\/uploads\/2025\/08\/PrigioniFortePittogramma.png\" alt=\"\"><\/p>\n<div>\n<p>L&rsquo;histoire du Fort de Bard est r\u00e9v\u00e9l\u00e9e dans un espace mus\u00e9al permanent au sein des Prisons. Les cellules o\u00f9 \u00e9taient d\u00e9tenus les prisonniers, au sein de l&rsquo;Op\u00e9ra Carlo Alberto, abritent un itin\u00e9raire historique qui guide les visiteurs \u00e0 travers l&rsquo;histoire de ce site militaire, point de transit strat\u00e9gique pendant des si\u00e8cles. Gr\u00e2ce \u00e0 des films, des documents et des reconstitutions 3D saisissantes, les visiteurs peuvent d\u00e9couvrir l&rsquo;\u00e9volution architecturale de la forteresse et rencontrer les personnages qui ont marqu\u00e9 ses \u00e9v\u00e9nements historiques majeurs, de l&rsquo;an Mil \u00e0 sa reconstruction en 1830, jusqu&rsquo;\u00e0 nos jours.<\/p>\n<\/div>\n<div>\n<h2><strong>Le parcours de la visite<\/strong><\/h2>\n<div><span>Les Prisons constituent l\u2019un des lieux les plus fascinants du Fort. Elles abritent\u00a0<\/span><strong>24 cellules<\/strong><span>, toutes tr\u00e8s exig\u00fces, de 1,3 \u00e0 2 m\u00e8tres, dispos\u00e9es le long de quatre sections pr\u00e9c\u00e9d\u00e9es par une galerie d\u2019acc\u00e8s qui a \u00e9t\u00e9 d\u00e9sign\u00e9e pour recueillir la repr\u00e9sentation iconographique du Fort par d\u2019anciennes gravures, peintures et reproductions.<\/span><br \/><span>\u00c0 partir de la zone centrale jusqu\u2019aux sections suivantes, la stratification des personnages et des \u00e9v\u00e8nements nous offre l\u2019histoire complexe du site. L\u2019atrium pr\u00e9sente une vid\u00e9o concernant l\u2019imposant ouvrage de restauration et de reconstruction du Fort ayant eu lieu de 1996 \u00e0 2006. \u00c0 partir de l\u00e0, le visiteur acc\u00e8de aux quatre premi\u00e8res salles de la premi\u00e8re section, se r\u00e9f\u00e9rant \u00e0 la\u00a0<\/span><strong>transformation du Fort<\/strong><span>\u00a0expliqu\u00e9e sur diff\u00e9rents pr\u00e9sentoirs caract\u00e9ris\u00e9s par des mod\u00e8les tridimensionnels repr\u00e9sentant les diff\u00e9rentes \u00e9poques: romaine, m\u00e9di\u00e9vale, XVI, XVII et XVIII\u00e8me si\u00e8cle.<\/span><\/div>\n<div>\n<p>Dans les salles suivantes, une vid\u00e9o fait parler les personnages ayant contribu\u00e9 \u00e0 l\u2019\u00e9pisode historique le plus significatif de l\u2019histoire du Fort:<span>\u00a0<\/span><strong>le si\u00e8ge par les troupes napol\u00e9oniennes.<\/strong><\/p>\n<p>Dans la deuxi\u00e8me section,<span>\u00a0<\/span><strong>Napol\u00e9on Bonaparte<\/strong>, le g\u00e9n\u00e9ral fran\u00e7ais Berthier et le capitaine autrichien Bernkopf nous d\u00e9voilent les strat\u00e9gies offensives et d\u00e9fensives de la dure bataille du printemps 1800. Le parcours est enrichi par les projections de desseins de l\u2019imprimeur et peintre Pietro Bagetti et par les r\u00e9cits de<span>\u00a0<\/span><strong>Stendhal<\/strong>, t\u00e9moignages privil\u00e9gi\u00e9s de l\u2019histoire de Bard.<\/p>\n<p>La troisi\u00e8me partie de ce parcours pr\u00e9sente le t\u00e9moignage du capitaine du G\u00e9nie militaire<span>\u00a0<\/span><strong>Francesco Antonio Olivero<\/strong>, \u00e0 qui Carlo Felice de Savoie confia la reconstruction du Fort apr\u00e8s le passage de Napol\u00e9on. Des images et des documents sont projet\u00e9s \u00e0 l\u2019int\u00e9rieur d\u2019une cellule: un relief du Fort en 1829 et un projet de 1830. Olivero exploite les particularit\u00e9s strat\u00e9giques du lieu dessinant diff\u00e9rents corps d\u2019oeuvre superpos\u00e9s pour multiplier les lignes de feu. Les travaux furent r\u00e9alis\u00e9s en huit ans seulement.<\/p>\n<p>La quatri\u00e8me section a comme protagoniste<span>\u00a0<\/span><strong>Camillo Benso Conte de Cavour<\/strong><span>\u00a0<\/span>\u00abprisonnier\u00bb de luxe durant la reconstruction. En 1831 la supervision des travaux lui fut confi\u00e9e. Dans cette section sont \u00e9galement expos\u00e9s certains objets de la vie quotidienne dans la forteresse. L\u2019ambiance typique d\u2019une cellule est rendue par la sc\u00e9nographie, tandis que la repr\u00e9sentation des diff\u00e9rentes garnisons qui se sont succ\u00e9d\u00e9es au Fort est affich\u00e9e sur un mur, ainsi que les reproductions de quelques tableaux de l\u2019illustrateur Quinto Cenni. Sur deux moniteurs, un film, r\u00e9alis\u00e9 en collaboration avec l\u2019Archive militaire du G\u00e9nie de Rome, nous permet de d\u00e9couvrir les r\u00e9sultats d\u2019une recherche sur les militaires d\u00e9tach\u00e9s au Fort au cours des temps.<\/p>\n<p>Dans la derni\u00e8re salle, nous pouvons suivre la d\u00e9cadence et la renaissance du Fort, au XX\u00e8me si\u00e8cle, lors d\u2019une rencontre avec<span>\u00a0<\/span><strong>Ferdinando Jacquemet<\/strong>, t\u00e9moin vivant capable de nous raconter le plus r\u00e9cent chapitre de l\u2019histoire de Bard. Le parcours culmine par la projection d\u2019une animation repr\u00e9sentant l\u2019\u00e9volution des implantations militaires sur le rocher de Bard de l\u2019an mille \u00e0 nos jours.<\/p>\n<\/div>\n<div><\/div>\n<\/div>\n<ul>\n<li>\n<p>        <img decoding=\"async\" src=\"\/wp-content\/uploads\/2025\/09\/PrigioniDelForte4.jpg\" alt=\"\"><\/p>\n<h3>PrigioniDelForte4<\/h3>\n<\/li>\n<li>\n<p>        <img decoding=\"async\" src=\"\/wp-content\/uploads\/2025\/09\/PrigioniDelForte.jpg\" alt=\"\"><\/p>\n<h3>PrigioniDelForte<\/h3>\n<\/li>\n<li>\n<p>        <img decoding=\"async\" src=\"\/wp-content\/uploads\/2025\/09\/PrigioniDelForte2.jpg\" alt=\"\"><\/p>\n<h3>PrigioniDelForte2<\/h3>\n<\/li>\n<li>\n<p>        <img decoding=\"async\" src=\"\/wp-content\/uploads\/2025\/09\/PrigioniDelForte3.jpg\" alt=\"\"><\/p>\n<h3>PrigioniDelForte3<\/h3>\n<\/li>\n<\/ul>\n<hr>\n<h2>\n<p><strong>LES MUS\u00c9ES<\/strong><br \/>du Fort de Bard<\/p>\n<\/h2>\n<p><p>\n        <a href=\"https:\/\/www.fortedibard.it\/fr\/musees\/\">Voir tout<\/a>\n    <\/p>\n<\/p>\n<ul>\n<li>\n<p>        <img decoding=\"async\" src=\"\/wp-content\/uploads\/2025\/11\/MuseeDesAlpes.png\" alt=\"\"><\/p>\n<h3>Mus\u00e9e des Alpes<\/h3>\n<div>\n<p>Un voyage pluridisciplinaire, multim\u00e9dia et interactif pour d\u00e9couvrir les Alpes et comprendre la montagne.<\/p>\n<\/div>\n<p><a href=\"https:\/\/www.fortedibard.it\/fr\/musees\/musee-des-alpes\/\">En savoir plus<\/a><\/p>\n<\/li>\n<li>\n<p>        <img decoding=\"async\" src=\"\/wp-content\/uploads\/2025\/11\/LeFerdinand.png\" alt=\"\"><\/p>\n<h3>Le Ferdinand<\/h3>\n<div>\n<p>Entrez dans le Mus\u00e9e du Fort et des Fortifications, Les Alpes Fortifi\u00e9es (1871-1946) et Les Alpes, une fronti\u00e8re<\/p>\n<\/div>\n<p><a href=\"https:\/\/www.fortedibard.it\/fr\/musees\/le-ferdinand-musee-des-fortifications-et-frontieres\/\">En savoir plus<\/a><\/p>\n<\/li>\n<li>\n<p>        <img decoding=\"async\" src=\"\/wp-content\/uploads\/2025\/11\/TheChildrensAlps.png\" alt=\"\"><\/p>\n<h3>Les Alpes des enfants<\/h3>\n<div>\n<p>Les Alpes pour les enfants \u2013 un espace pour que les enfants et les familles d\u00e9couvrent la montagne<\/p>\n<\/div>\n<p><a href=\"https:\/\/www.fortedibard.it\/fr\/musees\/les-alpes-des-enfants\/\">En savoir plus<\/a><\/p>\n<\/li>\n<\/ul>\n<p><!--more--><br \/>\n<!-- {\"type\":\"layout\",\"children\":[{\"type\":\"section\",\"props\":{\"image_position\":\"center-center\",\"padding\":\"xsmall\",\"style\":\"primary\",\"title_breakpoint\":\"xl\",\"title_position\":\"top-left\",\"title_rotation\":\"left\",\"vertical_align\":\"middle\",\"width\":\"\",\"yooessentials_access_conditions\":[{\"type\":\"yooessentials_access_device\",\"id\":\"ci_460189\",\"props\":{\"devices\":[\"desktop\"],\"reversed\":true}}],\"yooessentials_access_mode\":\"AND\"},\"children\":[{\"type\":\"row\",\"children\":[{\"type\":\"column\",\"props\":{\"image_position\":\"center-center\",\"position_sticky_breakpoint\":\"m\"},\"children\":[{\"type\":\"headline\",\"props\":{\"content\":\"<span class=\\\"uk-margin-small-right uk-icon\\\" uk-icon=\\\"heroicons-outline--ticket\\\" data-asw-org-font-size=\\\"16\\\" style=\\\"font-size: 16px;\\\"><svg fill=\\\"none\\\" xmlns=\\\"http:\\\/\\\/www.w3.org\\\/2000\\\/svg\\\" viewbox=\\\"0 0 24 24\\\" width=\\\"20\\\" height=\\\"20\\\" aria-hidden=\\\"true\\\"><path d=\\\"M16.5 6v.75m0 3v.75m0 3v.75m0 3V18m-9-5.25h5.25M7.5 15h3M3.375 5.25c-.621 0-1.125.504-1.125 1.125v3.026a2.999 2.999 0 010 5.198v3.026c0 .621.504 1.125 1.125 1.125h17.25c.621 0 1.125-.504 1.125-1.125v-3.026a2.999 2.999 0 010-5.198V6.375c0-.621-.504-1.125-1.125-1.125H3.375z\\\" stroke=\\\"#0F172A\\\" stroke-width=\\\"1.5\\\" stroke-linecap=\\\"round\\\" stroke-linejoin=\\\"round\\\"><\\\/path><\\\/svg><\\\/span> Acheter des billets\\n\",\"link\":\"https:\\\/\\\/ticket.midaticket.it\\\/fortedibard\\\/Events\",\"link_target\":true,\"margin_remove_bottom\":false,\"margin_remove_top\":false,\"text_align\":\"center\",\"title_element\":\"h3\",\"title_style\":\"h6\"}}]}]}],\"name\":\"section mobile biglietti fr\"},{\"type\":\"section\",\"props\":{\"image_position\":\"center-center\",\"style\":\"default\",\"title_breakpoint\":\"xl\",\"title_position\":\"top-left\",\"title_rotation\":\"left\",\"vertical_align\":\"middle\",\"width\":\"expand\"},\"children\":[{\"type\":\"row\",\"props\":{\"divider\":true,\"layout\":\"1-2,1-2\"},\"children\":[{\"type\":\"column\",\"props\":{\"image_position\":\"center-center\",\"position_sticky_breakpoint\":\"m\",\"width_medium\":\"1-2\"},\"children\":[{\"type\":\"text\",\"props\":{\"column_breakpoint\":\"m\",\"content\":\"[seopress_breadcrumbs]\",\"css\":\".breadcrumb li span {\\nfont-weight: 300;\\n}\",\"margin\":\"default\",\"text_align\":\"left\",\"text_style\":\"small\",\"yooessentials_access_conditions\":[{\"type\":\"yooessentials_access_device\",\"id\":\"ci_A59968\",\"props\":{\"devices\":[\"tablet\",\"desktop\"]}}],\"yooessentials_access_mode\":\"AND\"},\"name\":\"BREADCRUMBS - SeoPress\"},{\"type\":\"headline\",\"props\":{\"animation\":\"none\",\"margin\":\"small\",\"margin_remove_top\":false,\"parallax_breakpoint\":\"m\",\"parallax_easing\":\"1\",\"parallax_end\":\"60vh + 60%\",\"parallax_opacity\":\"0.3,1\",\"parallax_y\":\"30,0\",\"title_element\":\"h1\",\"title_style\":\"h1\",\"yooessentials_access_conditions\":[{\"type\":\"yooessentials_access_device\",\"id\":\"ci_EE9D8B\",\"props\":{\"devices\":[\"tablet\",\"desktop\"]}}],\"yooessentials_access_mode\":\"AND\"},\"source_extended\":{\"props\":{\"content\":{\"query\":{\"name\":\"pages.singlePage\"},\"name\":\"title\",\"filters\":{\"before\":\"<strong>\",\"after\":\"<\\\/strong><br \/>du Fort de Bard\"}}}}},{\"type\":\"fragment\",\"props\":{\"margin\":\"medium\"},\"children\":[{\"type\":\"row\",\"props\":{\"layout\":\"1-2,1-2\"},\"children\":[{\"type\":\"column\",\"props\":{\"image_position\":\"center-center\",\"position_sticky_breakpoint\":\"m\",\"width_medium\":\"1-2\"},\"children\":[{\"type\":\"headline\",\"props\":{\"content\":\"Informations utiles\",\"title_element\":\"h4\"}},{\"type\":\"list\",\"props\":{\"column_breakpoint\":\"m\",\"icon_width\":\"30\",\"image_align\":\"left\",\"image_svg_color\":\"emphasis\",\"image_vertical_align\":true,\"list_element\":\"ul\",\"list_horizontal_separator\":\", \",\"list_type\":\"vertical\",\"show_image\":true,\"show_link\":true},\"children\":[{\"type\":\"list_item\",\"props\":{\"content\":\"Comment y arriver\",\"icon\":\"\",\"image\":\"wp-content\\\/uploads\\\/2025\\\/08\\\/info_light.svg\",\"image_alt\":\"Comment y arriver\",\"link\":\"fr\\\/informations-utiles\\\/#arrivare\"}},{\"type\":\"list_item\",\"props\":{\"content\":\"Billet et tarifs\",\"image\":\"wp-content\\\/uploads\\\/2025\\\/08\\\/Ticket_use_light.svg\",\"image_alt\":\"Billet et tarifs\",\"link\":\"fr\\\/informations-utiles\\\/#tariffe\"}},{\"type\":\"list_item\",\"props\":{\"content\":\"Horaires et acc\\u00e8s\",\"image\":\"wp-content\\\/uploads\\\/2025\\\/08\\\/Time_light.svg\",\"image_alt\":\"Horaires et acc\\u00e8s\",\"link\":\"fr\\\/informations-utiles\\\/#orarieaccesso\"}},{\"type\":\"list_item\",\"props\":{\"content\":\"Services\",\"image\":\"wp-content\\\/uploads\\\/2025\\\/08\\\/Star_light.svg\",\"image_alt\":\"Services du Fort du Bard\",\"link\":\"fr\\\/informations-utiles\\\/#tuttiservizi\"}}]}]},{\"type\":\"column\",\"props\":{\"image_position\":\"center-center\",\"position_sticky_breakpoint\":\"m\",\"width_medium\":\"1-2\"},\"children\":[{\"type\":\"headline\",\"props\":{\"content\":\"Conseil\",\"title_element\":\"h4\"}},{\"type\":\"list\",\"props\":{\"column_breakpoint\":\"m\",\"image_align\":\"left\",\"image_height\":32,\"image_svg_color\":\"emphasis\",\"image_vertical_align\":true,\"image_width\":32,\"list_element\":\"ul\",\"list_horizontal_separator\":\", \",\"list_type\":\"vertical\",\"show_image\":true,\"show_link\":true},\"children\":[{\"type\":\"list_item\",\"props\":{\"content\":\"Le monument\",\"image\":\"wp-content\\\/uploads\\\/2025\\\/09\\\/pittogrammaFDB.png\",\"image_alt\":\"Le monument du Forte di bard\",\"link\":\"fr\\\/le-monument\\\/\"}},{\"type\":\"list_item\",\"props\":{\"content\":\"Le bourg\",\"image\":\"wp-content\\\/uploads\\\/2025\\\/08\\\/road-pointer-svgrepo-com-1.svg\",\"image_alt\":\"Le bourg de Bard\",\"link\":\"fr\\\/le-bourg-de-bard\\\/\"}},{\"type\":\"list_item\",\"props\":{\"content\":\"Les environs\",\"image\":\"wp-content\\\/uploads\\\/2025\\\/08\\\/Map.svg\",\"image_alt\":\"Les environs du Fort\",\"link\":\"fr\\\/les-environs\\\/\"}},{\"type\":\"list_item\",\"props\":{\"content\":\"Logements\",\"image\":\"wp-content\\\/uploads\\\/2025\\\/08\\\/hotel-bell-ringing-svgrepo-com-1.svg\",\"image_alt\":\"Hospitalit\\u00e9 Valle d'Aosta\",\"link\":\"fr\\\/categoria\\\/logements\\\/\"}}]}]}]}],\"name\":\"Informazioni Utili + Cosa Fare FR\"}]},{\"type\":\"column\",\"props\":{\"image_position\":\"center-center\",\"order_first\":\"xs\",\"position_sticky_breakpoint\":\"m\",\"width_medium\":\"1-2\"},\"children\":[{\"type\":\"text\",\"props\":{\"column_breakpoint\":\"m\",\"content\":\"[seopress_breadcrumbs]\",\"css\":\".breadcrumb li span {\\nfont-weight: 300;\\n}\",\"margin\":\"default\",\"text_align\":\"center\",\"text_style\":\"small\",\"yooessentials_access_conditions\":[{\"type\":\"yooessentials_access_device\",\"id\":\"ci_A59968\",\"props\":{\"devices\":[\"tablet\",\"desktop\"],\"reversed\":true}}],\"yooessentials_access_mode\":\"AND\"},\"name\":\"BREADCRUMBS - SeoPress\"},{\"type\":\"image\",\"props\":{\"image\":\"wp-content\\\/uploads\\\/2025\\\/08\\\/PrigioniFortePittogramma.png\",\"image_svg_color\":\"emphasis\",\"margin\":\"default\",\"text_align\":\"center\"}},{\"type\":\"headline\",\"props\":{\"animation\":\"none\",\"margin\":\"small\",\"margin_remove_top\":false,\"parallax_breakpoint\":\"m\",\"parallax_easing\":\"1\",\"parallax_end\":\"60vh + 60%\",\"parallax_opacity\":\"0.3,1\",\"parallax_y\":\"30,0\",\"text_align\":\"center\",\"title_element\":\"h1\",\"title_style\":\"h1\",\"yooessentials_access_conditions\":[{\"type\":\"yooessentials_access_device\",\"id\":\"ci_EE9D8B\",\"props\":{\"devices\":[\"tablet\",\"desktop\"],\"reversed\":true}}],\"yooessentials_access_mode\":\"AND\"},\"source_extended\":{\"props\":{\"content\":{\"query\":{\"name\":\"pages.singlePage\"},\"name\":\"title\",\"filters\":{\"before\":\"<strong>\",\"after\":\"<\\\/strong><br \/>du Fort de Bard\"}}}}},{\"type\":\"text\",\"props\":{\"column_breakpoint\":\"m\",\"content\":\"\n\n<p>L'histoire du Fort de Bard est r\\u00e9v\\u00e9l\\u00e9e dans un espace mus\\u00e9al permanent au sein des Prisons. Les cellules o\\u00f9 \\u00e9taient d\\u00e9tenus les prisonniers, au sein de l'Op\\u00e9ra Carlo Alberto, abritent un itin\\u00e9raire historique qui guide les visiteurs \\u00e0 travers l'histoire de ce site militaire, point de transit strat\\u00e9gique pendant des si\\u00e8cles. Gr\\u00e2ce \\u00e0 des films, des documents et des reconstitutions 3D saisissantes, les visiteurs peuvent d\\u00e9couvrir l'\\u00e9volution architecturale de la forteresse et rencontrer les personnages qui ont marqu\\u00e9 ses \\u00e9v\\u00e9nements historiques majeurs, de l'an Mil \\u00e0 sa reconstruction en 1830, jusqu'\\u00e0 nos jours.<\\\/p>\",\"margin\":\"default\",\"text_align\":\"center\"}}]}]}],\"name\":\"INTRO MUSEO\"},{\"type\":\"section\",\"props\":{\"image_position\":\"center-center\",\"style\":\"muted\",\"title_breakpoint\":\"xl\",\"title_position\":\"top-left\",\"title_rotation\":\"left\",\"vertical_align\":\"middle\",\"width\":\"expand\"},\"children\":[{\"type\":\"row\",\"children\":[{\"type\":\"column\",\"props\":{\"image_position\":\"center-center\",\"position_sticky_breakpoint\":\"m\"},\"children\":[{\"type\":\"text\",\"props\":{\"column\":\"1-2\",\"column_breakpoint\":\"m\",\"content\":\"\n\n<h2><strong>Le parcours de la visite<\\\/strong><\\\/h2>\\n\n\n<div><span>Les Prisons constituent l\\u2019un des lieux les plus fascinants du Fort. Elles abritent\\u00a0<\\\/span><strong>24 cellules<\\\/strong><span>, toutes tr\\u00e8s exig\\u00fces, de 1,3 \\u00e0 2 m\\u00e8tres, dispos\\u00e9es le long de quatre sections pr\\u00e9c\\u00e9d\\u00e9es par une galerie d\\u2019acc\\u00e8s qui a \\u00e9t\\u00e9 d\\u00e9sign\\u00e9e pour recueillir la repr\\u00e9sentation iconographique du Fort par d\\u2019anciennes gravures, peintures et reproductions.<\\\/span><br \\\/><span>\\u00c0 partir de la zone centrale jusqu\\u2019aux sections suivantes, la stratification des personnages et des \\u00e9v\\u00e8nements nous offre l\\u2019histoire complexe du site. L\\u2019atrium pr\\u00e9sente une vid\\u00e9o concernant l\\u2019imposant ouvrage de restauration et de reconstruction du Fort ayant eu lieu de 1996 \\u00e0 2006. \\u00c0 partir de l\\u00e0, le visiteur acc\\u00e8de aux quatre premi\\u00e8res salles de la premi\\u00e8re section, se r\\u00e9f\\u00e9rant \\u00e0 la\\u00a0<\\\/span><strong>transformation du Fort<\\\/strong><span>\\u00a0expliqu\\u00e9e sur diff\\u00e9rents pr\\u00e9sentoirs caract\\u00e9ris\\u00e9s par des mod\\u00e8les tridimensionnels repr\\u00e9sentant les diff\\u00e9rentes \\u00e9poques: romaine, m\\u00e9di\\u00e9vale, XVI, XVII et XVIII\\u00e8me si\\u00e8cle.<\\\/span><\\\/div>\\n\n\n<div>\\n\n\n<p>Dans les salles suivantes, une vid\\u00e9o fait parler les personnages ayant contribu\\u00e9 \\u00e0 l\\u2019\\u00e9pisode historique le plus significatif de l\\u2019histoire du Fort:<span>\\u00a0<\\\/span><strong>le si\\u00e8ge par les troupes napol\\u00e9oniennes.<\\\/strong><\\\/p>\\n\n\n<p>Dans la deuxi\\u00e8me section,<span>\\u00a0<\\\/span><strong>Napol\\u00e9on Bonaparte<\\\/strong>, le g\\u00e9n\\u00e9ral fran\\u00e7ais Berthier et le capitaine autrichien Bernkopf nous d\\u00e9voilent les strat\\u00e9gies offensives et d\\u00e9fensives de la dure bataille du printemps 1800. Le parcours est enrichi par les projections de desseins de l\\u2019imprimeur et peintre Pietro Bagetti et par les r\\u00e9cits de<span>\\u00a0<\\\/span><strong>Stendhal<\\\/strong>, t\\u00e9moignages privil\\u00e9gi\\u00e9s de l\\u2019histoire de Bard.<\\\/p>\\n\n\n<p>La troisi\\u00e8me partie de ce parcours pr\\u00e9sente le t\\u00e9moignage du capitaine du G\\u00e9nie militaire<span>\\u00a0<\\\/span><strong>Francesco Antonio Olivero<\\\/strong>, \\u00e0 qui Carlo Felice de Savoie confia la reconstruction du Fort apr\\u00e8s le passage de Napol\\u00e9on. Des images et des documents sont projet\\u00e9s \\u00e0 l\\u2019int\\u00e9rieur d\\u2019une cellule: un relief du Fort en 1829 et un projet de 1830. Olivero exploite les particularit\\u00e9s strat\\u00e9giques du lieu dessinant diff\\u00e9rents corps d\\u2019oeuvre superpos\\u00e9s pour multiplier les lignes de feu. Les travaux furent r\\u00e9alis\\u00e9s en huit ans seulement.<\\\/p>\\n\n\n<p>La quatri\\u00e8me section a comme protagoniste<span>\\u00a0<\\\/span><strong>Camillo Benso Conte de Cavour<\\\/strong><span>\\u00a0<\\\/span>\\u00abprisonnier\\u00bb de luxe durant la reconstruction. En 1831 la supervision des travaux lui fut confi\\u00e9e. Dans cette section sont \\u00e9galement expos\\u00e9s certains objets de la vie quotidienne dans la forteresse. L\\u2019ambiance typique d\\u2019une cellule est rendue par la sc\\u00e9nographie, tandis que la repr\\u00e9sentation des diff\\u00e9rentes garnisons qui se sont succ\\u00e9d\\u00e9es au Fort est affich\\u00e9e sur un mur, ainsi que les reproductions de quelques tableaux de l\\u2019illustrateur Quinto Cenni. Sur deux moniteurs, un film, r\\u00e9alis\\u00e9 en collaboration avec l\\u2019Archive militaire du G\\u00e9nie de Rome, nous permet de d\\u00e9couvrir les r\\u00e9sultats d\\u2019une recherche sur les militaires d\\u00e9tach\\u00e9s au Fort au cours des temps.<\\\/p>\\n\n\n<p>Dans la derni\\u00e8re salle, nous pouvons suivre la d\\u00e9cadence et la renaissance du Fort, au XX\\u00e8me si\\u00e8cle, lors d\\u2019une rencontre avec<span>\\u00a0<\\\/span><strong>Ferdinando Jacquemet<\\\/strong>, t\\u00e9moin vivant capable de nous raconter le plus r\\u00e9cent chapitre de l\\u2019histoire de Bard. Le parcours culmine par la projection d\\u2019une animation repr\\u00e9sentant l\\u2019\\u00e9volution des implantations militaires sur le rocher de Bard de l\\u2019an mille \\u00e0 nos jours.<\\\/p>\\n<\\\/div>\\n\n\n<div><\\\/div>\",\"margin\":\"default\"}}]}]}],\"name\":\"DESCRIONE MOSTRA\"},{\"type\":\"section\",\"props\":{\"image_position\":\"center-center\",\"padding_remove_bottom\":true,\"style\":\"default\",\"title_breakpoint\":\"xl\",\"title_position\":\"top-left\",\"title_rotation\":\"left\",\"vertical_align\":\"middle\",\"width\":\"\"},\"children\":[{\"type\":\"row\",\"children\":[{\"type\":\"column\",\"props\":{\"image_position\":\"center-center\",\"position_sticky_breakpoint\":\"m\"},\"children\":[{\"type\":\"gallery\",\"props\":{\"filter_align\":\"left\",\"filter_all\":true,\"filter_grid_breakpoint\":\"m\",\"filter_grid_width\":\"auto\",\"filter_position\":\"top\",\"filter_style\":\"tab\",\"grid_column_gap\":\"small\",\"grid_default\":\"2\",\"grid_masonry\":\"pack\",\"grid_medium\":\"2\",\"grid_parallax_justify\":false,\"grid_row_gap\":\"small\",\"image_width\":1000,\"item_animation\":true,\"lightbox_bg_close\":true,\"link_style\":\"default\",\"link_text\":\"Read more\",\"margin\":\"default\",\"meta_align\":\"below-title\",\"meta_element\":\"div\",\"meta_style\":\"text-meta\",\"overlay_hover\":false,\"overlay_mode\":\"caption\",\"overlay_position\":\"center\",\"overlay_style\":\"\",\"overlay_transition\":\"fade\",\"show_content\":false,\"show_hover_image\":true,\"show_hover_video\":true,\"show_link\":false,\"show_meta\":false,\"show_title\":false,\"text_align\":\"center\",\"text_color\":\"light\",\"title_element\":\"h3\",\"title_hover_style\":\"reset\"},\"children\":[{\"type\":\"gallery_item\",\"props\":{\"image\":\"wp-content\\\/uploads\\\/2025\\\/09\\\/PrigioniDelForte4.jpg\",\"title\":\"PrigioniDelForte4\"}},{\"type\":\"gallery_item\",\"props\":{\"image\":\"wp-content\\\/uploads\\\/2025\\\/09\\\/PrigioniDelForte.jpg\",\"title\":\"PrigioniDelForte\"}},{\"type\":\"gallery_item\",\"props\":{\"image\":\"wp-content\\\/uploads\\\/2025\\\/09\\\/PrigioniDelForte2.jpg\",\"title\":\"PrigioniDelForte2\"}},{\"type\":\"gallery_item\",\"props\":{\"image\":\"wp-content\\\/uploads\\\/2025\\\/09\\\/PrigioniDelForte3.jpg\",\"title\":\"PrigioniDelForte3\"}}]}]}]},{\"type\":\"row\",\"children\":[{\"type\":\"column\",\"props\":{\"image_position\":\"center-center\",\"position_sticky_breakpoint\":\"m\"},\"children\":[{\"type\":\"divider\",\"props\":{\"divider_element\":\"hr\"}}]}]}],\"name\":\"GALLERY\"},{\"type\":\"section\",\"props\":{\"image_position\":\"center-center\",\"padding\":\"small\",\"style\":\"default\",\"title_breakpoint\":\"xl\",\"title_position\":\"top-left\",\"title_rotation\":\"left\",\"vertical_align\":\"middle\",\"width\":\"expand\"},\"children\":[{\"type\":\"row\",\"children\":[{\"type\":\"column\",\"props\":{\"image_position\":\"center-center\",\"position_sticky_breakpoint\":\"m\",\"vertical_align\":\"middle\",\"width_medium\":\"1-4\"},\"children\":[{\"type\":\"headline\",\"props\":{\"content\":\"\n\n<p><strong>LES MUS\\u00c9ES<\\\/strong><br \\\/>du Fort de Bard<\\\/p>\",\"title_element\":\"h2\",\"title_style\":\"h2\"},\"name\":\"LE MOSTRE del Forte di Bard\"},{\"type\":\"button\",\"props\":{\"grid_column_gap\":\"small\",\"grid_row_gap\":\"small\",\"margin\":\"default\"},\"children\":[{\"type\":\"button_item\",\"props\":{\"button_style\":\"primary\",\"content\":\"Voir tout\",\"dialog_layout\":\"modal\",\"dialog_offcanvas_flip\":true,\"icon_align\":\"left\",\"link\":\"fr\\\/musees\\\/\"}}]}]},{\"type\":\"column\",\"props\":{\"image_position\":\"center-center\",\"position_sticky_breakpoint\":\"m\",\"vertical_align\":\"middle\",\"width_medium\":\"3-4\"},\"children\":[{\"type\":\"panel-slider\",\"props\":{\"container_padding_remove\":true,\"content_column_breakpoint\":\"m\",\"content_margin\":\"small\",\"content_style\":\"text-small\",\"css\":\"\\n.uk-slider-items > div:nth-of-type(2) .el-link.uk-button.uk-button-default {\\n    background-color: #7C7A70 !important;\\n    border-color: #7C7A70 !important;\\n}\\n.uk-slider-items > div:nth-of-type(3) .el-link.uk-button.uk-button-default {\\n    background-color: #DF93A4 !important;\\n    border-color: #DF93A4 !important;\\n}\",\"icon_width\":80,\"image_align\":\"top\",\"image_grid_breakpoint\":\"m\",\"image_grid_width\":\"1-2\",\"image_link\":true,\"image_loading\":true,\"image_svg_color\":\"emphasis\",\"image_transition\":\"scale-down\",\"link_style\":\"default\",\"link_text\":\"\",\"margin\":\"default\",\"meta_align\":\"above-title\",\"meta_color\":\"emphasis\",\"meta_element\":\"div\",\"meta_margin\":\"medium\",\"meta_style\":\"h6\",\"nav\":\"\",\"nav_align\":\"center\",\"nav_breakpoint\":\"s\",\"panel_image_no_padding\":false,\"panel_link\":true,\"panel_match\":true,\"panel_padding\":\"small\",\"panel_style\":\"card-default\",\"show_content\":true,\"show_hover_image\":true,\"show_hover_video\":true,\"show_image\":true,\"show_link\":true,\"show_meta\":true,\"show_title\":false,\"show_video\":true,\"slidenav\":\"\",\"slidenav_breakpoint\":\"xl\",\"slidenav_margin\":\"medium\",\"slidenav_outside_breakpoint\":\"xl\",\"slider_autoplay_pause\":true,\"slider_gap\":\"small\",\"slider_width\":\"fixed\",\"slider_width_default\":\"4-5\",\"slider_width_large\":\"1-3\",\"slider_width_medium\":\"1-3\",\"text_align\":\"center\",\"title_align\":\"top\",\"title_element\":\"h3\",\"title_grid_breakpoint\":\"m\",\"title_grid_width\":\"1-2\",\"title_hover_style\":\"reset\",\"title_link\":true,\"title_margin\":\"remove\",\"title_style\":\"h5\"},\"children\":[{\"type\":\"panel-slider_item\",\"props\":{\"content\":\"\n\n<p>Un voyage pluridisciplinaire, multim\\u00e9dia et interactif pour d\\u00e9couvrir les Alpes et comprendre la montagne.<\\\/p>\",\"image\":\"wp-content\\\/uploads\\\/2025\\\/11\\\/MuseeDesAlpes.png\",\"link\":\"fr\\\/musees\\\/musee-des-alpes\\\/\",\"link_aria_label\":\"Mus\\u00e9e des alpes\",\"link_text\":\"En savoir plus\",\"title\":\"Mus\\u00e9e des Alpes\",\"yooessentials_access_conditions\":[],\"yooessentials_access_mode\":\"AND\"}},{\"type\":\"panel-slider_item\",\"props\":{\"content\":\"\n\n<p>L'histoire du Fort Bard est r\\u00e9v\\u00e9l\\u00e9e dans un espace mus\\u00e9al permanent \\u00e0 l'int\\u00e9rieur des Prisons.<\\\/p>\",\"image\":\"wp-content\\\/uploads\\\/2025\\\/11\\\/LesPrisons.png\",\"link\":\"fr\\\/musees\\\/les-prisons\\\/\",\"link_aria_label\":\"Les prisons du Fort\",\"link_text\":\"En savoir plus\",\"status\":\"disabled\",\"title\":\"Les prisons du Fort\",\"yooessentials_access_conditions\":[],\"yooessentials_access_mode\":\"AND\"}},{\"type\":\"panel-slider_item\",\"props\":{\"content\":\"\n\n<p>Entrez dans le Mus\\u00e9e du Fort et des Fortifications, Les Alpes Fortifi\\u00e9es (1871-1946) et Les Alpes, une fronti\\u00e8re<\\\/p>\",\"image\":\"wp-content\\\/uploads\\\/2025\\\/11\\\/LeFerdinand.png\",\"link\":\"fr\\\/musees\\\/le-ferdinand-musee-des-fortifications-et-frontieres\\\/\",\"link_aria_label\":\"Le Ferdinand au Fort de Bard\",\"link_text\":\"En savoir plus\",\"title\":\"Le Ferdinand\",\"yooessentials_access_conditions\":[],\"yooessentials_access_mode\":\"AND\"}},{\"type\":\"panel-slider_item\",\"props\":{\"content\":\"\n\n<p>Les Alpes pour les enfants \\u2013 un espace pour que les enfants et les familles d\\u00e9couvrent la montagne<\\\/p>\",\"image\":\"wp-content\\\/uploads\\\/2025\\\/11\\\/TheChildrensAlps.png\",\"link\":\"fr\\\/musees\\\/les-alpes-des-enfants\\\/\",\"link_aria_label\":\"Les Alpes des enfants\",\"link_text\":\"En savoir plus\",\"title\":\"Les Alpes des enfants\",\"yooessentials_access_conditions\":[],\"yooessentials_access_mode\":\"AND\"}}],\"name\":\"GRID-Musei del Forte\"}]}],\"props\":{\"layout\":\"1-4,3-4\"}}],\"name\":\"GRIGLIA - I MUSEI del Forte di Bard FR\"}],\"version\":\"4.5.28\",\"yooessentialsVersion\":\"2.4.12\"} --><\/p>\n","protected":false},"excerpt":{"rendered":"<p>Acheter des billets Informations utiles Comment y arriver Billet et tarifs Horaires et acc\u00e8s Services Conseil Le monument Le bourg Les environs Logements L&rsquo;histoire du Fort de Bard est r\u00e9v\u00e9l\u00e9e [&hellip;]<\/p>\n","protected":false},"author":1,"featured_media":0,"parent":5418,"menu_order":0,"comment_status":"closed","ping_status":"closed","template":"","meta":{"_acf_changed":false,"_seopress_robots_primary_cat":"","_seopress_titles_title":"Les Prisons | Forte di Bard \u2013 Espaces historiques et r\u00e9cits","_seopress_titles_desc":"Explorez les Prisons du Forte de Bard : espaces historiques reconstitu\u00e9s, parcours immersifs et informations sur les visites guid\u00e9es.","_seopress_robots_index":"","footnotes":""},"class_list":["post-5682","page","type-page","status-publish","hentry"],"acf":[],"publishpress_future_workflow_manual_trigger":{"enabledWorkflows":[]},"_links":{"self":[{"href":"https:\/\/www.fortedibard.it\/fr\/wp-json\/wp\/v2\/pages\/5682","targetHints":{"allow":["GET"]}}],"collection":[{"href":"https:\/\/www.fortedibard.it\/fr\/wp-json\/wp\/v2\/pages"}],"about":[{"href":"https:\/\/www.fortedibard.it\/fr\/wp-json\/wp\/v2\/types\/page"}],"author":[{"embeddable":true,"href":"https:\/\/www.fortedibard.it\/fr\/wp-json\/wp\/v2\/users\/1"}],"replies":[{"embeddable":true,"href":"https:\/\/www.fortedibard.it\/fr\/wp-json\/wp\/v2\/comments?post=5682"}],"version-history":[{"count":12,"href":"https:\/\/www.fortedibard.it\/fr\/wp-json\/wp\/v2\/pages\/5682\/revisions"}],"predecessor-version":[{"id":7316,"href":"https:\/\/www.fortedibard.it\/fr\/wp-json\/wp\/v2\/pages\/5682\/revisions\/7316"}],"up":[{"embeddable":true,"href":"https:\/\/www.fortedibard.it\/fr\/wp-json\/wp\/v2\/pages\/5418"}],"wp:attachment":[{"href":"https:\/\/www.fortedibard.it\/fr\/wp-json\/wp\/v2\/media?parent=5682"}],"curies":[{"name":"wp","href":"https:\/\/api.w.org\/{rel}","templated":true}]}}