{"id":5452,"date":"2025-08-08T13:37:07","date_gmt":"2025-08-08T11:37:07","guid":{"rendered":"https:\/\/www.fortedibard.it\/informazioni-utili\/"},"modified":"2026-03-18T15:22:05","modified_gmt":"2026-03-18T14:22:05","slug":"informations-utiles","status":"publish","type":"page","link":"https:\/\/www.fortedibard.it\/fr\/informations-utiles\/","title":{"rendered":"Informations utiles"},"content":{"rendered":"<h3><a href=\"https:\/\/ticket.midaticket.it\/fortedibard\/Events\"><span class=\"uk-margin-small-right uk-icon\" uk-icon=\"heroicons-outline--ticket\" data-asw-org-font-size=\"16\" style=\"font-size: 16px;\"><svg fill=\"none\" xmlns=\"http:\/\/www.w3.org\/2000\/svg\" viewbox=\"0 0 24 24\" width=\"20\" height=\"20\" aria-hidden=\"true\"><path d=\"M16.5 6v.75m0 3v.75m0 3v.75m0 3V18m-9-5.25h5.25M7.5 15h3M3.375 5.25c-.621 0-1.125.504-1.125 1.125v3.026a2.999 2.999 0 010 5.198v3.026c0 .621.504 1.125 1.125 1.125h17.25c.621 0 1.125-.504 1.125-1.125v-3.026a2.999 2.999 0 010-5.198V6.375c0-.621-.504-1.125-1.125-1.125H3.375z\" stroke=\"#0F172A\" stroke-width=\"1.5\" stroke-linecap=\"round\" stroke-linejoin=\"round\"><\/path><\/svg><\/span> Acheter des billets<br \/>\n<\/a><\/h3>\n<ul>\n<li>\n<p>        <img decoding=\"async\" src=\"\/wp-content\/uploads\/2025\/08\/info_light.svg\" alt=\"\"><\/p>\n<h3>Comment y arriver<\/h3>\n<p><a href=\"https:\/\/www.fortedibard.it\/fr\/informations-utiles\/#arrivare\"><\/a><\/p>\n<\/li>\n<li>\n<p>        <img decoding=\"async\" src=\"\/wp-content\/uploads\/2025\/08\/Ticket_use_light.svg\" alt=\"\"><\/p>\n<h3>Billets et tarifs<\/h3>\n<p><a href=\"https:\/\/www.fortedibard.it\/fr\/informations-utiles\/#tariffe\"><\/a><\/p>\n<\/li>\n<li>\n<p>        <img decoding=\"async\" src=\"\/wp-content\/uploads\/2025\/08\/Time_light.svg\" alt=\"\"><\/p>\n<h3>Horaires<\/h3>\n<p><a href=\"https:\/\/www.fortedibard.it\/fr\/informations-utiles\/#orarieaccesso\"><\/a><\/p>\n<\/li>\n<li>\n<p>        <img decoding=\"async\" src=\"\/wp-content\/uploads\/2025\/08\/Star_light.svg\" alt=\"\"><\/p>\n<h3>Services<\/h3>\n<p><a href=\"https:\/\/www.fortedibard.it\/fr\/informations-utiles\/#tuttiservizi\"><\/a><\/p>\n<\/li>\n<li>\n<h3>Cadeaux et boutique<\/h3>\n<p><a href=\"https:\/\/www.fortedibard.it\/fr\/informations-utiles\/#shop\"><\/a><\/p>\n<\/li>\n<li>\n<p>        <img decoding=\"async\" src=\"\/wp-content\/uploads\/2025\/08\/coffee-svgrepo-com.svg\" alt=\"\"><\/p>\n<h3>Restaurants, caf\u00e9s et hospitalit\u00e9<\/h3>\n<p><a href=\"https:\/\/www.fortedibard.it\/fr\/informations-utiles\/#ristoranti\"><\/a><\/p>\n<\/li>\n<li>\n<p>        <img decoding=\"async\" src=\"\/wp-content\/uploads\/2025\/08\/travel_13786269.png\" alt=\"\"><\/p>\n<h3>Visites guid\u00e9es et groupes<\/h3>\n<p><a href=\"https:\/\/www.fortedibard.it\/fr\/informations-utiles\/#visite\"><\/a><\/p>\n<\/li>\n<li>\n<p>        <img decoding=\"async\" src=\"\/wp-content\/uploads\/2025\/08\/accessibility-svgrepo-com.svg\" alt=\"\"><\/p>\n<h3>Accessibilit\u00e9<\/h3>\n<p><a href=\"https:\/\/www.fortedibard.it\/fr\/informations-utiles\/#accessibilita\"><\/a><\/p>\n<\/li>\n<\/ul>\n<ul>\n<li>\n<p>        <img decoding=\"async\" src=\"\/wp-content\/uploads\/2025\/08\/info_light.svg\" alt=\"\"><\/p>\n<h3>Comment y arriver<\/h3>\n<p><a href=\"https:\/\/www.fortedibard.it\/fr\/informations-utiles\/#arrivare\"><\/a><\/p>\n<\/li>\n<li>\n<p>        <img decoding=\"async\" src=\"\/wp-content\/uploads\/2025\/08\/Ticket_use_light.svg\" alt=\"\"><\/p>\n<h3>Billets et tarifs<\/h3>\n<p><a href=\"https:\/\/www.fortedibard.it\/fr\/informations-utiles\/#tariffe\"><\/a><\/p>\n<\/li>\n<li>\n<p>        <img decoding=\"async\" src=\"\/wp-content\/uploads\/2025\/08\/Time_light.svg\" alt=\"\"><\/p>\n<h3>Horaires<\/h3>\n<p><a href=\"https:\/\/www.fortedibard.it\/fr\/informations-utiles\/#orarieaccesso\"><\/a><\/p>\n<\/li>\n<li>\n<p>        <img decoding=\"async\" src=\"\/wp-content\/uploads\/2025\/08\/Star_light.svg\" alt=\"\"><\/p>\n<h3>Services<\/h3>\n<p><a href=\"https:\/\/www.fortedibard.it\/fr\/informations-utiles\/#tuttiservizi\"><\/a><\/p>\n<\/li>\n<li>\n<h3>Cadeaux et boutique<\/h3>\n<p><a href=\"https:\/\/www.fortedibard.it\/fr\/informations-utiles\/#shop\"><\/a><\/p>\n<\/li>\n<li>\n<p>        <img decoding=\"async\" src=\"\/wp-content\/uploads\/2025\/08\/coffee-svgrepo-com.svg\" alt=\"\"><\/p>\n<h3>Restaurants, caf\u00e9s et hospitalit\u00e9<\/h3>\n<p><a href=\"https:\/\/www.fortedibard.it\/fr\/informations-utiles\/#ristoranti\"><\/a><\/p>\n<\/li>\n<li>\n<p>        <img decoding=\"async\" src=\"\/wp-content\/uploads\/2025\/08\/travel_13786269.png\" alt=\"\"><\/p>\n<h3>Visites guid\u00e9es et groupes<\/h3>\n<p><a href=\"https:\/\/www.fortedibard.it\/fr\/informations-utiles\/#visite\"><\/a><\/p>\n<\/li>\n<li>\n<p>        <img decoding=\"async\" src=\"\/wp-content\/uploads\/2025\/08\/accessibility-svgrepo-com.svg\" alt=\"\"><\/p>\n<h3>Accessibilit\u00e9<\/h3>\n<p><a href=\"https:\/\/www.fortedibard.it\/fr\/informations-utiles\/#accessibilita\"><\/a><\/p>\n<\/li>\n<\/ul>\n<div>\n<nav  aria-label=\"breadcrumb\"><ol class=\"breadcrumb\" itemscope itemtype=\"https:\/\/schema.org\/BreadcrumbList\"><li class=\"breadcrumb-item active\" aria-current=\"page\" itemprop=\"itemListElement\" itemscope itemtype=\"https:\/\/schema.org\/ListItem\"><span itemprop=\"name\">Home<\/span><meta itemprop=\"position\" content=\"1\"><\/li><\/ol><\/nav>\n<\/div>\n<h1><strong>INFORMATIONS UTILES<\/strong><\/h1>\n<h2>Pr\u00e9parez votre visite au Fort de Bard<\/h2>\n<h2>Horaires 2026<\/h2>\n<ul>\n<li>\n<h3>Ouvertures ordinaires<\/h3>\n<p>La billetterie ferme une heure avant le Fort<\/p>\n<div>\n<p><em>Lundi | Ferm\u00e9<\/em><br \/><strong>Mardi<\/strong> | 10h00 &#8211; 18h00<br \/><strong>Mercredi<\/strong> | 10h00 &#8211; 18h00<br \/><strong>Jeudi<\/strong> | 10h00 &#8211; 18h00<br \/><strong>Vendredi<\/strong> | 10h00 &#8211; 18h00<br \/><strong>Samedi, dimanche et jours f\u00e9ri\u00e9s <\/strong>| 10h00 &#8211; 19h00<\/p>\n<\/div>\n<\/li>\n<li>\n<h3>Ouvertures extraordinaires<\/h3>\n<p>La billetterie ferme une heure avant le Fort<\/p>\n<div>\n<p><strong>Printemps<\/strong><br \/>6 avril (<span>Lundi de P\u00e2ques<\/span>) 10h00 &#8211; 19h00<br \/>1er juin 10h00 &#8211; 18h00<\/p>\n<p><strong>Et\u00e9<\/strong><br \/>ouvert tous les jours du 27 juillet au 6 septembre<\/p>\n<p><strong>Automne<\/strong><br \/>1er novembre (Toussaint) 10h00 &#8211; 19h00<br \/>7 d\u00e9cembre 10h00 &#8211; 18h00<\/p>\n<p><strong>F\u00eates de No\u00ebl<\/strong><br \/>25 d\u00e9cembre : ferm\u00e9<br \/>Du 26 d\u00e9cembre 2026 au 6 janvier 2027, ouvert tous les jours 10h00 &#8211; 19h30<br \/>31 d\u00e9cembre : 10h00 &#8211; 18h00<br \/>1er\u00a0 janvier : 14h00 &#8211; 19h30<\/p>\n<\/div>\n<\/li>\n<\/ul>\n<h2>Tarifs<\/h2>\n<div>\n<p><span>Les billets peuvent \u00eatre achet\u00e9s avant d&rsquo;acc\u00e9der \u00e0 la mont\u00e9e vers le Fort de Bard aux guichets des points de d\u00e9part des remont\u00e9es m\u00e9caniques ou sur le portail <\/span><strong><a href=\"https:\/\/ticket.midaticket.it\/fortedibard\/Event\/77\/Dates\">MidaTicket<\/a><\/strong><\/p>\n<\/div>\n<ul>\n<li>\n<h3>Entr\u00e9e au Fort de Bard<\/h3>\n<p>Comprend trois espaces d&rsquo;expositions<\/p>\n<div>\n<p><strong>Plein tarif <\/strong>: 15,00 \u20ac<br \/><strong>Tarif r\u00e9duit<\/strong> (plus de 65 ans) : 12,00 \u20ac<\/p>\n<p><strong>Billet combin\u00e9<\/strong><br \/><em>All Forte<\/em> (tous les mus\u00e9es et expositions) : 24,00 \u20ac<\/p>\n<\/div>\n<\/li>\n<li>\n<h3>Tarifs de groupe<\/h3>\n<p>Les r\u00e9servations sont disponibles du lundi au vendredi de 9.00 \u00e0 13.00 et de 14.00 \u00e0 17.00 au +39 0125 833818 prenotazioni@fortedibard.it<\/p>\n<div>\n<p><strong><em>Sur rendez-vous<br \/><\/em><\/strong><br \/><span><strong>Visite guid\u00e9e au monument<\/strong> : 80,00 \u20ac toutes les 25 personnes + billet d\u2019entr\u00e9e<\/span><br \/><span><strong>Visite guid\u00e9e au Mus\u00e9e des Alpes:<\/strong> 80,00 \u20ac toutes les 25 personnes + billet d\u2019entr\u00e9e<\/span><br \/><span><strong>Visite guid\u00e9e au Mus\u00e9e des Fortifications et des Fronti\u00e8res:<\/strong> 80,00 \u20ac toutes les 15 personnes<\/span><br \/><span><strong>Parcours historique (Mus\u00e9e des Fortifications + visite au monument + Prisons):<\/strong> 100,00 \u20ac toutes les 25 personnes \u00a0+ billet d\u2019entr\u00e9e<\/span><br \/><span><strong>Visite au monument + Mus\u00e9e des Alpes:<\/strong> 100,00 \u20ac toutes les 25 personnes<\/span><em><br \/><\/em><span><strong>Visite au monument + Mus\u00e9e des Fortifications et des Fronti\u00e8res:<\/strong> 100,00 \u20ac toutes les 25 personnes<\/span><\/p>\n<\/div>\n<\/li>\n<li>\n<h3>Droit de gratuit\u00e9 <\/h3>\n<div>\n<p><strong>Tarifs r\u00e9duits pour\u00a0<\/strong><\/p>\n<ul>\n<li>Visiteurs de plus de 65 ans<\/li>\n<li>Visiteurs 19-25 ans<\/li>\n<li>\u00c9tudiants universitaires munis d&rsquo;une carte \u00e9tudiante valide<\/li>\n<li>Groupes: Billet r\u00e9duit pour les groupes de 12 personnes ou plus ; une entr\u00e9e gratuite pour 20 personnes payantes<\/li>\n<\/ul>\n<p><strong>Entr\u00e9e gratuite pour:<\/strong><\/p>\n<ul>\n<li>0-18 ans<\/li>\n<li>Visites en situation de handicap et leur accompagnateur (uniquement pour les personnes handicap\u00e9es ayant un besoin d&rsquo;accompagnement justifi\u00e9)<\/li>\n<li>Guides touristiques (sur pr\u00e9sentation d&rsquo;une pi\u00e8ce d&rsquo;identit\u00e9 valide)<\/li>\n<li>Titulaires de la carte de membre Forte di Bard Save the Glacier<\/li>\n<li>Journalistes munis d&rsquo;une pi\u00e8ce d&rsquo;identit\u00e9 valide uniquement pour des raisons professionnelles (et non personnelles) et sur demande d&rsquo;accr\u00e9ditation pr\u00e9alable \u00e0 adresser du lundi au vendredi \u00e0 ufficiostampa@fortedibard.it.<\/li>\n<li>L&rsquo;autorisation du service de presse doit \u00eatre demand\u00e9e au moins deux jours \u00e0 l&rsquo;avance.<\/li>\n<\/ul>\n<\/div>\n<p><a href=\"https:\/\/www.fortedibard.it\/fr\/conventions\/\">D\u00e9couvrez les institutions affili\u00e9es<\/a><\/p>\n<\/li>\n<\/ul>\n<h2>Acc\u00e8s, plan et parking<\/h2>\n<ul>\n<li>\n<p>45.61016941281683,7.74484313622909<\/p>\n<h3>P0 &#8211; Parcheggio Multipiano Forte di Bard<\/h3>\n<\/li>\n<li>\n<p>45.60273023915198,7.7607899153419435<\/p>\n<h3>Strada romana delle Gallie<\/h3>\n<\/li>\n<li>\n<p>45.60626370970169,7.744262710351478<\/p>\n<h3>P2 &#8211; Parcheggio San Giovanni &#8211; 35 posti<\/h3>\n<\/li>\n<li>\n<p>45.603698843435986,7.751373386322272<\/p>\n<h3>Strada alternativa Forte<\/h3>\n<\/li>\n<li>\n<p>45.604840767663,7.746700251386844<\/p>\n<h3>P4 &#8211; Parcheggio centrale CVA<\/h3>\n<div>\n<p>(gratuito, aperto solo in occasione di eventi)<\/p>\n<\/div>\n<\/li>\n<\/ul>\n<div>\n<p>    <script>\ndocument.addEventListener('DOMContentLoaded', function() {\n    setTimeout(function(){\n   document.querySelector('.leaflet-marker-icon').setAttribute(\n      'aria-label',\n      'Parcheggi Forte di Bard'\n    );\n}, 200);<\/p>\n<p>});\n<\/script>\n<\/div>\n<ul>\n<li>\n<h3>Acc\u00e8s<\/h3>\n<div>\n<h4>En voiture<\/h4>\n<p>Le Fort de Bard se situe \u00e0 l&rsquo;entr\u00e9e de la Vall\u00e9e d&rsquo;Aoste, \u00e0 48 km d&rsquo;Aoste et \u00e0 78 km de Turin, \u00e0 mi-chemin entre Milan et Gen\u00e8ve. Bard est accessible en voiture depuis la route nationale 26 de la Vall\u00e9e d&rsquo;Aoste et l&rsquo;autoroute A5, en sortant respectivement aux p\u00e9ages de Pont-Saint-Martin au sud et de Verr\u00e8s au nord, \u00e0 6 et 9 km.<\/p>\n<h4>En train<\/h4>\n<p>La gare la plus proche est celle de H\u00f4ne-Bard, \u00e0 600 m\u00e8tres du Fort. Du 3 janvier 2024 au 31 d\u00e9cembre 2026, un service de bus de remplacement sera assur\u00e9 en raison des travaux d&rsquo;\u00e9lectrification sur la ligne Ivr\u00e9e-Aoste.<br \/>Pour plus d&rsquo;informations et pour acheter des billets:<strong><br \/><a href=\"http:\/\/www.trenitalia.com\/\" target=\"_blank\" rel=\"noopener\">Trenitalia.com<\/a><\/strong><\/p>\n<h4>En bus<\/h4>\n<p><span>Lignes de transports locaux: <\/span><strong><a href=\"http:\/\/www.vitagroup.it\/linee-urbane-extra-vda\">Vita Group<\/a> <\/strong>ou <strong><a href=\"https:\/\/savda.arriva.it\/\">Arriva<\/a><\/strong><strong><br \/><\/strong><span>Service de r\u00e9servation priv\u00e9 pour les transferts en voiture, minibus et navette : <\/span><strong><a href=\"http:\/\/www.transfervallee.eu\/\" target=\"_blank\" rel=\"noopener\">www.transfervallee.eu<\/a><\/strong><\/p>\n<h4>En avion<\/h4>\n<p><span>L&rsquo;a\u00e9roport le plus proche est l&rsquo;a\u00e9roport international Sandro-Pertini de Turin Caselle, \u00e0 environ 60 km.<br \/>Pour plus d&rsquo;informations sur les vols: <\/span><a href=\"http:\/\/www.aeroportoditorino.it\/it\" target=\"_blank\" rel=\"noopener\"><strong>Aeroporto di Torino Caselle<\/strong><\/a><\/p>\n<h4>\u00c0 pied le long de la Via Francigena<\/h4>\n<p><span>Le Fort se trouve sur l\u2019ancienne \u201c Via Francigena \u201d qui dans le Moyen-Age mettait en communication Canterbury \u00e0 Rome. L\u2019itin\u00e9raire traversait toute la Vall\u00e9e d\u2019Aoste, \u00e0 partir du Grand Saint-Bernard jusqu\u2019\u00e0 le village de Pont-Saint-Martin, pour continuer dans le Canavais, vers la ville d\u2019Ivr\u00e9e.<br \/>D\u00e9couvres l\u2019itin\u00e9raire complet sur le site officiel <\/span><a href=\"http:\/\/www.viefrancigene.org\/it\/resource\/poi\/forte-di-bard\/\" target=\"_blank\" rel=\"noopener\"><strong>viefrancigene.org<\/strong><\/a><\/p>\n<\/div>\n<\/li>\n<li>\n<h3>Stationnement au Fort<\/h3>\n<div>\n<h4>Stationnement au Fort<br \/><strong><\/strong><\/h4>\n<p>Parking 0 \u00e0 plusieurs niveaux au pied du Fort de Bard (payant)<\/p>\n<ul>\n<li>Tarif de jour 8h00-19h30: <strong>5,00 \u20ac<\/strong><\/li>\n<li>Tarif de soir: 19h30-00h30 :<strong> 3,00 \u20ac<\/strong><\/li>\n<li>Tarif de nuit: 00h30-08h00 : <strong>2,00 \u20ac<\/strong><\/li>\n<li>Gratuit: pour les personnes handicap\u00e9es munies d\u2019un badge valide (pr\u00e9sent\u00e9 au point info).<\/li>\n<\/ul>\n<p><strong>Parking 1 Li\u00e9ron<\/strong> \u00e0 environ 300 m du Fort le long de la SS.26 (gratuit)<\/p>\n<p><strong>Parking 2 San Giovanni<\/strong>, \u00e0 environ 200 m\u00e8tres du Fort, le long de la SS.26 (gratuit).<br \/>Le Fort est accessible \u00e0 pied depuis San Giovanni par un sentier facile \u00e0 travers les ch\u00e2taigniers.<br \/><strong><\/strong><\/p>\n<p><strong>Parking 3 Viadotto<\/strong> \u00e0 environ 600 m du Fort (gratuit)<\/p>\n<p><strong>Parking 4 Cva<\/strong> (gratuit, ouvert uniquement lors d&rsquo;\u00e9v\u00e9nements)<\/p>\n<h4><strong>Parking Hone<\/strong><\/h4>\n<p>Depuis les parkings gratuits situ\u00e9s au centre-ville de H\u00f4ne, le Fort est facilement accessible \u00e0 pied en quelques minutes seulement.<\/p>\n<ul>\n<li><strong>Area camper<\/strong><a href=\"http:\/\/www.comune.hone.ao.it\/it-it\/vivere-il-comune\/dove-dormire\/area-attrezzata-sosta-camper-le-raffor-30770-1-48acd55013d833c7879b062fb54b0d21\">Le Raff\u00f2r<\/a><\/li>\n<li><strong>Parcheggio 5 <\/strong>Stazione<\/li>\n<li><strong>Parcheggio 6 <\/strong>Le Bois-Vuillermoz<\/li>\n<li><strong>Parcheggio 7 <\/strong>Lou Ehqui\u00e9zouc<\/li>\n<li><strong>Parcheggio 8 <\/strong>Parco Giochi<\/li>\n<\/ul>\n<h4><strong>Parking Donnas<\/strong><\/h4>\n<p><strong>Parking de la zone Ferrero<\/strong> (\u00e0 proximit\u00e9 de la voie romaine de Gaule, gratuit)<\/p>\n<\/div>\n<\/li>\n<li>\n<h3>Navettes Gratuites<\/h3>\n<div>\n<p>Seuls les parkings 0, 1, 2 et 3 de la commune de Bard sont desservis par une navette vers le Fort (dimanches et jours f\u00e9ri\u00e9s).<br \/>Parking 4 (uniquement pendant les \u00e9v\u00e9nements)<\/p>\n<\/div>\n<\/li>\n<li>\n<h3>Espaces verts et am\u00e9nag\u00e9s \u00e0 proximit\u00e9<\/h3>\n<div>\n<p><a href=\"https:\/\/www.lovevda.it\/it\/banca-dati\/11\/servizi\/hone\/parco-gioco-via-chanoux\/333\"><strong>Aree verdi e gioco Torrente Ayasse<\/strong><\/a><span>, \u00e0 H\u00f4ne (1 km)<\/span><br \/><a href=\"http:\/\/www.lovevda.it\/it\/banca-dati\/11\/aree-attrezzate-picnic\/donnas\/area-pic-nic-chignas-donnas\/246\"><strong>Area pic-nic Chignas<\/strong><\/a><span>, \u00e0 Donnas (3 km)<\/span><br \/><a href=\"https:\/\/www.lovevda.it\/it\/banca-dati\/11\/aree-attrezzate-picnic\/pont-saint-martin\/area-pic-nic-bousc-dare-pont-saint-martin\/208\"><strong>Area pic-nic Bousc Dar\u00e9<\/strong><\/a><span>, \u00e0 Pont-Saint-Martin (5 km)<\/span><\/p>\n<\/div>\n<\/li>\n<li>\n<h3>Acc\u00e8s aux chiens<\/h3>\n<div>\n<ol>\n<li><span>Les chiens de grande et moyenne taille ne peuvent acc\u00e9der aux espaces expositifs et mus\u00e9als et doivent \u00eatre tenus en laisse en consid\u00e9ration du respect pour les autres visiteurs et \u00e0 garantie de la suret\u00e9 de personnes, oeuvres d\u2019art et mise en sc\u00e8ne des expositions.<\/span><\/li>\n<li><span>L\u2019acc\u00e8s aux ascenseurs est permis seulement aux chiens tenus en laisse et museau, seulement en cas de faible participation de public et selon irr\u00e9cusable \u00e9valuation de la part du personnel du Fort de Bard.<\/span><\/li>\n<li><span>L\u2019acc\u00e8s au Fort est assur\u00e9 \u00e0 travers les parcours pi\u00e9tons interne et externe.<\/span><\/li>\n<li><span>Les chiens de petite taille (par exemple: Pintcher, Bulldog fran\u00e7ais, Yorkshire, Shih-Tzu) peuvent acc\u00e9der \u00e0 tous espaces seulement si transport\u00e9s dans leur chenil. Il est interdit de les faire circuler \u00e0 l\u2019int\u00e9rieur des espaces expositifs permanents et temporaires.<\/span><\/li>\n<li><span>L\u2019acc\u00e8s aux espaces expositifs peut de toute fa\u00e7on \u00eatre interdit aux cas du point 4 selon le type d\u2019expositions pr\u00e9sentes. Tous visiteurs recevront communication par la Billetterie.<\/span><\/li>\n<li><span>Les propri\u00e9taires avec leur chiens pourront attendre dans l\u2019Ouvrage de Gola dans le lieu indiqu\u00e9e.<\/span><\/li>\n<li><span>L\u2019acc\u00e8s aux chiens est permis dans la Caf\u00e9t\u00e9ria et le Bookshop du Fort uniquement en laisse ou dans leur chenil.<\/span><br \/><span>Il est interdit de laisser les chiens sans surveillance et leur \u00e9ventuels abattements sont \u00e0 \u00e9liminer par les propri\u00e9taires.<\/span><\/li>\n<li><span>L\u2019acc\u00e8s aux chiens de toutes tailles est interdit dans les salles d\u00e9di\u00e9es aux expositions.<\/span><\/li>\n<\/ol>\n<\/div>\n<\/li>\n<\/ul>\n<h2>Services<\/h2>\n<div>\n<p>Le Fort de Bard est \u00e9quip\u00e9 des services d&rsquo;accueil les plus modernes et dispose d&rsquo;infrastructures garantissant un niveau de qualit\u00e9 \u00e9lev\u00e9. Tous les espaces sont climatis\u00e9s et chauff\u00e9s. Les groupes et les \u00e9coles peuvent r\u00e9server une visite guid\u00e9e du Fort, ainsi que des m\u00e9diateurs culturels pour des activit\u00e9s p\u00e9dagogiques.<\/p>\n<\/div>\n<ul>\n<li>\n<h3>Table \u00e0 langer<\/h3>\n<div>\n<p>Les toilettes adjacentes \u00e0 la Caf\u00e9t\u00e9ria Gola et \u00e0 la Cannoni\u00e8re disposent d&rsquo;une table \u00e0 langer.<\/p>\n<\/div>\n<\/li>\n<li>\n<h3>R\u00e9seau Wi-Fi gratuit<\/h3>\n<div>\n<p>Service actif d\u00e8s l&rsquo;inscription.<\/p>\n<\/div>\n<\/li>\n<li>\n<h3>D\u00e9fibrillateur<\/h3>\n<div>\n<p>Le Fort de Bard est \u00e9quip\u00e9 d&rsquo;un d\u00e9fibrillateur pour faire face aux situations complexes de premiers secours.<\/p>\n<\/div>\n<\/li>\n<li>\n<h3>Espace fumeur<\/h3>\n<div>\n<p>Zones fumeurs d\u00e9di\u00e9es: dans l&rsquo;espace devant le b\u00e2timent de d\u00e9part de l&rsquo;ascenseur panoramique et dans la zone d\u00e9sign\u00e9e \u00e0 l&rsquo;int\u00e9rieur de la Piazza di Gola.<\/p>\n<\/div>\n<\/li>\n<\/ul>\n<ul>\n<li>\n<p>        <img decoding=\"async\" src=\"\/wp-content\/uploads\/2025\/09\/iconaRegioneVda2.png\" alt=\"\"><\/p>\n<h3>Espace Vall\u00e9e Culture<\/h3>\n<div>\n<p>Le Fort abrite \u2013 dans l\u2019Op\u00e9ra Carlo Alberto \u2013 un centre de pr\u00e9sentation et de promotion de la r\u00e9gion Vall\u00e9e d\u2019Aoste appel\u00e9 Espace Vall\u00e9e Culture.<\/p>\n<\/div>\n<p><a href=\"https:\/\/www.fortedibard.it\/fr\/services\/#espaceValleeCulture\">En savoir plus<\/a><\/p>\n<\/li>\n<li>\n<h3>InfoLounge<\/h3>\n<div>\n<p>Le premier \u00e9tage du b\u00e2timent d&rsquo;accueil est d\u00e9di\u00e9 \u00e0 la promotion du tourisme, de la culture, de l&rsquo;environnement, de la gastronomie et du vin de la Vall\u00e9e d&rsquo;Aoste.<\/p>\n<\/div>\n<p><a href=\"https:\/\/www.fortedibard.it\/fr\/services\/#infoLounge\">En savoir plus<\/a><\/p>\n<\/li>\n<\/ul>\n<h2>Gift &amp; Shop<\/h2>\n<ul>\n<li>\n<h3>Librairie du Fort<\/h3>\n<p>Shop<\/p>\n<p><a href=\"https:\/\/www.fortedibard.it\/fr\/shop\/\">En savoir plus &#8594;<\/a><\/p>\n<\/li>\n<li>\n<h3>Shop en ligne &#038; Merchandising<\/h3>\n<p>Shop<\/p>\n<p><a href=\"https:\/\/shop.alpinelands.it\/forte-di-bard\/\">En savoir plus &#8594;<\/a><\/p>\n<\/li>\n<\/ul>\n<hr>\n<ul>\n<li>\n<h3>Maison Bleue Art Gallery<\/h3>\n<p>Art<\/p>\n<p><a href=\"\/fr\/environs-fort-de-bard\/maison-bleue-art-gallery\/\">En savoir plus &#8594;<\/a><\/p>\n<\/li>\n<li>\n<h3>Little Wild Gallery<\/h3>\n<p>ART<\/p>\n<p><a href=\"\/fr\/environs-fort-de-bard\/the-little-wild-gallery\/\">En savoir plus &#8594;<\/a><\/p>\n<\/li>\n<\/ul>\n<h2>Restaurants, caf\u00e9s et hospitalit\u00e9<\/h2>\n<ul>\n<li>\n<h3>Hotel Cavour et des officiers<\/h3>\n<p>Hospitalit\u00e9<\/p>\n<div>\n<p>Au c\u0153ur de l&rsquo;Op\u00e9ra Carlo Alberto du Fort de Bard, l&rsquo;\u00e9l\u00e9gant et raffin\u00e9 H\u00f4tel Cavour et des Officiers, install\u00e9 dans les salles de l&rsquo;ancienne garnison, au-dessus du four \u00e0 pain, vous attend pour un s\u00e9jour exceptionnel. Nous vous proposons l&rsquo;exp\u00e9rience unique de s\u00e9journer au c\u0153ur de la forteresse, dans onze chambres exclusives, \u00e0 quelques m\u00e8tres de grandes \u0153uvres d&rsquo;art.<\/p>\n<\/div>\n<p><a href=\"https:\/\/hotelcavour.fortedibard.it\/\">En savoir plus<\/a><\/p>\n<\/li>\n<li>\n<h3>Caf\u00e9t\u00e9ria di Gola<\/h3>\n<p>Food<\/p>\n<div>\n<p>Ceux qui consacrent une journ\u00e9e au Fort et \u00e0 son parc pourront savourer les menus de la Caffetteria di Gola, situ\u00e9e dans le b\u00e2timent historique du m\u00eame nom, avec son mobilier design et ses anciennes fen\u00eatres \u00e0 fentes offrant une vue sur la vall\u00e9e.<\/p>\n<p>L&rsquo;\u00e9l\u00e9gant caf\u00e9 du Fort est id\u00e9al pour d\u00e9guster un large choix de produits\u00a0: sandwichs, salades, plats traditionnels et desserts.<\/p>\n<\/div>\n<\/li>\n<li>\n<h3>Maison Urbano Lodge<\/h3>\n<p>Hospitalit\u00e9<\/p>\n<div>\n<p>Au c\u0153ur du village m\u00e9di\u00e9val de Bard, trois appartements de deux pi\u00e8ces, chacun pouvant accueillir trois personnes, sont am\u00e9nag\u00e9s dans une charmante demeure historique. Tarifs\u00a0: de 40\u00a0\u20ac\/jour \u00e0 50\u00a0\u20ac\/jour maximum.<br \/><span>Contacts: <\/span><strong><a href=\"mailto:hotelcavour@fortedibard.it\">hotelcavour@fortedibard.it<\/a><br \/><\/strong><em>Code Cin: IT007009B4X4D43RI4<\/em><\/p>\n<\/div>\n<\/li>\n<li>\n<h3>R\u00e9staurant La Polveriera<\/h3>\n<p>Food<\/p>\n<div>\n<p>Le restaurant La Polveriera propose des d\u00e9jeuners compos\u00e9s de sp\u00e9cialit\u00e9s vald\u00f4taines et italiennes.<\/p>\n<p>Pour vos conf\u00e9rences et \u00e9v\u00e9nements sp\u00e9ciaux (en journ\u00e9e et en soir\u00e9e), des services de traiteur externes sont disponibles.<\/p>\n<\/div>\n<p><a href=\"https:\/\/www.fortedibard.it\/fr\/nous-contacter\/\">R\u00e9servations et informations<\/a><\/p>\n<\/li>\n<\/ul>\n<h2>Visites guid\u00e9es et groupes<\/h2>\n<p><img decoding=\"async\" src=\"\/wp-content\/uploads\/2025\/08\/ForteDiBard-Gallery1.jpg\" alt=\"\"><\/p>\n<ul>\n<li>\n<h3>Visites guid\u00e9es du Fort<\/h3>\n<div>\n<p><strong>Des visites guid\u00e9es de la forteresse sont propos\u00e9es tous les samedis et dimanches, avec des d\u00e9parts \u00e0 11h00 et 15h00.<br \/><\/strong>Service disponible tous les jours du 28 juillet au 7 septembre 2025.<\/p>\n<p>Visite historique de la forteresse d&rsquo;une dur\u00e9e d&rsquo;1h15.<br \/>Tarif : 10,00 \u20ac + billet d&rsquo;entr\u00e9e au fort.<\/p>\n<p>Service sur r\u00e9servation.<a href=\"https:\/\/ticket.midaticket.it\/fortedibard\/Event\/152\/Dates\"><strong>MidaTicket\u00a0<\/strong><\/a><\/p>\n<p><span>Les d\u00e9tenteurs d&rsquo;un pass mus\u00e9e et les personnes handicap\u00e9es doivent r\u00e9server la visite guid\u00e9e en \u00e9crivant \u00e0 <\/span><strong><a href=\"mailto:prenotazioni@fortedibard.it\">prenotazioni@fortedibard.it<\/a><\/strong><span> du lundi au vendredi (heures de bureau)<\/span><\/p>\n<\/div>\n<\/li>\n<li>\n<h3>Visites guid\u00e9es exclusives<\/h3>\n<div>\n<p>Pour ceux qui souhaitent profiter d&rsquo;une visite guid\u00e9e exclusive du Fort (de 2 \u00e0 8 personnes maximum),<\/p>\n<p>Tarif\u00a0: Visite guid\u00e9e\u00a0: 80,00\u00a0\u20ac + 10,00\u00a0\u20ac d&rsquo;entr\u00e9e avec deux espaces d&rsquo;exposition au choix.<br \/>Service sur r\u00e9servation:\u00a0<strong><a href=\"mailto:prenotazioni@fortedibard.it\">prenotazioni@fortedibard.it<\/a><\/strong> ou en appelant le 0125 833811.<\/p>\n<p>Les r\u00e9servations sont accept\u00e9es du lundi au vendredi (heures de bureau)<\/p>\n<\/div>\n<\/li>\n<\/ul>\n<div>\n<h3>Get Your Guide<\/h3>\n<p><span>Non importa dove ti portino i tuoi viaggi, GetYourGuide ti permetter\u00e0 di esplorare la tua destinazione in modo autentico. Crea ricordi in tutto il mondo con le nostre esperienze selezionate e curate da persone esperte locali. <\/span><a href=\"https:\/\/www.getyourguide.it\/forte-di-bard-l189911\/\"><strong>Scopri le proposte e i pacchetti sul portale Get Your Guide<\/strong><\/a><\/p>\n<\/div>\n<hr>\n<p><p>\n        <a href=\"https:\/\/www.fortedibard.it\/fr\/didactique\/\">En savoir plus sur les visites guid\u00e9es pour les groupes et les \u00e9coles<\/a>\n    <\/p>\n<\/p>\n<h2>Accessibilit\u00e9<\/h2>\n<ul>\n<li>\n<h3>Accessibilit\u00e9 pour les personnes \u00e0 mobilit\u00e9 r\u00e9duite<\/h3>\n<div>\n<p><span>Le Fort Bard est accessible aux personnes \u00e0 mobilit\u00e9 r\u00e9duite et chaque niveau est accessible par des ascenseurs ou des passerelles pi\u00e9tonnes \u00e9quip\u00e9es de rampes. L&rsquo;acc\u00e8s est accessible aux personnes \u00e0 mobilit\u00e9 r\u00e9duite, aux fauteuils roulants et aux poussettes.<\/span><\/p>\n<p><span>Un fauteuil roulant est disponible sur demande pour les visiteurs \u00e0 mobilit\u00e9 r\u00e9duite afin de faciliter leur visite des espaces d&rsquo;exposition. Veuillez nous contacter \u00e0 l&rsquo;avance au +39 0125 833818.<\/span><\/p>\n<\/div>\n<\/li>\n<li>\n<h3>Parcours tactile pour les personnes aveugles ou malvoyantes<\/h3>\n<div>\n<p>Pour d\u00e9couvrir l&rsquo;histoire du site monumental, les visiteurs aveugles peuvent consulter trois totems avec descriptions en braille et plans en relief, situ\u00e9s dans un espace facilement accessible au deuxi\u00e8me \u00e9tage du parking \u00e0 \u00e9tages.<\/p>\n<p>Des maquettes du Fort sont \u00e9galement disponibles dans les diff\u00e9rents ouvrages.<\/p>\n<\/div>\n<\/li>\n<\/ul>\n<p><!--more--><br \/>\n<!-- {\"type\":\"layout\",\"children\":[{\"type\":\"section\",\"props\":{\"image_position\":\"center-center\",\"padding\":\"xsmall\",\"style\":\"primary\",\"title_breakpoint\":\"xl\",\"title_position\":\"top-left\",\"title_rotation\":\"left\",\"vertical_align\":\"middle\",\"width\":\"\",\"yooessentials_access_conditions\":[{\"type\":\"yooessentials_access_device\",\"id\":\"ci_460189\",\"props\":{\"devices\":[\"desktop\"],\"reversed\":true}}],\"yooessentials_access_mode\":\"AND\"},\"children\":[{\"type\":\"row\",\"children\":[{\"type\":\"column\",\"props\":{\"image_position\":\"center-center\",\"position_sticky_breakpoint\":\"m\"},\"children\":[{\"type\":\"headline\",\"props\":{\"content\":\"<span class=\\\"uk-margin-small-right uk-icon\\\" uk-icon=\\\"heroicons-outline--ticket\\\" data-asw-org-font-size=\\\"16\\\" style=\\\"font-size: 16px;\\\"><svg fill=\\\"none\\\" xmlns=\\\"http:\\\/\\\/www.w3.org\\\/2000\\\/svg\\\" viewbox=\\\"0 0 24 24\\\" width=\\\"20\\\" height=\\\"20\\\" aria-hidden=\\\"true\\\"><path d=\\\"M16.5 6v.75m0 3v.75m0 3v.75m0 3V18m-9-5.25h5.25M7.5 15h3M3.375 5.25c-.621 0-1.125.504-1.125 1.125v3.026a2.999 2.999 0 010 5.198v3.026c0 .621.504 1.125 1.125 1.125h17.25c.621 0 1.125-.504 1.125-1.125v-3.026a2.999 2.999 0 010-5.198V6.375c0-.621-.504-1.125-1.125-1.125H3.375z\\\" stroke=\\\"#0F172A\\\" stroke-width=\\\"1.5\\\" stroke-linecap=\\\"round\\\" stroke-linejoin=\\\"round\\\"><\\\/path><\\\/svg><\\\/span> Acheter des billets\\n\",\"link\":\"https:\\\/\\\/ticket.midaticket.it\\\/fortedibard\\\/Events\",\"link_target\":true,\"margin_remove_bottom\":false,\"margin_remove_top\":false,\"text_align\":\"center\",\"title_element\":\"h3\",\"title_style\":\"h6\"}}]}]}],\"name\":\"section mobile biglietti fr\"},{\"name\":\"Hero\",\"type\":\"section\",\"props\":{\"height\":\"viewport\",\"height_viewport\":60,\"image\":\"wp-content\\\/uploads\\\/2025\\\/08\\\/testata-ComplessoMonumentale.jpg\",\"image_loading\":true,\"image_position\":\"center-center\",\"image_size\":\"cover\",\"padding_remove_top\":true,\"style\":\"default\",\"title_breakpoint\":\"xl\",\"title_position\":\"top-left\",\"title_rotation\":\"left\",\"vertical_align\":\"\",\"width\":\"\"},\"children\":[{\"type\":\"row\",\"children\":[{\"type\":\"column\",\"props\":{\"image_position\":\"center-center\",\"position_sticky_breakpoint\":\"m\",\"width_medium\":\"1-1\"}}]}]},{\"type\":\"section\",\"props\":{\"image_position\":\"center-center\",\"padding\":\"small\",\"style\":\"default\",\"title_breakpoint\":\"xl\",\"title_position\":\"top-left\",\"title_rotation\":\"left\",\"vertical_align\":\"middle\",\"width\":\"expand\"},\"children\":[{\"type\":\"row\",\"children\":[{\"type\":\"column\",\"props\":{\"image_position\":\"center-center\",\"position_sticky_breakpoint\":\"m\"},\"children\":[{\"type\":\"panel-slider\",\"props\":{\"content_column_breakpoint\":\"m\",\"content_style\":\"h6\",\"css\":\".uk-margin-remove-first-child.uk-grid-margin.uk-first-column {\\ndisplay: none;\\n}\",\"icon_width\":\"20\",\"image_align\":\"left\",\"image_grid_breakpoint\":\"\",\"image_grid_column_gap\":\"small\",\"image_grid_width\":\"auto\",\"image_svg_color\":\"emphasis\",\"image_vertical_align\":true,\"image_width\":30,\"link_style\":\"default\",\"link_text\":\"\",\"margin\":\"default\",\"margin_remove_bottom\":false,\"meta_align\":\"below-title\",\"meta_element\":\"div\",\"meta_style\":\"text-meta\",\"nav\":\"\",\"nav_align\":\"center\",\"nav_breakpoint\":\"s\",\"panel_link\":true,\"panel_match\":false,\"show_content\":false,\"show_hover_image\":false,\"show_hover_video\":false,\"show_image\":true,\"show_link\":true,\"show_meta\":false,\"show_title\":true,\"show_video\":false,\"slidenav\":\"default\",\"slidenav_breakpoint\":\"\",\"slidenav_hover\":true,\"slidenav_margin\":\"medium\",\"slidenav_outside_breakpoint\":\"xl\",\"slider_autoplay\":false,\"slider_autoplay_interval\":\"0.1\",\"slider_autoplay_pause\":true,\"slider_divider\":true,\"slider_gap\":\"default\",\"slider_velocity\":\"0.1\",\"slider_width\":\"fixed\",\"slider_width_default\":\"3-5\",\"slider_width_medium\":\"1-5\",\"title_align\":\"left\",\"title_element\":\"h3\",\"title_grid_breakpoint\":\"m\",\"title_grid_width\":\"3-4\",\"title_hover_style\":\"reset\",\"title_link\":true,\"title_style\":\"h6\",\"yooessentials_access_conditions\":[{\"type\":\"yooessentials_access_device\",\"id\":\"ci_88CAFA\",\"props\":{\"devices\":[\"tablet\",\"desktop\"]}}],\"yooessentials_access_mode\":\"AND\"},\"children\":[{\"type\":\"panel-slider_item\",\"props\":{\"content\":\"\",\"icon\":\"\",\"image\":\"wp-content\\\/uploads\\\/2025\\\/08\\\/info_light.svg\",\"link\":\"fr\\\/informations-utiles\\\/#arrivare\",\"title\":\"Comment y arriver\",\"video\":\"\"}},{\"type\":\"panel-slider_item\",\"props\":{\"content\":\"\",\"icon\":\"\",\"image\":\"wp-content\\\/uploads\\\/2025\\\/08\\\/Ticket_use_light.svg\",\"link\":\"fr\\\/informations-utiles\\\/#tariffe\",\"title\":\"Billets et tarifs\"}},{\"type\":\"panel-slider_item\",\"props\":{\"content\":\"\",\"icon\":\"heroicons-outline--bell-alert\",\"image\":\"wp-content\\\/uploads\\\/2025\\\/08\\\/Time_light.svg\",\"link\":\"fr\\\/informations-utiles\\\/#orarieaccesso\",\"title\":\"Horaires\"}},{\"type\":\"panel-slider_item\",\"props\":{\"content\":\"\",\"icon\":\"heroicons-outline--building-storefront\",\"image\":\"wp-content\\\/uploads\\\/2025\\\/08\\\/Star_light.svg\",\"link\":\"fr\\\/informations-utiles\\\/#tuttiservizi\",\"title\":\"Services\"}},{\"type\":\"panel-slider_item\",\"props\":{\"content\":\"\",\"icon\":\"heroicons-outline--building-storefront\",\"image\":\"\",\"link\":\"fr\\\/informations-utiles\\\/#shop\",\"title\":\"Cadeaux et boutique\"}},{\"type\":\"panel-slider_item\",\"props\":{\"content\":\"\",\"icon\":\"heroicons-outline--building-storefront\",\"image\":\"wp-content\\\/uploads\\\/2025\\\/08\\\/coffee-svgrepo-com.svg\",\"link\":\"fr\\\/informations-utiles\\\/#ristoranti\",\"title\":\"Restaurants, caf\\u00e9s et hospitalit\\u00e9\"}},{\"type\":\"panel-slider_item\",\"props\":{\"content\":\"\",\"icon\":\"heroicons-outline--building-storefront\",\"image\":\"wp-content\\\/uploads\\\/2025\\\/08\\\/travel_13786269.png\",\"link\":\"fr\\\/informations-utiles\\\/#visite\",\"title\":\"Visites guid\\u00e9es et groupes\"}},{\"type\":\"panel-slider_item\",\"props\":{\"content\":\"\",\"icon\":\"heroicons-outline--building-storefront\",\"image\":\"wp-content\\\/uploads\\\/2025\\\/08\\\/accessibility-svgrepo-com.svg\",\"link\":\"fr\\\/informations-utiles\\\/#accessibilita\",\"title\":\"Accessibilit\\u00e9\"}}],\"name\":\"panel slider desktop\"},{\"type\":\"panel-slider\",\"props\":{\"content_column_breakpoint\":\"m\",\"content_style\":\"h6\",\"css\":\".uk-margin-remove-first-child.uk-grid-margin.uk-first-column {\\ndisplay: none;\\n}\",\"icon_width\":\"20\",\"image_align\":\"left\",\"image_grid_breakpoint\":\"\",\"image_grid_column_gap\":\"small\",\"image_grid_width\":\"auto\",\"image_svg_color\":\"emphasis\",\"image_vertical_align\":true,\"image_width\":30,\"link_style\":\"default\",\"link_text\":\"\",\"margin\":\"default\",\"margin_remove_bottom\":false,\"meta_align\":\"below-title\",\"meta_element\":\"div\",\"meta_style\":\"text-meta\",\"nav\":\"\",\"nav_align\":\"center\",\"nav_breakpoint\":\"s\",\"panel_link\":true,\"panel_match\":false,\"show_content\":false,\"show_hover_image\":false,\"show_hover_video\":false,\"show_image\":true,\"show_link\":true,\"show_meta\":false,\"show_title\":true,\"show_video\":false,\"slidenav\":\"default\",\"slidenav_breakpoint\":\"\",\"slidenav_hover\":true,\"slidenav_margin\":\"medium\",\"slidenav_outside_breakpoint\":\"xl\",\"slider_autoplay\":true,\"slider_autoplay_interval\":\"0.1\",\"slider_autoplay_pause\":true,\"slider_divider\":true,\"slider_gap\":\"default\",\"slider_velocity\":\"0.1\",\"slider_width\":\"fixed\",\"slider_width_default\":\"3-5\",\"slider_width_medium\":\"1-5\",\"title_align\":\"left\",\"title_element\":\"h3\",\"title_grid_breakpoint\":\"m\",\"title_grid_width\":\"3-4\",\"title_hover_style\":\"reset\",\"title_link\":true,\"title_style\":\"h6\",\"yooessentials_access_conditions\":[{\"type\":\"yooessentials_access_device\",\"id\":\"ci_88CAFA\",\"props\":{\"devices\":[\"mobile\"]}}],\"yooessentials_access_mode\":\"AND\"},\"children\":[{\"type\":\"panel-slider_item\",\"props\":{\"content\":\"\",\"icon\":\"\",\"image\":\"wp-content\\\/uploads\\\/2025\\\/08\\\/info_light.svg\",\"link\":\"fr\\\/informations-utiles\\\/#arrivare\",\"title\":\"Comment y arriver\",\"video\":\"\"}},{\"type\":\"panel-slider_item\",\"props\":{\"content\":\"\",\"icon\":\"\",\"image\":\"wp-content\\\/uploads\\\/2025\\\/08\\\/Ticket_use_light.svg\",\"link\":\"fr\\\/informations-utiles\\\/#tariffe\",\"title\":\"Billets et tarifs\"}},{\"type\":\"panel-slider_item\",\"props\":{\"content\":\"\",\"icon\":\"heroicons-outline--bell-alert\",\"image\":\"wp-content\\\/uploads\\\/2025\\\/08\\\/Time_light.svg\",\"link\":\"fr\\\/informations-utiles\\\/#orarieaccesso\",\"title\":\"Horaires\"}},{\"type\":\"panel-slider_item\",\"props\":{\"content\":\"\",\"icon\":\"heroicons-outline--building-storefront\",\"image\":\"wp-content\\\/uploads\\\/2025\\\/08\\\/Star_light.svg\",\"link\":\"fr\\\/informations-utiles\\\/#tuttiservizi\",\"title\":\"Services\"}},{\"type\":\"panel-slider_item\",\"props\":{\"content\":\"\",\"icon\":\"heroicons-outline--building-storefront\",\"image\":\"\",\"link\":\"fr\\\/informations-utiles\\\/#shop\",\"title\":\"Cadeaux et boutique\"}},{\"type\":\"panel-slider_item\",\"props\":{\"content\":\"\",\"icon\":\"heroicons-outline--building-storefront\",\"image\":\"wp-content\\\/uploads\\\/2025\\\/08\\\/coffee-svgrepo-com.svg\",\"link\":\"fr\\\/informations-utiles\\\/#ristoranti\",\"title\":\"Restaurants, caf\\u00e9s et hospitalit\\u00e9\"}},{\"type\":\"panel-slider_item\",\"props\":{\"content\":\"\",\"icon\":\"heroicons-outline--building-storefront\",\"image\":\"wp-content\\\/uploads\\\/2025\\\/08\\\/travel_13786269.png\",\"link\":\"fr\\\/informations-utiles\\\/#visite\",\"title\":\"Visites guid\\u00e9es et groupes\"}},{\"type\":\"panel-slider_item\",\"props\":{\"content\":\"\",\"icon\":\"heroicons-outline--building-storefront\",\"image\":\"wp-content\\\/uploads\\\/2025\\\/08\\\/accessibility-svgrepo-com.svg\",\"link\":\"fr\\\/informations-utiles\\\/#accessibilita\",\"title\":\"Accessibilit\\u00e9\"}}],\"name\":\"panel slider mobile\"}]}]}]},{\"name\":\"Intro\",\"type\":\"section\",\"props\":{\"image_position\":\"center-center\",\"padding\":\"small\",\"padding_remove_bottom\":false,\"padding_remove_top\":false,\"style\":\"default\",\"title_breakpoint\":\"xl\",\"title_position\":\"top-left\",\"title_rotation\":\"left\",\"vertical_align\":\"\",\"width\":\"expand\"},\"children\":[{\"type\":\"row\",\"children\":[{\"type\":\"column\",\"props\":{\"image_position\":\"center-center\",\"position_sticky_breakpoint\":\"m\",\"width_medium\":\"1-1\"},\"children\":[{\"type\":\"text\",\"props\":{\"column_breakpoint\":\"m\",\"content\":\"\n\n<p>[seopress_breadcrumbs]<\\\/p>\",\"css\":\".breadcrumb li span {\\nfont-weight: 300;\\n}\",\"margin\":\"default\",\"text_style\":\"small\"},\"name\":\"BREADCRUMBS - SeoPress\"},{\"type\":\"headline\",\"props\":{\"animation\":\"none\",\"content\":\"<strong>INFORMATIONS UTILES<\\\/strong>\",\"margin\":\"small\",\"margin_remove_top\":false,\"parallax_breakpoint\":\"m\",\"parallax_easing\":\"1\",\"parallax_end\":\"60vh + 60%\",\"parallax_opacity\":\"0.3,1\",\"parallax_y\":\"30,0\",\"title_element\":\"h1\",\"title_style\":\"h1\"}},{\"type\":\"headline\",\"props\":{\"content\":\"Pr\\u00e9parez votre visite au Fort de Bard\",\"margin_remove_top\":true,\"title_element\":\"h2\",\"title_style\":\"h5\"}}]}]}]},{\"name\":\"Orari\",\"type\":\"section\",\"props\":{\"id\":\"orari\",\"image_position\":\"center-center\",\"image_size\":\"cover\",\"preserve_color\":false,\"style\":\"default\",\"title_breakpoint\":\"xl\",\"title_position\":\"top-left\",\"title_rotation\":\"left\",\"vertical_align\":\"\",\"width\":\"expand\"},\"children\":[{\"type\":\"row\",\"children\":[{\"type\":\"column\",\"props\":{\"image_position\":\"center-center\",\"position_sticky_breakpoint\":\"m\",\"width_medium\":\"1-1\"},\"children\":[{\"type\":\"headline\",\"props\":{\"content\":\"Horaires 2026\",\"margin\":\"medium\",\"title_decoration\":\"bullet\",\"title_element\":\"h2\",\"title_style\":\"h6\"}},{\"type\":\"grid\",\"props\":{\"content_column_breakpoint\":\"m\",\"filter_align\":\"left\",\"filter_all\":true,\"filter_grid_breakpoint\":\"m\",\"filter_grid_width\":\"auto\",\"filter_position\":\"top\",\"filter_style\":\"tab\",\"grid_default\":\"1\",\"grid_divider\":true,\"grid_medium\":\"\",\"icon_width\":80,\"image_align\":\"top\",\"image_grid_breakpoint\":\"m\",\"image_grid_width\":\"1-2\",\"image_svg_color\":\"emphasis\",\"item_animation\":true,\"lightbox_bg_close\":true,\"link_style\":\"default\",\"link_text\":\"Read more\",\"margin\":\"default\",\"meta_align\":\"below-title\",\"meta_element\":\"div\",\"meta_margin\":\"small\",\"meta_style\":\"text-meta\",\"parallax_easing\":\"1\",\"show_content\":true,\"show_hover_image\":true,\"show_hover_video\":true,\"show_image\":true,\"show_link\":true,\"show_meta\":true,\"show_title\":true,\"show_video\":true,\"title_align\":\"left\",\"title_element\":\"h3\",\"title_grid_breakpoint\":\"m\",\"title_grid_width\":\"1-3\",\"title_hover_style\":\"reset\",\"title_style\":\"h3\"},\"children\":[{\"type\":\"grid_item\",\"props\":{\"content\":\"\n\n<p><em>Lundi | Ferm\\u00e9<\\\/em><br \\\/><strong>Mardi<\\\/strong> | 10h00 - 18h00<br \\\/><strong>Mercredi<\\\/strong> | 10h00 - 18h00<br \\\/><strong>Jeudi<\\\/strong> | 10h00 - 18h00<br \\\/><strong>Vendredi<\\\/strong> | 10h00 - 18h00<br \\\/><strong>Samedi, dimanche et jours f\\u00e9ri\\u00e9s <\\\/strong>| 10h00 - 19h00<br \\\/><br \\\/><\\\/p>\",\"meta\":\"La billetterie ferme une heure avant le Fort\",\"title\":\"Ouvertures ordinaires\"}},{\"type\":\"grid_item\",\"props\":{\"content\":\"\n\n<p><strong>Printemps<\\\/strong><br \\\/>6 avril (<span>Lundi de P\\u00e2ques<\\\/span>) 10h00 - 19h00<br \\\/>1er juin 10h00 - 18h00<br \\\/><br \\\/><strong>Et\\u00e9<\\\/strong><br \\\/>ouvert tous les jours du 27 juillet au 6 septembre<br \\\/><br \\\/><strong>Automne<\\\/strong><br \\\/>1er novembre (Toussaint) 10h00 - 19h00<br \\\/>7 d\\u00e9cembre 10h00 - 18h00<br \\\/><br \\\/><strong>F\\u00eates de No\\u00ebl<\\\/strong><br \\\/>25 d\\u00e9cembre : ferm\\u00e9<br \\\/>Du 26 d\\u00e9cembre 2026 au 6 janvier 2027, ouvert tous les jours 10h00 - 19h30<br \\\/>31 d\\u00e9cembre : 10h00 - 18h00<br \\\/>1er\\u00a0 janvier : 14h00 - 19h30<\\\/p>\",\"meta\":\"La billetterie ferme une heure avant le Fort\",\"title\":\"Ouvertures extraordinaires\"}}]}]}],\"props\":{\"id\":\"orarieaccesso\"}}]},{\"name\":\"Tariffe\",\"type\":\"section\",\"props\":{\"id\":\"biglietti\",\"image_position\":\"center-center\",\"image_size\":\"cover\",\"preserve_color\":false,\"style\":\"primary\",\"title_breakpoint\":\"xl\",\"title_position\":\"top-left\",\"title_rotation\":\"left\",\"vertical_align\":\"\",\"width\":\"expand\"},\"children\":[{\"type\":\"row\",\"children\":[{\"type\":\"column\",\"props\":{\"image_position\":\"center-center\",\"position_sticky_breakpoint\":\"m\",\"width_medium\":\"1-1\"},\"children\":[{\"type\":\"headline\",\"props\":{\"content\":\"Tarifs\",\"margin\":\"medium\",\"title_decoration\":\"bullet\",\"title_element\":\"h2\",\"title_style\":\"h6\"}},{\"type\":\"text\",\"props\":{\"column_breakpoint\":\"m\",\"content\":\"\n\n<p><span>Les billets peuvent \\u00eatre achet\\u00e9s avant d'acc\\u00e9der \\u00e0 la mont\\u00e9e vers le Fort de Bard aux guichets des points de d\\u00e9part des remont\\u00e9es m\\u00e9caniques ou sur le portail <\\\/span><strong><a href=\\\"https:\\\/\\\/ticket.midaticket.it\\\/fortedibard\\\/Event\\\/77\\\/Dates\\\">MidaTicket<\\\/a><\\\/strong><\\\/p>\",\"margin\":\"default\"}},{\"type\":\"grid\",\"props\":{\"content_column_breakpoint\":\"m\",\"filter_align\":\"left\",\"filter_all\":true,\"filter_grid_breakpoint\":\"m\",\"filter_grid_width\":\"auto\",\"filter_position\":\"top\",\"filter_style\":\"tab\",\"grid_default\":\"1\",\"grid_divider\":true,\"grid_medium\":\"\",\"icon_width\":80,\"image_align\":\"top\",\"image_grid_breakpoint\":\"m\",\"image_grid_width\":\"1-2\",\"image_svg_color\":\"emphasis\",\"item_animation\":true,\"lightbox_bg_close\":true,\"link_style\":\"default\",\"link_text\":\"Read more\",\"margin\":\"default\",\"meta_align\":\"below-title\",\"meta_element\":\"div\",\"meta_margin\":\"small\",\"meta_style\":\"text-meta\",\"parallax_easing\":\"1\",\"show_content\":true,\"show_hover_image\":true,\"show_hover_video\":true,\"show_image\":true,\"show_link\":true,\"show_meta\":true,\"show_title\":true,\"show_video\":true,\"title_align\":\"left\",\"title_element\":\"h3\",\"title_grid_breakpoint\":\"m\",\"title_grid_width\":\"1-3\",\"title_hover_style\":\"reset\",\"title_style\":\"h3\"},\"children\":[{\"type\":\"grid_item\",\"props\":{\"content\":\"\n\n<p><strong>Plein tarif <\\\/strong>: 15,00 \\u20ac<br \\\/><strong>Tarif r\\u00e9duit<\\\/strong> (plus de 65 ans) : 12,00 \\u20ac<\\\/p>\\n\n\n<p><strong>Billet combin\\u00e9<\\\/strong><br \\\/><em>All Forte<\\\/em> (tous les mus\\u00e9es et expositions) : 24,00 \\u20ac<\\\/p>\",\"meta\":\"Comprend trois espaces d'expositions\",\"title\":\"Entr\\u00e9e au Fort de Bard\"}},{\"type\":\"grid_item\",\"props\":{\"content\":\"\n\n<p><strong><em>Sur rendez-vous<br \\\/><\\\/em><\\\/strong><br \\\/><span><strong>Visite guid\\u00e9e au monument<\\\/strong> : 80,00 \\u20ac toutes les 25 personnes + billet d\\u2019entr\\u00e9e<\\\/span><br \\\/><span><strong>Visite guid\\u00e9e au Mus\\u00e9e des Alpes:<\\\/strong> 80,00 \\u20ac toutes les 25 personnes + billet d\\u2019entr\\u00e9e<\\\/span><br \\\/><span><strong>Visite guid\\u00e9e au Mus\\u00e9e des Fortifications et des Fronti\\u00e8res:<\\\/strong> 80,00 \\u20ac toutes les 15 personnes<\\\/span><br \\\/><span><strong>Parcours historique (Mus\\u00e9e des Fortifications + visite au monument + Prisons):<\\\/strong> 100,00 \\u20ac toutes les 25 personnes \\u00a0+ billet d\\u2019entr\\u00e9e<\\\/span><br \\\/><span><strong>Visite au monument + Mus\\u00e9e des Alpes:<\\\/strong> 100,00 \\u20ac toutes les 25 personnes<\\\/span><em><br \\\/><\\\/em><span><strong>Visite au monument + Mus\\u00e9e des Fortifications et des Fronti\\u00e8res:<\\\/strong> 100,00 \\u20ac toutes les 25 personnes<\\\/span><\\\/p>\",\"meta\":\"Les r\\u00e9servations sont disponibles du lundi au vendredi de 9.00 \\u00e0 13.00 et de 14.00 \\u00e0 17.00 au +39 0125 833818 prenotazioni@fortedibard.it\",\"title\":\"Tarifs de groupe\"}},{\"type\":\"grid_item\",\"props\":{\"content\":\"\n\n<p><strong>Tarifs r\\u00e9duits pour\\u00a0<\\\/strong><\\\/p>\\n\n\n<ul>\\n\n\n<li>Visiteurs de plus de 65 ans<\\\/li>\\n\n\n<li>Visiteurs 19-25 ans<\\\/li>\\n\n\n<li>\\u00c9tudiants universitaires munis d'une carte \\u00e9tudiante valide<\\\/li>\\n\n\n<li>Groupes: Billet r\\u00e9duit pour les groupes de 12 personnes ou plus ; une entr\\u00e9e gratuite pour 20 personnes payantes<\\\/li>\\n<\\\/ul>\\n\n\n<p><strong>Entr\\u00e9e gratuite pour:<\\\/strong><\\\/p>\\n\n\n<ul>\\n\n\n<li>0-18 ans<\\\/li>\\n\n\n<li>Visites en situation de handicap et leur accompagnateur (uniquement pour les personnes handicap\\u00e9es ayant un besoin d'accompagnement justifi\\u00e9)<\\\/li>\\n\n\n<li>Guides touristiques (sur pr\\u00e9sentation d'une pi\\u00e8ce d'identit\\u00e9 valide)<\\\/li>\\n\n\n<li>Titulaires de la carte de membre Forte di Bard Save the Glacier<\\\/li>\\n\n\n<li>Journalistes munis d'une pi\\u00e8ce d'identit\\u00e9 valide uniquement pour des raisons professionnelles (et non personnelles) et sur demande d'accr\\u00e9ditation pr\\u00e9alable \\u00e0 adresser du lundi au vendredi \\u00e0 ufficiostampa@fortedibard.it.<\\\/li>\\n\n\n<li>L'autorisation du service de presse doit \\u00eatre demand\\u00e9e au moins deux jours \\u00e0 l'avance.<\\\/li>\\n<\\\/ul>\",\"link\":\"fr\\\/conventions\\\/\",\"link_text\":\"D\\u00e9couvrez les institutions affili\\u00e9es\",\"meta\":\"\",\"title\":\"Droit de gratuit\\u00e9 \"}}]}]}],\"props\":{\"id\":\"tariffe\"}}]},{\"name\":\"Accessi, mappa e parcheggi\",\"type\":\"section\",\"props\":{\"id\":\"comearrivare\",\"image_position\":\"center-center\",\"image_size\":\"cover\",\"style\":\"default\",\"title_breakpoint\":\"xl\",\"title_position\":\"top-left\",\"title_rotation\":\"left\",\"vertical_align\":\"\",\"width\":\"expand\"},\"children\":[{\"type\":\"row\",\"children\":[{\"type\":\"column\",\"props\":{\"image_position\":\"center-center\",\"position_sticky_breakpoint\":\"m\",\"width_medium\":\"1-1\"},\"children\":[{\"type\":\"headline\",\"props\":{\"content\":\"Acc\\u00e8s, plan et parking\",\"margin\":\"medium\",\"margin_remove_bottom\":false,\"title_decoration\":\"bullet\",\"title_element\":\"h2\",\"title_style\":\"h6\"}}]}],\"props\":{\"id\":\"arrivare\"}},{\"type\":\"row\",\"props\":{\"layout\":\"1-2,1-2\"},\"children\":[{\"type\":\"column\",\"props\":{\"image_position\":\"center-center\",\"position_sticky\":\"column\",\"position_sticky_breakpoint\":\"m\",\"position_sticky_offset\":\"40\",\"width_medium\":\"1-2\"},\"children\":[{\"type\":\"map\",\"props\":{\"controls\":true,\"dragging\":true,\"fit_bounds\":true,\"height\":550,\"image_svg_color\":\"emphasis\",\"link_style\":\"default\",\"link_text\":\"Read more\",\"margin\":\"default\",\"max_zoom\":18,\"meta_align\":\"below-title\",\"meta_element\":\"div\",\"meta_style\":\"text-meta\",\"min_zoom\":0,\"poi\":false,\"show_content\":true,\"show_image\":true,\"show_link\":true,\"show_meta\":true,\"show_title\":true,\"title_element\":\"h3\",\"title_hover_style\":\"reset\",\"type\":\"roadmap\",\"zoom\":\"14\",\"zooming\":true},\"children\":[{\"type\":\"map_item\",\"props\":{\"location\":\"45.61016941281683,7.74484313622909\",\"title\":\"P0 - Parcheggio Multipiano Forte di Bard\"}},{\"type\":\"map_item\",\"props\":{\"location\":\"45.60273023915198,7.7607899153419435\",\"title\":\"Strada romana delle Gallie\"}},{\"type\":\"map_item\",\"props\":{\"location\":\"45.60626370970169,7.744262710351478\",\"title\":\"P2 - Parcheggio San Giovanni - 35 posti\"}},{\"type\":\"map_item\",\"props\":{\"location\":\"45.603698843435986,7.751373386322272\",\"title\":\"Strada alternativa Forte\"}},{\"type\":\"map_item\",\"props\":{\"content\":\"\n\n<p>(gratuito, aperto solo in occasione di eventi)<\\\/p>\",\"location\":\"45.604840767663,7.746700251386844\",\"title\":\"P4 - Parcheggio centrale CVA\"}}]},{\"type\":\"html\",\"props\":{\"content\":\"<script>\\ndocument.addEventListener('DOMContentLoaded', function() {\\n    setTimeout(function(){\\n   document.querySelector('.leaflet-marker-icon').setAttribute(\\n      'aria-label',\\n      'Parcheggi Forte di Bard'\\n    );\\n}, 200);\\n    \\n});\\n<\\\/script>\"}}]},{\"type\":\"column\",\"props\":{\"image_position\":\"center-center\",\"position_sticky_breakpoint\":\"m\",\"width_medium\":\"1-2\"},\"children\":[{\"type\":\"accordion\",\"props\":{\"collapsible\":true,\"content_column_breakpoint\":\"m\",\"image_align\":\"top\",\"image_grid_breakpoint\":\"m\",\"image_grid_width\":\"1-2\",\"image_svg_color\":\"emphasis\",\"link_margin\":\"small\",\"link_size\":\"small\",\"link_style\":\"primary\",\"link_text\":\"Read more\",\"margin\":\"default\",\"parallax_easing\":\"1\",\"show_image\":true,\"show_link\":true,\"text_align\":\"left\",\"text_align_fallback\":\"center\"},\"children\":[{\"type\":\"accordion_item\",\"props\":{\"content\":\"\n\n<h4>En voiture<\\\/h4>\\n\n\n<p>Le Fort de Bard se situe \\u00e0 l'entr\\u00e9e de la Vall\\u00e9e d'Aoste, \\u00e0 48 km d'Aoste et \\u00e0 78 km de Turin, \\u00e0 mi-chemin entre Milan et Gen\\u00e8ve. Bard est accessible en voiture depuis la route nationale 26 de la Vall\\u00e9e d'Aoste et l'autoroute A5, en sortant respectivement aux p\\u00e9ages de Pont-Saint-Martin au sud et de Verr\\u00e8s au nord, \\u00e0 6 et 9 km.<\\\/p>\\n\n\n<h4>En train<\\\/h4>\\n\n\n<p>La gare la plus proche est celle de H\\u00f4ne-Bard, \\u00e0 600 m\\u00e8tres du Fort. Du 3 janvier 2024 au 31 d\\u00e9cembre 2026, un service de bus de remplacement sera assur\\u00e9 en raison des travaux d'\\u00e9lectrification sur la ligne Ivr\\u00e9e-Aoste.<br \\\/>Pour plus d'informations et pour acheter des billets:<strong><br \\\/><a href=\\\"http:\\\/\\\/www.trenitalia.com\\\/\\\" target=\\\"_blank\\\" rel=\\\"noopener\\\">Trenitalia.com<\\\/a><\\\/strong><\\\/p>\\n\n\n<h4>En bus<\\\/h4>\\n\n\n<p><span>Lignes de transports locaux: <\\\/span><strong><a href=\\\"http:\\\/\\\/www.vitagroup.it\\\/linee-urbane-extra-vda\\\">Vita Group<\\\/a> <\\\/strong>ou <strong><a href=\\\"https:\\\/\\\/savda.arriva.it\\\/\\\">Arriva<\\\/a><\\\/strong><strong><br \\\/><\\\/strong><span>Service de r\\u00e9servation priv\\u00e9 pour les transferts en voiture, minibus et navette : <\\\/span><strong><a href=\\\"http:\\\/\\\/www.transfervallee.eu\\\/\\\" target=\\\"_blank\\\" rel=\\\"noopener\\\">www.transfervallee.eu<\\\/a><\\\/strong><\\\/p>\\n\n\n<h4>En avion<\\\/h4>\\n\n\n<p><span>L'a\\u00e9roport le plus proche est l'a\\u00e9roport international Sandro-Pertini de Turin Caselle, \\u00e0 environ 60 km.<br \\\/>Pour plus d'informations sur les vols: <\\\/span><a href=\\\"http:\\\/\\\/www.aeroportoditorino.it\\\/it\\\" target=\\\"_blank\\\" rel=\\\"noopener\\\"><strong>Aeroporto di Torino Caselle<\\\/strong><\\\/a><\\\/p>\\n\n\n<h4>\\u00c0 pied le long de la Via Francigena<\\\/h4>\\n\n\n<p><span>Le Fort se trouve sur l\\u2019ancienne \\u201c Via Francigena \\u201d qui dans le Moyen-Age mettait en communication Canterbury \\u00e0 Rome. L\\u2019itin\\u00e9raire traversait toute la Vall\\u00e9e d\\u2019Aoste, \\u00e0 partir du Grand Saint-Bernard jusqu\\u2019\\u00e0 le village de Pont-Saint-Martin, pour continuer dans le Canavais, vers la ville d\\u2019Ivr\\u00e9e.<br \\\/>D\\u00e9couvres l\\u2019itin\\u00e9raire complet sur le site officiel <\\\/span><a href=\\\"http:\\\/\\\/www.viefrancigene.org\\\/it\\\/resource\\\/poi\\\/forte-di-bard\\\/\\\" target=\\\"_blank\\\" rel=\\\"noopener\\\"><strong>viefrancigene.org<\\\/strong><\\\/a><\\\/p>\",\"title\":\"Acc\\u00e8s\"}},{\"type\":\"accordion_item\",\"props\":{\"content\":\"\n\n<h4>Stationnement au Fort<br \\\/><strong><\\\/strong><\\\/h4>\\n\n\n<p>Parking 0 \\u00e0 plusieurs niveaux au pied du Fort de Bard (payant)<\\\/p>\\n\n\n<ul>\\n\n\n<li>Tarif de jour 8h00-19h30: <strong>5,00 \\u20ac<\\\/strong><\\\/li>\\n\n\n<li>Tarif de soir: 19h30-00h30 :<strong> 3,00 \\u20ac<\\\/strong><\\\/li>\\n\n\n<li>Tarif de nuit: 00h30-08h00 : <strong>2,00 \\u20ac<\\\/strong><\\\/li>\\n\n\n<li>Gratuit: pour les personnes handicap\\u00e9es munies d\\u2019un badge valide (pr\\u00e9sent\\u00e9 au point info).<\\\/li>\\n<\\\/ul>\\n\n\n<p><strong>Parking 1 Li\\u00e9ron<\\\/strong> \\u00e0 environ 300 m du Fort le long de la SS.26 (gratuit)<\\\/p>\\n\n\n<p><strong>Parking 2 San Giovanni<\\\/strong>, \\u00e0 environ 200 m\\u00e8tres du Fort, le long de la SS.26 (gratuit).<br \\\/>Le Fort est accessible \\u00e0 pied depuis San Giovanni par un sentier facile \\u00e0 travers les ch\\u00e2taigniers.<br \\\/><strong><\\\/strong><\\\/p>\\n\n\n<p><strong>Parking 3 Viadotto<\\\/strong> \\u00e0 environ 600 m du Fort (gratuit)<\\\/p>\\n\n\n<p><strong>Parking 4 Cva<\\\/strong> (gratuit, ouvert uniquement lors d'\\u00e9v\\u00e9nements)<\\\/p>\\n\n\n<h4><strong>Parking Hone<\\\/strong><\\\/h4>\\n\n\n<p>Depuis les parkings gratuits situ\\u00e9s au centre-ville de H\\u00f4ne, le Fort est facilement accessible \\u00e0 pied en quelques minutes seulement.<\\\/p>\\n\n\n<ul>\\n\n\n<li><strong>Area camper<\\\/strong><a href=\\\"http:\\\/\\\/www.comune.hone.ao.it\\\/it-it\\\/vivere-il-comune\\\/dove-dormire\\\/area-attrezzata-sosta-camper-le-raffor-30770-1-48acd55013d833c7879b062fb54b0d21\\\">Le Raff\\u00f2r<\\\/a><\\\/li>\\n\n\n<li><strong>Parcheggio 5 <\\\/strong>Stazione<\\\/li>\\n\n\n<li><strong>Parcheggio 6 <\\\/strong>Le Bois-Vuillermoz<\\\/li>\\n\n\n<li><strong>Parcheggio 7 <\\\/strong>Lou Ehqui\\u00e9zouc<\\\/li>\\n\n\n<li><strong>Parcheggio 8 <\\\/strong>Parco Giochi<\\\/li>\\n<\\\/ul>\\n\n\n<h4><strong>Parking Donnas<\\\/strong><\\\/h4>\\n\n\n<p><strong>Parking de la zone Ferrero<\\\/strong> (\\u00e0 proximit\\u00e9 de la voie romaine de Gaule, gratuit)<\\\/p>\",\"title\":\"Stationnement au Fort\"}},{\"type\":\"accordion_item\",\"props\":{\"content\":\"\n\n<p>Seuls les parkings 0, 1, 2 et 3 de la commune de Bard sont desservis par une navette vers le Fort (dimanches et jours f\\u00e9ri\\u00e9s).<br \\\/>Parking 4 (uniquement pendant les \\u00e9v\\u00e9nements)<\\\/p>\",\"title\":\"Navettes Gratuites\"}},{\"type\":\"accordion_item\",\"props\":{\"content\":\"\n\n<p><a href=\\\"https:\\\/\\\/www.lovevda.it\\\/it\\\/banca-dati\\\/11\\\/servizi\\\/hone\\\/parco-gioco-via-chanoux\\\/333\\\"><strong>Aree verdi e gioco Torrente Ayasse<\\\/strong><\\\/a><span>, \\u00e0 H\\u00f4ne (1 km)<\\\/span><br \\\/><a href=\\\"http:\\\/\\\/www.lovevda.it\\\/it\\\/banca-dati\\\/11\\\/aree-attrezzate-picnic\\\/donnas\\\/area-pic-nic-chignas-donnas\\\/246\\\"><strong>Area pic-nic Chignas<\\\/strong><\\\/a><span>, \\u00e0 Donnas (3 km)<\\\/span><br \\\/><a href=\\\"https:\\\/\\\/www.lovevda.it\\\/it\\\/banca-dati\\\/11\\\/aree-attrezzate-picnic\\\/pont-saint-martin\\\/area-pic-nic-bousc-dare-pont-saint-martin\\\/208\\\"><strong>Area pic-nic Bousc Dar\\u00e9<\\\/strong><\\\/a><span>, \\u00e0 Pont-Saint-Martin (5 km)<\\\/span><\\\/p>\",\"title\":\"Espaces verts et am\\u00e9nag\\u00e9s \\u00e0 proximit\\u00e9\"}},{\"type\":\"accordion_item\",\"props\":{\"content\":\"\n\n<ol>\\n\n\n<li><span>Les chiens de grande et moyenne taille ne peuvent acc\\u00e9der aux espaces expositifs et mus\\u00e9als et doivent \\u00eatre tenus en laisse en consid\\u00e9ration du respect pour les autres visiteurs et \\u00e0 garantie de la suret\\u00e9 de personnes, oeuvres d\\u2019art et mise en sc\\u00e8ne des expositions.<\\\/span><\\\/li>\\n\n\n<li><span>L\\u2019acc\\u00e8s aux ascenseurs est permis seulement aux chiens tenus en laisse et museau, seulement en cas de faible participation de public et selon irr\\u00e9cusable \\u00e9valuation de la part du personnel du Fort de Bard.<\\\/span><\\\/li>\\n\n\n<li><span>L\\u2019acc\\u00e8s au Fort est assur\\u00e9 \\u00e0 travers les parcours pi\\u00e9tons interne et externe.<\\\/span><\\\/li>\\n\n\n<li><span>Les chiens de petite taille (par exemple: Pintcher, Bulldog fran\\u00e7ais, Yorkshire, Shih-Tzu) peuvent acc\\u00e9der \\u00e0 tous espaces seulement si transport\\u00e9s dans leur chenil. Il est interdit de les faire circuler \\u00e0 l\\u2019int\\u00e9rieur des espaces expositifs permanents et temporaires.<\\\/span><\\\/li>\\n\n\n<li><span>L\\u2019acc\\u00e8s aux espaces expositifs peut de toute fa\\u00e7on \\u00eatre interdit aux cas du point 4 selon le type d\\u2019expositions pr\\u00e9sentes. Tous visiteurs recevront communication par la Billetterie.<\\\/span><\\\/li>\\n\n\n<li><span>Les propri\\u00e9taires avec leur chiens pourront attendre dans l\\u2019Ouvrage de Gola dans le lieu indiqu\\u00e9e.<\\\/span><\\\/li>\\n\n\n<li><span>L\\u2019acc\\u00e8s aux chiens est permis dans la Caf\\u00e9t\\u00e9ria et le Bookshop du Fort uniquement en laisse ou dans leur chenil.<\\\/span><br \\\/><span>Il est interdit de laisser les chiens sans surveillance et leur \\u00e9ventuels abattements sont \\u00e0 \\u00e9liminer par les propri\\u00e9taires.<\\\/span><\\\/li>\\n\n\n<li><span>L\\u2019acc\\u00e8s aux chiens de toutes tailles est interdit dans les salles d\\u00e9di\\u00e9es aux expositions.<\\\/span><\\\/li>\\n<\\\/ol>\",\"title\":\"Acc\\u00e8s aux chiens\"}}]}]}]}]},{\"name\":\"Servizi\",\"type\":\"section\",\"props\":{\"id\":\"servizi\",\"image_position\":\"center-center\",\"image_size\":\"cover\",\"style\":\"muted\",\"title_breakpoint\":\"xl\",\"title_position\":\"top-left\",\"title_rotation\":\"left\",\"vertical_align\":\"\",\"width\":\"expand\"},\"children\":[{\"type\":\"row\",\"children\":[{\"type\":\"column\",\"props\":{\"image_position\":\"center-center\",\"position_sticky_breakpoint\":\"m\"},\"children\":[{\"type\":\"headline\",\"props\":{\"content\":\"Services\",\"margin\":\"medium\",\"margin_remove_bottom\":false,\"title_decoration\":\"bullet\",\"title_element\":\"h2\",\"title_style\":\"h6\"}},{\"type\":\"text\",\"props\":{\"column_breakpoint\":\"m\",\"content\":\"\n\n<p>Le Fort de Bard est \\u00e9quip\\u00e9 des services d'accueil les plus modernes et dispose d'infrastructures garantissant un niveau de qualit\\u00e9 \\u00e9lev\\u00e9. Tous les espaces sont climatis\\u00e9s et chauff\\u00e9s. Les groupes et les \\u00e9coles peuvent r\\u00e9server une visite guid\\u00e9e du Fort, ainsi que des m\\u00e9diateurs culturels pour des activit\\u00e9s p\\u00e9dagogiques.<\\\/p>\",\"margin\":\"default\"}},{\"type\":\"grid\",\"props\":{\"content_column_breakpoint\":\"m\",\"content_margin\":\"small\",\"filter_align\":\"left\",\"filter_all\":true,\"filter_grid_breakpoint\":\"m\",\"filter_grid_width\":\"auto\",\"filter_position\":\"top\",\"filter_style\":\"tab\",\"grid_default\":\"1\",\"grid_medium\":\"4\",\"grid_row_gap\":\"large\",\"icon_width\":\"25\",\"image_align\":\"left\",\"image_grid_breakpoint\":\"m\",\"image_grid_width\":\"1-4\",\"image_svg_color\":\"emphasis\",\"item_animation\":true,\"lightbox_bg_close\":true,\"link_margin\":\"small\",\"link_size\":\"small\",\"link_style\":\"primary\",\"link_text\":\"Read more\",\"margin\":\"default\",\"meta_align\":\"below-title\",\"meta_element\":\"div\",\"meta_margin\":\"small\",\"meta_style\":\"text-meta\",\"panel_padding\":\"small\",\"parallax_easing\":\"1\",\"show_content\":true,\"show_hover_image\":true,\"show_hover_video\":true,\"show_image\":true,\"show_link\":true,\"show_meta\":true,\"show_title\":true,\"show_video\":true,\"text_align\":\"left\",\"text_align_fallback\":\"center\",\"title_align\":\"top\",\"title_element\":\"h3\",\"title_grid_breakpoint\":\"m\",\"title_grid_width\":\"1-2\",\"title_hover_style\":\"reset\",\"title_style\":\"h5\"},\"children\":[{\"type\":\"grid_item\",\"props\":{\"content\":\"\n\n<p>Les toilettes adjacentes \\u00e0 la Caf\\u00e9t\\u00e9ria Gola et \\u00e0 la Cannoni\\u00e8re disposent d'une table \\u00e0 langer.<\\\/p>\",\"icon\":\"heroicons-outline--inbox\",\"meta\":\"\",\"title\":\"Table \\u00e0 langer\"}},{\"type\":\"grid_item\",\"props\":{\"content\":\"\n\n<p>Service actif d\\u00e8s l'inscription.<\\\/p>\",\"icon\":\"heroicons-outline--wifi\",\"meta\":\"\",\"title\":\"R\\u00e9seau Wi-Fi gratuit\"}},{\"type\":\"grid_item\",\"props\":{\"content\":\"\n\n<p>Le Fort de Bard est \\u00e9quip\\u00e9 d'un d\\u00e9fibrillateur pour faire face aux situations complexes de premiers secours.<\\\/p>\",\"icon\":\"heroicons-outline--heart\",\"meta\":\"\",\"title\":\"D\\u00e9fibrillateur\"}},{\"type\":\"grid_item\",\"props\":{\"content\":\"\n\n<p>Zones fumeurs d\\u00e9di\\u00e9es: dans l'espace devant le b\\u00e2timent de d\\u00e9part de l'ascenseur panoramique et dans la zone d\\u00e9sign\\u00e9e \\u00e0 l'int\\u00e9rieur de la Piazza di Gola.<\\\/p>\",\"icon\":\"heroicons-outline--fire\",\"meta\":\"\",\"title\":\"Espace fumeur\"}}]},{\"type\":\"grid\",\"props\":{\"content_column_breakpoint\":\"m\",\"content_margin\":\"small\",\"filter_align\":\"left\",\"filter_all\":true,\"filter_grid_breakpoint\":\"m\",\"filter_grid_width\":\"auto\",\"filter_position\":\"top\",\"filter_style\":\"tab\",\"grid_default\":\"1\",\"grid_medium\":\"2\",\"grid_row_gap\":\"large\",\"icon_width\":\"65\",\"image_align\":\"left\",\"image_grid_breakpoint\":\"m\",\"image_grid_width\":\"1-4\",\"image_svg_color\":\"emphasis\",\"item_animation\":true,\"lightbox_bg_close\":true,\"link_margin\":\"small\",\"link_size\":\"small\",\"link_style\":\"primary\",\"link_text\":\"Read more\",\"margin\":\"default\",\"meta_align\":\"below-title\",\"meta_element\":\"div\",\"meta_margin\":\"small\",\"meta_style\":\"text-meta\",\"panel_padding\":\"small\",\"parallax_easing\":\"1\",\"show_content\":true,\"show_hover_image\":true,\"show_hover_video\":true,\"show_image\":true,\"show_link\":true,\"show_meta\":true,\"show_title\":true,\"show_video\":true,\"text_align\":\"left\",\"text_align_fallback\":\"center\",\"title_align\":\"top\",\"title_element\":\"h3\",\"title_grid_breakpoint\":\"m\",\"title_grid_width\":\"1-2\",\"title_hover_style\":\"reset\",\"title_style\":\"h5\"},\"children\":[{\"type\":\"grid_item\",\"props\":{\"content\":\"\n\n<p>Le Fort abrite \\u2013 dans l\\u2019Op\\u00e9ra Carlo Alberto \\u2013 un centre de pr\\u00e9sentation et de promotion de la r\\u00e9gion Vall\\u00e9e d\\u2019Aoste appel\\u00e9 Espace Vall\\u00e9e Culture.<\\\/p>\",\"image\":\"wp-content\\\/uploads\\\/2025\\\/09\\\/iconaRegioneVda2.png\",\"link\":\"fr\\\/services\\\/#espaceValleeCulture\",\"link_text\":\"En savoir plus\",\"panel_style\":\"card-default\",\"title\":\"Espace Vall\\u00e9e Culture\"}},{\"type\":\"grid_item\",\"props\":{\"content\":\"\n\n<p>Le premier \\u00e9tage du b\\u00e2timent d'accueil est d\\u00e9di\\u00e9 \\u00e0 la promotion du tourisme, de la culture, de l'environnement, de la gastronomie et du vin de la Vall\\u00e9e d'Aoste.<\\\/p>\",\"icon\":\"heroicons-outline--information-circle\",\"link\":\"fr\\\/services\\\/#infoLounge\",\"link_text\":\"En savoir plus\",\"panel_style\":\"card-default\",\"title\":\"InfoLounge\"}}]}]}],\"props\":{\"id\":\"tuttiservizi\"}}]},{\"name\":\"GIFT & SHOP\",\"type\":\"section\",\"props\":{\"id\":\"shop\",\"image_position\":\"center-center\",\"image_size\":\"cover\",\"style\":\"primary\",\"title_breakpoint\":\"xl\",\"title_position\":\"top-left\",\"title_rotation\":\"left\",\"vertical_align\":\"\",\"width\":\"expand\"},\"children\":[{\"type\":\"row\",\"children\":[{\"type\":\"column\",\"props\":{\"image_position\":\"center-center\",\"position_sticky_breakpoint\":\"m\"},\"children\":[{\"type\":\"headline\",\"props\":{\"content\":\"Gift &amp; Shop\",\"margin\":\"medium\",\"margin_remove_bottom\":false,\"title_decoration\":\"bullet\",\"title_element\":\"h2\",\"title_style\":\"h6\"}},{\"type\":\"grid\",\"props\":{\"content_column_breakpoint\":\"m\",\"filter_align\":\"left\",\"filter_all\":true,\"filter_grid_breakpoint\":\"m\",\"filter_grid_width\":\"auto\",\"filter_position\":\"top\",\"filter_style\":\"tab\",\"grid_column_gap\":\"large\",\"grid_default\":\"1\",\"grid_medium\":\"4\",\"grid_row_gap\":\"large\",\"icon_width\":\"30\",\"image_align\":\"left\",\"image_grid_breakpoint\":\"m\",\"image_grid_column_gap\":\"collapse\",\"image_grid_width\":\"1-5\",\"image_svg_color\":\"emphasis\",\"item_animation\":true,\"lightbox_bg_close\":true,\"link_margin\":\"small\",\"link_size\":\"small\",\"link_style\":\"\",\"link_text\":\"En savoir plus &#8594;\",\"margin\":\"default\",\"meta_align\":\"above-title\",\"meta_element\":\"div\",\"meta_margin\":\"small\",\"meta_style\":\"text-meta\",\"parallax_easing\":\"1\",\"show_content\":true,\"show_hover_image\":true,\"show_hover_video\":true,\"show_image\":true,\"show_link\":true,\"show_meta\":true,\"show_title\":true,\"show_video\":true,\"text_align\":\"left\",\"text_align_fallback\":\"center\",\"title_align\":\"top\",\"title_element\":\"h3\",\"title_grid_breakpoint\":\"m\",\"title_grid_width\":\"1-2\",\"title_hover_style\":\"reset\",\"title_link\":true,\"title_margin\":\"small\",\"title_style\":\"h4\"},\"children\":[{\"type\":\"grid_item\",\"props\":{\"content\":\"\",\"icon\":\"heroicons-outline--building-storefront\",\"link\":\"fr\\\/shop\\\/\",\"meta\":\"Shop\",\"title\":\"Librairie du Fort\"}},{\"type\":\"grid_item\",\"props\":{\"content\":\"\",\"icon\":\"heroicons-outline--shopping-bag\",\"link\":\"https:\\\/\\\/shop.alpinelands.it\\\/forte-di-bard\\\/\",\"meta\":\"Shop\",\"title\":\"Shop en ligne & Merchandising\"}}]},{\"type\":\"divider\",\"props\":{\"divider_element\":\"hr\"}},{\"type\":\"grid\",\"props\":{\"content_column_breakpoint\":\"m\",\"filter_align\":\"left\",\"filter_all\":true,\"filter_grid_breakpoint\":\"m\",\"filter_grid_width\":\"auto\",\"filter_position\":\"top\",\"filter_style\":\"tab\",\"grid_column_gap\":\"large\",\"grid_default\":\"1\",\"grid_medium\":\"4\",\"grid_row_gap\":\"large\",\"icon_width\":\"30\",\"image_align\":\"left\",\"image_grid_breakpoint\":\"m\",\"image_grid_column_gap\":\"collapse\",\"image_grid_width\":\"1-5\",\"image_svg_color\":\"emphasis\",\"item_animation\":true,\"lightbox_bg_close\":true,\"link_margin\":\"small\",\"link_size\":\"small\",\"link_style\":\"\",\"link_text\":\"En savoir plus &#8594;\",\"margin\":\"default\",\"meta_align\":\"above-title\",\"meta_element\":\"div\",\"meta_margin\":\"small\",\"meta_style\":\"text-meta\",\"parallax_easing\":\"1\",\"show_content\":true,\"show_hover_image\":true,\"show_hover_video\":true,\"show_image\":true,\"show_link\":true,\"show_meta\":true,\"show_title\":true,\"show_video\":true,\"text_align\":\"left\",\"text_align_fallback\":\"center\",\"title_align\":\"top\",\"title_element\":\"h3\",\"title_grid_breakpoint\":\"m\",\"title_grid_width\":\"1-2\",\"title_hover_style\":\"reset\",\"title_link\":true,\"title_margin\":\"small\",\"title_style\":\"h4\"},\"children\":[{\"type\":\"grid_item\",\"props\":{\"content\":\"\",\"icon\":\"heroicons-outline--paint-brush\",\"link\":\"fr\\\/environs-fort-de-bard\\\/maison-bleue-art-gallery\\\/\",\"meta\":\"Art\",\"title\":\"Maison Bleue Art Gallery\"}},{\"type\":\"grid_item\",\"props\":{\"content\":\"\",\"icon\":\"heroicons-outline--paint-brush\",\"link\":\"fr\\\/environs-fort-de-bard\\\/the-little-wild-gallery\\\/\",\"meta\":\"ART\",\"title\":\"Little Wild Gallery\"}}]}]}]}]},{\"name\":\"Ristoranti, caff\\u00e8 & ricettivit\\u00e0\",\"type\":\"section\",\"props\":{\"id\":\"ristoranti\",\"image_position\":\"center-center\",\"image_size\":\"cover\",\"style\":\"default\",\"title_breakpoint\":\"xl\",\"title_position\":\"top-left\",\"title_rotation\":\"left\",\"vertical_align\":\"\",\"width\":\"expand\"},\"children\":[{\"type\":\"row\",\"children\":[{\"type\":\"column\",\"props\":{\"image_position\":\"center-center\",\"position_sticky_breakpoint\":\"m\"},\"children\":[{\"type\":\"headline\",\"props\":{\"content\":\"Restaurants, caf\\u00e9s et hospitalit\\u00e9\",\"margin\":\"medium\",\"margin_remove_bottom\":false,\"title_decoration\":\"bullet\",\"title_element\":\"h2\",\"title_style\":\"h6\"}},{\"type\":\"grid\",\"props\":{\"content_column_breakpoint\":\"m\",\"filter_align\":\"left\",\"filter_all\":true,\"filter_grid_breakpoint\":\"m\",\"filter_grid_width\":\"auto\",\"filter_position\":\"top\",\"filter_style\":\"tab\",\"grid_column_gap\":\"large\",\"grid_default\":\"1\",\"grid_medium\":\"2\",\"grid_row_gap\":\"large\",\"icon_width\":80,\"image_align\":\"top\",\"image_grid_breakpoint\":\"m\",\"image_grid_width\":\"1-2\",\"image_svg_color\":\"emphasis\",\"item_animation\":true,\"lightbox_bg_close\":true,\"link_margin\":\"small\",\"link_size\":\"small\",\"link_style\":\"primary\",\"link_text\":\"Read more\",\"margin\":\"default\",\"meta_align\":\"below-title\",\"meta_element\":\"div\",\"meta_margin\":\"small\",\"meta_style\":\"text-meta\",\"parallax_easing\":\"1\",\"show_content\":true,\"show_hover_image\":true,\"show_hover_video\":true,\"show_image\":true,\"show_link\":true,\"show_meta\":true,\"show_title\":true,\"show_video\":true,\"text_align\":\"left\",\"text_align_fallback\":\"center\",\"title_align\":\"top\",\"title_element\":\"h3\",\"title_grid_breakpoint\":\"m\",\"title_grid_width\":\"1-2\",\"title_hover_style\":\"reset\",\"title_style\":\"h3\"},\"children\":[{\"type\":\"grid_item\",\"props\":{\"content\":\"\n\n<p>Au c\\u0153ur de l'Op\\u00e9ra Carlo Alberto du Fort de Bard, l'\\u00e9l\\u00e9gant et raffin\\u00e9 H\\u00f4tel Cavour et des Officiers, install\\u00e9 dans les salles de l'ancienne garnison, au-dessus du four \\u00e0 pain, vous attend pour un s\\u00e9jour exceptionnel. Nous vous proposons l'exp\\u00e9rience unique de s\\u00e9journer au c\\u0153ur de la forteresse, dans onze chambres exclusives, \\u00e0 quelques m\\u00e8tres de grandes \\u0153uvres d'art.<\\\/p>\",\"link\":\"https:\\\/\\\/hotelcavour.fortedibard.it\\\/\",\"link_text\":\"En savoir plus\",\"meta\":\"Hospitalit\\u00e9\",\"title\":\"Hotel Cavour et des officiers\"}},{\"type\":\"grid_item\",\"props\":{\"content\":\"\n\n<p>Ceux qui consacrent une journ\\u00e9e au Fort et \\u00e0 son parc pourront savourer les menus de la Caffetteria di Gola, situ\\u00e9e dans le b\\u00e2timent historique du m\\u00eame nom, avec son mobilier design et ses anciennes fen\\u00eatres \\u00e0 fentes offrant une vue sur la vall\\u00e9e.<\\\/p>\\n\n\n<p>L'\\u00e9l\\u00e9gant caf\\u00e9 du Fort est id\\u00e9al pour d\\u00e9guster un large choix de produits\\u00a0: sandwichs, salades, plats traditionnels et desserts.<\\\/p>\",\"meta\":\"Food\",\"title\":\"Caf\\u00e9t\\u00e9ria di Gola\"}},{\"type\":\"grid_item\",\"props\":{\"content\":\"\n\n<p>Au c\\u0153ur du village m\\u00e9di\\u00e9val de Bard, trois appartements de deux pi\\u00e8ces, chacun pouvant accueillir trois personnes, sont am\\u00e9nag\\u00e9s dans une charmante demeure historique. Tarifs\\u00a0: de 40\\u00a0\\u20ac\\\/jour \\u00e0 50\\u00a0\\u20ac\\\/jour maximum.<br \\\/><span>Contacts: <\\\/span><strong><a href=\\\"mailto:hotelcavour@fortedibard.it\\\">hotelcavour@fortedibard.it<\\\/a><br \\\/><\\\/strong><em>Code Cin: IT007009B4X4D43RI4<\\\/em><\\\/p>\",\"meta\":\"Hospitalit\\u00e9\",\"title\":\"Maison Urbano Lodge\"}},{\"type\":\"grid_item\",\"props\":{\"content\":\"\n\n<p>Le restaurant La Polveriera propose des d\\u00e9jeuners compos\\u00e9s de sp\\u00e9cialit\\u00e9s vald\\u00f4taines et italiennes.<\\\/p>\\n\n\n<p>Pour vos conf\\u00e9rences et \\u00e9v\\u00e9nements sp\\u00e9ciaux (en journ\\u00e9e et en soir\\u00e9e), des services de traiteur externes sont disponibles.<\\\/p>\",\"link\":\"fr\\\/nous-contacter\\\/\",\"link_text\":\"R\\u00e9servations et informations\",\"meta\":\"Food\",\"title\":\"R\\u00e9staurant La Polveriera\"}}]}]}]}]},{\"name\":\"Visite guidate & gruppi\",\"type\":\"section\",\"props\":{\"id\":\"visite\",\"image_position\":\"center-center\",\"image_size\":\"cover\",\"style\":\"muted\",\"title_breakpoint\":\"xl\",\"title_position\":\"top-left\",\"title_rotation\":\"left\",\"vertical_align\":\"\",\"width\":\"expand\"},\"children\":[{\"type\":\"row\",\"children\":[{\"type\":\"column\",\"props\":{\"image_position\":\"center-center\",\"position_sticky_breakpoint\":\"m\",\"width_medium\":\"1-1\"},\"children\":[{\"type\":\"headline\",\"props\":{\"content\":\"Visites guid\\u00e9es et groupes\",\"margin\":\"medium\",\"margin_remove_bottom\":false,\"title_decoration\":\"bullet\",\"title_element\":\"h2\",\"title_style\":\"h6\"}}]}]},{\"type\":\"row\",\"props\":{\"layout\":\"1-2,1-2\"},\"children\":[{\"type\":\"column\",\"props\":{\"image_position\":\"center-center\",\"position_sticky\":\"column\",\"position_sticky_breakpoint\":\"m\",\"position_sticky_offset\":\"40\",\"width_medium\":\"1-2\"},\"children\":[{\"type\":\"image\",\"props\":{\"image\":\"wp-content\\\/uploads\\\/2025\\\/08\\\/ForteDiBard-Gallery1.jpg\",\"image_svg_color\":\"emphasis\",\"image_width\":2580,\"margin\":\"default\"}}]},{\"type\":\"column\",\"props\":{\"image_position\":\"center-center\",\"position_sticky_breakpoint\":\"m\",\"width_medium\":\"1-2\"},\"children\":[{\"type\":\"grid\",\"props\":{\"content_column_breakpoint\":\"m\",\"filter_align\":\"left\",\"filter_all\":true,\"filter_grid_breakpoint\":\"m\",\"filter_grid_width\":\"auto\",\"filter_position\":\"top\",\"filter_style\":\"tab\",\"grid_column_gap\":\"large\",\"grid_default\":\"1\",\"grid_medium\":\"\",\"grid_row_gap\":\"large\",\"icon_width\":80,\"image_align\":\"top\",\"image_grid_breakpoint\":\"m\",\"image_grid_width\":\"1-2\",\"image_svg_color\":\"emphasis\",\"item_animation\":true,\"lightbox_bg_close\":true,\"link_margin\":\"small\",\"link_size\":\"small\",\"link_style\":\"primary\",\"link_text\":\"Read more\",\"margin\":\"default\",\"meta_align\":\"below-title\",\"meta_element\":\"div\",\"meta_margin\":\"small\",\"meta_style\":\"text-meta\",\"parallax_easing\":\"1\",\"show_content\":true,\"show_hover_image\":true,\"show_hover_video\":true,\"show_image\":true,\"show_link\":true,\"show_meta\":true,\"show_title\":true,\"show_video\":true,\"text_align\":\"left\",\"text_align_fallback\":\"center\",\"title_align\":\"top\",\"title_element\":\"h3\",\"title_grid_breakpoint\":\"m\",\"title_grid_width\":\"1-2\",\"title_hover_style\":\"reset\",\"title_style\":\"h3\"},\"children\":[{\"type\":\"grid_item\",\"props\":{\"content\":\"\n\n<p><strong>Des visites guid\\u00e9es de la forteresse sont propos\\u00e9es tous les samedis et dimanches, avec des d\\u00e9parts \\u00e0 11h00 et 15h00.<br \\\/><\\\/strong>Service disponible tous les jours du 28 juillet au 7 septembre 2025.<\\\/p>\\n\n\n<p>Visite historique de la forteresse d'une dur\\u00e9e d'1h15.<br \\\/>Tarif : 10,00 \\u20ac + billet d'entr\\u00e9e au fort.<\\\/p>\\n\n\n<p>Service sur r\\u00e9servation.<a href=\\\"https:\\\/\\\/ticket.midaticket.it\\\/fortedibard\\\/Event\\\/152\\\/Dates\\\"><strong>MidaTicket\\u00a0<\\\/strong><\\\/a><\\\/p>\\n\n\n<p><span>Les d\\u00e9tenteurs d'un pass mus\\u00e9e et les personnes handicap\\u00e9es doivent r\\u00e9server la visite guid\\u00e9e en \\u00e9crivant \\u00e0 <\\\/span><strong><a href=\\\"mailto:prenotazioni@fortedibard.it\\\">prenotazioni@fortedibard.it<\\\/a><\\\/strong><span> du lundi au vendredi (heures de bureau)<\\\/span><\\\/p>\",\"meta\":\"\",\"title\":\"Visites guid\\u00e9es du Fort\"}},{\"type\":\"grid_item\",\"props\":{\"content\":\"\n\n<p>Pour ceux qui souhaitent profiter d'une visite guid\\u00e9e exclusive du Fort (de 2 \\u00e0 8 personnes maximum),<\\\/p>\\n\n\n<p>Tarif\\u00a0: Visite guid\\u00e9e\\u00a0: 80,00\\u00a0\\u20ac + 10,00\\u00a0\\u20ac d'entr\\u00e9e avec deux espaces d'exposition au choix.<br \\\/>Service sur r\\u00e9servation:\\u00a0<strong><a href=\\\"mailto:prenotazioni@fortedibard.it\\\">prenotazioni@fortedibard.it<\\\/a><\\\/strong> ou en appelant le 0125 833811.<\\\/p>\\n\n\n<p>Les r\\u00e9servations sont accept\\u00e9es du lundi au vendredi (heures de bureau)<\\\/p>\",\"meta\":\"\",\"title\":\"Visites guid\\u00e9es exclusives\"}}]},{\"type\":\"text\",\"props\":{\"column_breakpoint\":\"m\",\"content\":\"\n\n<h3>Get Your Guide<\\\/h3>\\n\n\n<p><span>Non importa dove ti portino i tuoi viaggi, GetYourGuide ti permetter\\u00e0 di esplorare la tua destinazione in modo autentico. Crea ricordi in tutto il mondo con le nostre esperienze selezionate e curate da persone esperte locali. <\\\/span><a href=\\\"https:\\\/\\\/www.getyourguide.it\\\/forte-di-bard-l189911\\\/\\\"><strong>Scopri le proposte e i pacchetti sul portale Get Your Guide<\\\/strong><\\\/a><\\\/p>\",\"margin\":\"default\"}},{\"type\":\"divider\",\"props\":{\"divider_element\":\"hr\"}},{\"type\":\"button\",\"props\":{\"grid_column_gap\":\"small\",\"grid_row_gap\":\"small\",\"margin\":\"default\"},\"children\":[{\"type\":\"button_item\",\"props\":{\"button_style\":\"primary\",\"content\":\"En savoir plus sur les visites guid\\u00e9es pour les groupes et les \\u00e9coles\",\"dialog_layout\":\"modal\",\"dialog_offcanvas_flip\":true,\"icon_align\":\"left\",\"link\":\"fr\\\/didactique\\\/\"}}]}]}]}]},{\"name\":\"Accessibilit\\u00e0\",\"type\":\"section\",\"props\":{\"id\":\"accessibilita\",\"image_position\":\"center-center\",\"image_size\":\"cover\",\"style\":\"default\",\"title_breakpoint\":\"xl\",\"title_position\":\"top-left\",\"title_rotation\":\"left\",\"vertical_align\":\"\",\"width\":\"expand\"},\"children\":[{\"type\":\"row\",\"children\":[{\"type\":\"column\",\"props\":{\"image_position\":\"center-center\",\"position_sticky_breakpoint\":\"m\",\"width_medium\":\"1-1\"},\"children\":[{\"type\":\"headline\",\"props\":{\"content\":\"Accessibilit\\u00e9\",\"margin\":\"medium\",\"margin_remove_bottom\":false,\"title_decoration\":\"bullet\",\"title_element\":\"h2\",\"title_style\":\"h6\"}},{\"type\":\"grid\",\"props\":{\"content_column_breakpoint\":\"m\",\"filter_align\":\"left\",\"filter_all\":true,\"filter_grid_breakpoint\":\"m\",\"filter_grid_width\":\"auto\",\"filter_position\":\"top\",\"filter_style\":\"tab\",\"grid_column_gap\":\"large\",\"grid_default\":\"1\",\"grid_medium\":\"2\",\"grid_row_gap\":\"large\",\"icon_width\":80,\"image_align\":\"top\",\"image_grid_breakpoint\":\"m\",\"image_grid_width\":\"1-2\",\"image_svg_color\":\"emphasis\",\"item_animation\":true,\"lightbox_bg_close\":true,\"link_margin\":\"small\",\"link_size\":\"small\",\"link_style\":\"primary\",\"link_text\":\"Read more\",\"margin\":\"default\",\"meta_align\":\"below-title\",\"meta_element\":\"div\",\"meta_margin\":\"small\",\"meta_style\":\"text-meta\",\"parallax_easing\":\"1\",\"show_content\":true,\"show_hover_image\":true,\"show_hover_video\":true,\"show_image\":true,\"show_link\":true,\"show_meta\":true,\"show_title\":true,\"show_video\":true,\"text_align\":\"left\",\"text_align_fallback\":\"center\",\"title_align\":\"top\",\"title_element\":\"h3\",\"title_grid_breakpoint\":\"m\",\"title_grid_width\":\"1-2\",\"title_hover_style\":\"reset\",\"title_style\":\"h3\"},\"children\":[{\"type\":\"grid_item\",\"props\":{\"content\":\"\n\n<p><span>Le Fort Bard est accessible aux personnes \\u00e0 mobilit\\u00e9 r\\u00e9duite et chaque niveau est accessible par des ascenseurs ou des passerelles pi\\u00e9tonnes \\u00e9quip\\u00e9es de rampes. L'acc\\u00e8s est accessible aux personnes \\u00e0 mobilit\\u00e9 r\\u00e9duite, aux fauteuils roulants et aux poussettes.<\\\/span><\\\/p>\\n\n\n<p><span>Un fauteuil roulant est disponible sur demande pour les visiteurs \\u00e0 mobilit\\u00e9 r\\u00e9duite afin de faciliter leur visite des espaces d'exposition. Veuillez nous contacter \\u00e0 l'avance au +39 0125 833818.<\\\/span><\\\/p>\",\"meta\":\"\",\"title\":\"Accessibilit\\u00e9 pour les personnes \\u00e0 mobilit\\u00e9 r\\u00e9duite\"}},{\"type\":\"grid_item\",\"props\":{\"content\":\"\n\n<p>Pour d\\u00e9couvrir l'histoire du site monumental, les visiteurs aveugles peuvent consulter trois totems avec descriptions en braille et plans en relief, situ\\u00e9s dans un espace facilement accessible au deuxi\\u00e8me \\u00e9tage du parking \\u00e0 \\u00e9tages.<\\\/p>\\n\n\n<p>Des maquettes du Fort sont \\u00e9galement disponibles dans les diff\\u00e9rents ouvrages.<\\\/p>\",\"meta\":\"\",\"title\":\"Parcours tactile pour les personnes aveugles ou malvoyantes\"}}]}]}]}]}],\"version\":\"4.5.28\",\"yooessentialsVersion\":\"2.4.12\"} --><\/p>\n","protected":false},"excerpt":{"rendered":"<p>Acheter des billets Comment y arriver Billets et tarifs Horaires Services Cadeaux et boutique Restaurants, caf\u00e9s et hospitalit\u00e9 Visites guid\u00e9es et groupes Accessibilit\u00e9 Comment y arriver Billets et tarifs Horaires [&hellip;]<\/p>\n","protected":false},"author":1,"featured_media":0,"parent":0,"menu_order":0,"comment_status":"closed","ping_status":"closed","template":"","meta":{"_acf_changed":false,"_seopress_robots_primary_cat":"","_seopress_titles_title":"Informations utiles | Forte di Bard \u2013 Horaires et acc\u00e8s","_seopress_titles_desc":"Toutes les informations utiles pour votre visite au Forte di Bard : horaires, tarifs, comment venir, parkings, accessibilit\u00e9 et services sur place.","_seopress_robots_index":"","footnotes":""},"class_list":["post-5452","page","type-page","status-publish","hentry"],"acf":[],"publishpress_future_workflow_manual_trigger":{"enabledWorkflows":[]},"_links":{"self":[{"href":"https:\/\/www.fortedibard.it\/fr\/wp-json\/wp\/v2\/pages\/5452","targetHints":{"allow":["GET"]}}],"collection":[{"href":"https:\/\/www.fortedibard.it\/fr\/wp-json\/wp\/v2\/pages"}],"about":[{"href":"https:\/\/www.fortedibard.it\/fr\/wp-json\/wp\/v2\/types\/page"}],"author":[{"embeddable":true,"href":"https:\/\/www.fortedibard.it\/fr\/wp-json\/wp\/v2\/users\/1"}],"replies":[{"embeddable":true,"href":"https:\/\/www.fortedibard.it\/fr\/wp-json\/wp\/v2\/comments?post=5452"}],"version-history":[{"count":94,"href":"https:\/\/www.fortedibard.it\/fr\/wp-json\/wp\/v2\/pages\/5452\/revisions"}],"predecessor-version":[{"id":7604,"href":"https:\/\/www.fortedibard.it\/fr\/wp-json\/wp\/v2\/pages\/5452\/revisions\/7604"}],"wp:attachment":[{"href":"https:\/\/www.fortedibard.it\/fr\/wp-json\/wp\/v2\/media?parent=5452"}],"curies":[{"name":"wp","href":"https:\/\/api.w.org\/{rel}","templated":true}]}}