{"id":5280,"date":"2025-08-20T17:57:32","date_gmt":"2025-08-20T15:57:32","guid":{"rendered":"https:\/\/www.fortedibard.it\/partner\/"},"modified":"2025-10-30T09:36:48","modified_gmt":"2025-10-30T08:36:48","slug":"partner","status":"publish","type":"page","link":"https:\/\/www.fortedibard.it\/fr\/partner\/","title":{"rendered":"Partner"},"content":{"rendered":"<div>\n<nav  aria-label=\"breadcrumb\"><ol class=\"breadcrumb\" itemscope itemtype=\"https:\/\/schema.org\/BreadcrumbList\"><li class=\"breadcrumb-item active\" aria-current=\"page\" itemprop=\"itemListElement\" itemscope itemtype=\"https:\/\/schema.org\/ListItem\"><span itemprop=\"name\">Home<\/span><meta itemprop=\"position\" content=\"1\"><\/li><\/ol><\/nav>\n<\/div>\n<h1><strong>PARTENAIRES INSTITUTIONNELS<\/strong><\/h1>\n<div>\n<p>R\u00c9GION DE LA VALL\u00c9E D&rsquo;AOSTE<br \/><a href=\"http:\/\/www.regione.vda.it\/\" target=\"_blank\" rel=\"noopener\"><strong>www.regione.vda.it<\/strong><\/a><\/p>\n<p>FONDATION CRT<br \/><strong><a href=\"http:\/\/www.fondazionecrt.it\/\">fondazionecrt.it<\/a><\/strong><\/p>\n<p>PORTAIL TOURISTIQUE DE LA VALL\u00c9E D&rsquo;AOSTE<br \/><a href=\"http:\/\/www.lovevda.it\/it\/scoprire\/aree-turistiche\/valle-centrale-e-mont-avic\" target=\"_blank\" rel=\"noopener\"><strong>www.lovevda.it<\/strong><\/a><\/p>\n<p>R\u00c9SERVEZ VOS VACANCES EN VAL D&rsquo;AOSTE<br \/>Acc\u00e9dez au service de r\u00e9servation en ligne du D\u00e9partement du Tourisme de la Vall\u00e9e d&rsquo;Aoste<br \/><a href=\"http:\/\/www.lovevda.it\/it\/dormire\/prenotazioni\/prenotazioni-on-line\" target=\"_blank\" rel=\"noopener\"><strong>prenotazioni on line\u00a0<\/strong><\/a><\/p>\n<p>COMUNE DE BARD<br \/><a href=\"http:\/\/www.comune.bard.ao.it\/\" target=\"_blank\" rel=\"noopener\"><strong>www.comune.bard.ao.it<\/strong><\/a><\/p>\n<p>COMUNE DE HONE<br \/><a href=\"http:\/\/www.comune.hone.ao.it\/\" target=\"_blank\" rel=\"noopener\"><strong>www.comune.hone.ao.it<\/strong><\/a><\/p>\n<p>R\u00c9SEAU DE FORTIFICATIONS<br \/><a href=\"https:\/\/retefortificazioni.com\/\"><strong>retefortificazioni.com<\/strong><\/a><\/p>\n<p>R\u00c9SEAU DE SITES FORTIFI\u00c9S<br \/><a href=\"https:\/\/fortinrete.it\/\"><strong>fortinrete.it<\/strong><\/a><\/p>\n<p>FORTECULTURA<br \/><a href=\"https:\/\/www.forte-cultura.network\/fr\/\"><strong>forte-cultura.network<\/strong><\/a><\/p>\n<p>MOUNTAIN PARTNERSHIP<br \/><a href=\"https:\/\/www.fao.org\/mountain-partnership\/en\/\"><strong>fao.org<\/strong><\/a><\/p>\n<\/div>\n<hr>\n<h2><b>PARTENAIRES COMMERCIAUX<\/b><\/h2>\n<div>\n<p>QC TERME PRE-SAINT-DIDIER<br \/>Notre partenaire bien-\u00eatre <a href=\"https:\/\/www.qcterme.com\/it\/pre-saint-didier\/qc-terme-pre-saint-didier\"><strong><span><br \/><\/span>qcterme.com<\/strong><\/a><br \/><strong><a href=\"https:\/\/www.fortedibard.it\/wellness-culture-scopri-il-pacchetto-benessere-con-qc-terme\/\">Pacchetto QC Terme e Forte di Bard<\/a><\/strong><\/p>\n<p>SAINT-VINCENT STATION ET CASINO<br \/>Le grand complexe Grand H\u00f4tel Billia et Casino de la Vall\u00e9e \u00e0 Saint-Vincent<br \/><strong><a href=\"https:\/\/www.billia.it\/\">billia.it<\/a><\/strong><\/p>\n<p><span>MONTEROSA SKI<br \/>Notre partenaire pour vos vacances au ski<br \/><\/span><strong><a href=\"https:\/\/www.visitmonterosa.com\/\">visitmonterosa.com<\/a><\/strong><\/p>\n<\/div>\n<p><!--more--><br \/>\n<!-- {\"type\":\"layout\",\"children\":[{\"name\":\"Sezione principale\",\"type\":\"section\",\"props\":{\"image_position\":\"center-center\",\"padding_remove_bottom\":false,\"style\":\"default\",\"title_breakpoint\":\"xl\",\"title_position\":\"top-left\",\"title_rotation\":\"left\",\"vertical_align\":\"\",\"width\":\"expand\"},\"children\":[{\"type\":\"row\",\"children\":[{\"type\":\"column\",\"props\":{\"image_position\":\"center-center\",\"position_sticky_breakpoint\":\"m\",\"width_medium\":\"1-1\"},\"children\":[{\"type\":\"text\",\"props\":{\"column_breakpoint\":\"m\",\"content\":\"\n\n<p>[seopress_breadcrumbs]<\\\/p>\",\"css\":\".breadcrumb li span {\\nfont-weight: 300;\\n}\",\"margin\":\"default\",\"text_style\":\"small\"},\"name\":\"BREADCRUMBS - SeoPress\"},{\"type\":\"headline\",\"props\":{\"animation\":\"none\",\"content\":\"<strong>PARTENAIRES INSTITUTIONNELS<\\\/strong>\",\"margin\":\"small\",\"margin_remove_top\":false,\"parallax_breakpoint\":\"m\",\"parallax_easing\":\"1\",\"parallax_end\":\"60vh + 60%\",\"parallax_opacity\":\"0.3,1\",\"parallax_y\":\"30,0\",\"title_element\":\"h1\",\"title_style\":\"h1\"}},{\"type\":\"text\",\"props\":{\"animation\":\"none\",\"column_breakpoint\":\"m\",\"column_divider\":false,\"content\":\"\n\n<p>R\\u00c9GION DE LA VALL\\u00c9E D'AOSTE<br \\\/><a href=\\\"http:\\\/\\\/www.regione.vda.it\\\/\\\" target=\\\"_blank\\\" rel=\\\"noopener\\\"><strong>www.regione.vda.it<\\\/strong><\\\/a><\\\/p>\\n\n\n<p>FONDATION CRT<br \\\/><strong><a href=\\\"http:\\\/\\\/www.fondazionecrt.it\\\/\\\">fondazionecrt.it<\\\/a><\\\/strong><\\\/p>\\n\n\n<p>PORTAIL TOURISTIQUE DE LA VALL\\u00c9E D'AOSTE<br \\\/><a href=\\\"http:\\\/\\\/www.lovevda.it\\\/it\\\/scoprire\\\/aree-turistiche\\\/valle-centrale-e-mont-avic\\\" target=\\\"_blank\\\" rel=\\\"noopener\\\"><strong>www.lovevda.it<\\\/strong><\\\/a><\\\/p>\\n\n\n<p>R\\u00c9SERVEZ VOS VACANCES EN VAL D'AOSTE<br \\\/>Acc\\u00e9dez au service de r\\u00e9servation en ligne du D\\u00e9partement du Tourisme de la Vall\\u00e9e d'Aoste<br \\\/><a href=\\\"http:\\\/\\\/www.lovevda.it\\\/it\\\/dormire\\\/prenotazioni\\\/prenotazioni-on-line\\\" target=\\\"_blank\\\" rel=\\\"noopener\\\"><strong>prenotazioni on line\\u00a0<\\\/strong><\\\/a><\\\/p>\\n\n\n<p>COMUNE DE BARD<br \\\/><a href=\\\"http:\\\/\\\/www.comune.bard.ao.it\\\/\\\" target=\\\"_blank\\\" rel=\\\"noopener\\\"><strong>www.comune.bard.ao.it<\\\/strong><\\\/a><\\\/p>\\n\n\n<p>COMUNE DE HONE<br \\\/><a href=\\\"http:\\\/\\\/www.comune.hone.ao.it\\\/\\\" target=\\\"_blank\\\" rel=\\\"noopener\\\"><strong>www.comune.hone.ao.it<\\\/strong><\\\/a><\\\/p>\\n\n\n<p>R\\u00c9SEAU DE FORTIFICATIONS<br \\\/><a href=\\\"https:\\\/\\\/retefortificazioni.com\\\/\\\"><strong>retefortificazioni.com<\\\/strong><\\\/a><\\\/p>\\n\n\n<p>R\\u00c9SEAU DE SITES FORTIFI\\u00c9S<br \\\/><a href=\\\"https:\\\/\\\/fortinrete.it\\\/\\\"><strong>fortinrete.it<\\\/strong><\\\/a><\\\/p>\\n\n\n<p>FORTECULTURA<br \\\/><a href=\\\"https:\\\/\\\/www.forte-cultura.network\\\/fr\\\/\\\"><strong>forte-cultura.network<\\\/strong><\\\/a><\\\/p>\\n\n\n<p>MOUNTAIN PARTNERSHIP<br \\\/><a href=\\\"https:\\\/\\\/www.fao.org\\\/mountain-partnership\\\/en\\\/\\\"><strong>fao.org<\\\/strong><\\\/a><\\\/p>\",\"margin\":\"default\"}}]}]},{\"type\":\"row\",\"children\":[{\"type\":\"column\",\"props\":{\"image_position\":\"center-center\",\"position_sticky_breakpoint\":\"m\"},\"children\":[{\"type\":\"divider\",\"props\":{\"divider_element\":\"hr\"}},{\"type\":\"headline\",\"props\":{\"animation\":\"none\",\"content\":\"<b>PARTENAIRES COMMERCIAUX<\\\/b>\",\"margin\":\"small\",\"margin_remove_top\":false,\"parallax_breakpoint\":\"m\",\"parallax_easing\":\"1\",\"parallax_end\":\"60vh + 60%\",\"parallax_opacity\":\"0.3,1\",\"parallax_y\":\"30,0\",\"title_element\":\"h2\",\"title_style\":\"h1\"}},{\"type\":\"text\",\"props\":{\"animation\":\"none\",\"column_breakpoint\":\"m\",\"column_divider\":false,\"content\":\"\n\n<p>QC TERME PRE-SAINT-DIDIER<br \\\/>Notre partenaire bien-\\u00eatre <a href=\\\"https:\\\/\\\/www.qcterme.com\\\/it\\\/pre-saint-didier\\\/qc-terme-pre-saint-didier\\\"><strong><span><br \\\/><\\\/span>qcterme.com<\\\/strong><\\\/a><br \\\/><strong><a href=\\\"\\\/wellness-culture-scopri-il-pacchetto-benessere-con-qc-terme\\\/\\\">Pacchetto QC Terme e Forte di Bard<\\\/a><\\\/strong><\\\/p>\\n\n\n<p>SAINT-VINCENT STATION ET CASINO<br \\\/>Le grand complexe Grand H\\u00f4tel Billia et Casino de la Vall\\u00e9e \\u00e0 Saint-Vincent<br \\\/><strong><a href=\\\"https:\\\/\\\/www.billia.it\\\/\\\">billia.it<\\\/a><\\\/strong><\\\/p>\\n\n\n<p><span>MONTEROSA SKI<br \\\/>Notre partenaire pour vos vacances au ski<br \\\/><\\\/span><strong><a href=\\\"https:\\\/\\\/www.visitmonterosa.com\\\/\\\">visitmonterosa.com<\\\/a><\\\/strong><\\\/p>\",\"margin\":\"default\"}}]}]}]}],\"version\":\"4.5.28\",\"yooessentialsVersion\":\"2.4.8\"} --><\/p>\n","protected":false},"excerpt":{"rendered":"<p>PARTENAIRES INSTITUTIONNELS R\u00c9GION DE LA VALL\u00c9E D&rsquo;AOSTEwww.regione.vda.it FONDATION CRTfondazionecrt.it PORTAIL TOURISTIQUE DE LA VALL\u00c9E D&rsquo;AOSTEwww.lovevda.it R\u00c9SERVEZ VOS VACANCES EN VAL D&rsquo;AOSTEAcc\u00e9dez au service de r\u00e9servation en ligne du D\u00e9partement du [&hellip;]<\/p>\n","protected":false},"author":1,"featured_media":0,"parent":0,"menu_order":0,"comment_status":"closed","ping_status":"closed","template":"","meta":{"_acf_changed":false,"_seopress_robots_primary_cat":"","_seopress_titles_title":"Partenaires | Forte di Bard \u2013 R\u00e9seaux et collaborations","_seopress_titles_desc":"D\u00e9couvrez les partenaires du Forte di Bard : institutions, sponsors et r\u00e9seaux culturels qui soutiennent projets, expositions et \u00e9v\u00e9nements.","_seopress_robots_index":"","footnotes":""},"class_list":["post-5280","page","type-page","status-publish","hentry"],"acf":[],"publishpress_future_workflow_manual_trigger":{"enabledWorkflows":[]},"_links":{"self":[{"href":"https:\/\/www.fortedibard.it\/fr\/wp-json\/wp\/v2\/pages\/5280","targetHints":{"allow":["GET"]}}],"collection":[{"href":"https:\/\/www.fortedibard.it\/fr\/wp-json\/wp\/v2\/pages"}],"about":[{"href":"https:\/\/www.fortedibard.it\/fr\/wp-json\/wp\/v2\/types\/page"}],"author":[{"embeddable":true,"href":"https:\/\/www.fortedibard.it\/fr\/wp-json\/wp\/v2\/users\/1"}],"replies":[{"embeddable":true,"href":"https:\/\/www.fortedibard.it\/fr\/wp-json\/wp\/v2\/comments?post=5280"}],"version-history":[{"count":6,"href":"https:\/\/www.fortedibard.it\/fr\/wp-json\/wp\/v2\/pages\/5280\/revisions"}],"predecessor-version":[{"id":6385,"href":"https:\/\/www.fortedibard.it\/fr\/wp-json\/wp\/v2\/pages\/5280\/revisions\/6385"}],"wp:attachment":[{"href":"https:\/\/www.fortedibard.it\/fr\/wp-json\/wp\/v2\/media?parent=5280"}],"curies":[{"name":"wp","href":"https:\/\/api.w.org\/{rel}","templated":true}]}}