{"id":5227,"date":"2025-08-08T13:24:10","date_gmt":"2025-08-08T11:24:10","guid":{"rendered":"https:\/\/www.fortedibard.it\/dintorni-forte-di-bard\/"},"modified":"2025-10-30T09:34:54","modified_gmt":"2025-10-30T08:34:54","slug":"les-environs","status":"publish","type":"page","link":"https:\/\/www.fortedibard.it\/fr\/les-environs\/","title":{"rendered":"Les environs"},"content":{"rendered":"<ul>\n<li>\n<p><a href=\"\/fr\/environs-categorie\/communes\/\">Communes<\/a><\/p>\n<\/li>\n<li>\n<p><a href=\"\/fr\/environs-categorie\/itineraires\/\">Itin\u00e9raires<\/a><\/p>\n<\/li>\n<li>\n<p><a href=\"\/fr\/environs-categorie\/logements\/\">Logements<\/a><\/p>\n<\/li>\n<li>\n<p><a href=\"\/fr\/environs-categorie\/activites-commerciales\/\">Activit\u00e9s commerciales<\/a><\/p>\n<\/li>\n<\/ul>\n<ul>\n<li>\n<h3>Communes<\/h3>\n<p><a href=\"\/fr\/environs-categorie\/communes\/\"><\/a><\/p>\n<\/li>\n<li>\n<h3>Itin\u00e9raires<\/h3>\n<p><a href=\"\/fr\/environs-categorie\/itineraires\/\"><\/a><\/p>\n<\/li>\n<li>\n<h3>Logements<\/h3>\n<p><a href=\"\/fr\/environs-categorie\/logements\/\"><\/a><\/p>\n<\/li>\n<li>\n<h3>Activit\u00e9s commerciales<\/h3>\n<p><a href=\"\/fr\/environs-categorie\/activites-commerciales\/\"><\/a><\/p>\n<\/li>\n<\/ul>\n<p><img decoding=\"async\" src=\"\/wp-content\/uploads\/2025\/08\/33IMG_2418.jpg\" alt=\"\"><br \/>\n<img decoding=\"async\" src=\"\/wp-content\/uploads\/2025\/08\/33IMG_2418.jpg\" alt=\"\"><\/p>\n<div>\n<nav  aria-label=\"breadcrumb\"><ol class=\"breadcrumb\" itemscope itemtype=\"https:\/\/schema.org\/BreadcrumbList\"><li class=\"breadcrumb-item active\" aria-current=\"page\" itemprop=\"itemListElement\" itemscope itemtype=\"https:\/\/schema.org\/ListItem\"><span itemprop=\"name\">Home<\/span><meta itemprop=\"position\" content=\"1\"><\/li><\/ol><\/nav>\n<\/div>\n<h1><b>LES ENVIRONS<\/b><\/h1>\n<h2>\u00c0 la d\u00e9couverte de la Basse Vall\u00e9e d&rsquo;Aoste<\/h2>\n<div>\n<p>Vivez la basse Vall\u00e9e d\u2019Aoste : un voyage \u00e0 travers l\u2019histoire, entre vignobles s\u00e9culaires, ch\u00e2taigneraies, vall\u00e9es pr\u00e9serv\u00e9es, vestiges romains et ch\u00e2teaux m\u00e9di\u00e9vaux, traditions et saveurs intemporelles.\u00a0<\/p>\n<p>Votre excursion commence au Fort de Bard et se poursuit \u00e0 travers les 15 communes de la vall\u00e9e centrale de la Doire Balt\u00e9e et des vall\u00e9es de Champorcher, Gressoney et Ayas.<\/p>\n<\/div>\n<ul>\n<li>\n<p>        <img decoding=\"async\" src=\"\/wp-content\/uploads\/2025\/08\/Fontainemore3.jpg\" alt=\"\"><\/p>\n<h2><span class=\"el-image uk-icon\" uk-icon=\"icon: location; width: 30; height: 30;\"><svg width=\"30\" height=\"30\" viewBox=\"0 0 20 20\" aria-hidden=\"true\"><path fill=\"none\" stroke=\"#000\" stroke-width=\"1.01\" d=\"M10,0.5 C6.41,0.5 3.5,3.39 3.5,6.98 C3.5,11.83 10,19 10,19 C10,19 16.5,11.83 16.5,6.98 C16.5,3.39 13.59,0.5 10,0.5 L10,0.5 Z\"><\/path><circle fill=\"none\" stroke=\"#000\" cx=\"10\" cy=\"6.8\" r=\"2.3\"><\/circle><\/svg><\/span><strong> Communes<\/strong><\/h2>\n<div>\n<p>D\u00e9couvrez les villages environnants, \u00e0 queques kilom\u00e8tres de la forteresse de Bard. Ce village a de l&rsquo;histoire, des traditions et de la nature.<\/p>\n<\/div>\n<p><a href=\"\/fr\/environs-categorie\/communes\/\">En savoir plus<\/a><\/p>\n<\/li>\n<li>\n<p>        <img decoding=\"async\" src=\"\/wp-content\/uploads\/2025\/08\/11gallie_donnas.jpg\" alt=\"\"><\/p>\n<h2><span class=\"el-image uk-icon\" uk-icon=\"icon: heroicons-outline--map; width: 30; height: 30;\"><svg fill=\"none\" xmlns=\"http:\/\/www.w3.org\/2000\/svg\" viewBox=\"0 0 24 24\" width=\"30\" height=\"30\" aria-hidden=\"true\"><path d=\"M9 6.75V15m6-6v8.25m.503 3.498l4.875-2.437c.381-.19.622-.58.622-1.006V4.82c0-.836-.88-1.38-1.628-1.006l-3.869 1.934a1.12 1.12 0 01-1.006 0L9.503 3.252a1.125 1.125 0 00-1.006 0L3.622 5.689A1.125 1.125 0 003 6.695V19.18c0 .836.88 1.38 1.628 1.006l3.869-1.934a1.12 1.12 0 011.006 0l4.994 2.497c.317.158.69.158 1.006 0z\" stroke=\"#0F172A\" stroke-width=\"1.5\" stroke-linecap=\"round\" stroke-linejoin=\"round\"><\/path><\/svg><\/span><strong> Itin\u00e9raires<\/strong><\/h2>\n<div>\n<p>Au c\u0153ur du cadre naturel de la Basse Vall\u00e9e d&rsquo;Aoste, non loin du Fort, vous trouverez des promenades, des randonn\u00e9es et des itin\u00e9raires adapt\u00e9s \u00e0 tous.<\/p>\n<\/div>\n<p><a href=\"\/fr\/environs-categorie\/itineraires\/\">En savoir plus<\/a><\/p>\n<\/li>\n<li>\n<p>        <img decoding=\"async\" src=\"\/wp-content\/uploads\/2025\/08\/aubergeDeLaGare.jpg\" alt=\"\"><\/p>\n<h2><span class=\"el-image uk-icon\" uk-icon=\"icon: heroicons-outline--bell-alert; width: 30; height: 30;\"><svg fill=\"none\" xmlns=\"http:\/\/www.w3.org\/2000\/svg\" viewBox=\"0 0 24 24\" width=\"30\" height=\"30\" aria-hidden=\"true\"><path d=\"M14.857 17.082a23.848 23.848 0 005.454-1.31A8.967 8.967 0 0118 9.75V9A6 6 0 006 9v.75a8.967 8.967 0 01-2.312 6.022c1.733.64 3.56 1.085 5.455 1.31m5.714 0a24.255 24.255 0 01-5.714 0m5.714 0a3 3 0 11-5.714 0M3.124 7.5A8.969 8.969 0 015.292 3m13.416 0a8.969 8.969 0 012.168 4.5\" stroke=\"#0F172A\" stroke-width=\"1.5\" stroke-linecap=\"round\" stroke-linejoin=\"round\"><\/path><\/svg><\/span><strong> Logement<\/strong><\/h2>\n<div>\n<p>L&rsquo;hospitalit\u00e9 et la gentillesse sont l&rsquo;\u00e2me de la Vall\u00e9e d&rsquo;Aoste. D\u00e9couvrez les h\u00e9bergements autour du Fort de Bard qui peuvent vous accueillir pendant votre s\u00e9jour.<\/p>\n<\/div>\n<p><a href=\"\/fr\/environs-categorie\/logements\/\">En savoir plus<\/a><\/p>\n<\/li>\n<li>\n<p>        <img decoding=\"async\" src=\"\/wp-content\/uploads\/2025\/08\/AttivitaCommerciali-cover.jpg\" alt=\"\"><\/p>\n<h2><span class=\"el-image uk-icon\" uk-icon=\"icon: heroicons-outline--building-storefront; width: 30; height: 30;\"><svg fill=\"none\" xmlns=\"http:\/\/www.w3.org\/2000\/svg\" viewBox=\"0 0 24 24\" width=\"30\" height=\"30\" aria-hidden=\"true\"><path d=\"M13.5 21v-7.5a.75.75 0 01.75-.75h3a.75.75 0 01.75.75V21m-4.5 0H2.36m11.14 0H18m0 0h3.64m-1.39 0V9.349M3.75 21V9.349m0 0a3.001 3.001 0 003.75-.615A2.993 2.993 0 009.75 9.75c.896 0 1.7-.393 2.25-1.016a2.993 2.993 0 002.25 1.016c.896 0 1.7-.393 2.25-1.015a3.001 3.001 0 003.75.614m-16.5 0a3.004 3.004 0 01-.621-4.72l1.189-1.19A1.5 1.5 0 015.378 3h13.243a1.5 1.5 0 011.06.44l1.19 1.189a3 3 0 01-.621 4.72M6.75 18h3.75a.75.75 0 00.75-.75V13.5a.75.75 0 00-.75-.75H6.75a.75.75 0 00-.75.75v3.75c0 .414.336.75.75.75z\" stroke=\"#0F172A\" stroke-width=\"1.5\" stroke-linecap=\"round\" stroke-linejoin=\"round\"><\/path><\/svg><\/span><strong> Activit\u00e9s commerciales<\/strong><\/h2>\n<div>\n<p>Des traditions culinaires \u00e0 l&rsquo;industrie manufacturi\u00e8re, en passant par les boutiques, les bars, les restaurants et les ateliers d&rsquo;art, de nombreuses entreprises sont \u00e0 d\u00e9couvrir dans les environs du Fort.<\/p>\n<\/div>\n<p><a href=\"\/fr\/environs-categorie\/activites-commerciales\/\">En savoir plus<\/a><\/p>\n<\/li>\n<\/ul>\n<p><!--more--><br \/>\n<!-- {\"type\":\"layout\",\"children\":[{\"type\":\"section\",\"props\":{\"height_offset_top\":false,\"image_loading\":true,\"image_position\":\"top-center\",\"image_size\":\"cover\",\"image_width\":\"2560\",\"media_focal_point\":\"top-center\",\"padding_remove_top\":false,\"style\":\"default\",\"text_color\":\"light\",\"title_breakpoint\":\"xl\",\"title_position\":\"top-left\",\"title_rotation\":\"left\",\"vertical_align\":\"\",\"width\":\"\"},\"children\":[{\"type\":\"row\",\"children\":[{\"type\":\"column\",\"props\":{\"image_position\":\"center-center\",\"position_sticky_breakpoint\":\"m\"},\"children\":[{\"type\":\"list\",\"props\":{\"column\":\"1-4\",\"column_breakpoint\":\"\",\"column_divider\":true,\"content_style\":\"h6\",\"html_element\":false,\"image_align\":\"left\",\"image_svg_color\":\"emphasis\",\"image_vertical_align\":true,\"list_element\":\"ul\",\"list_horizontal_separator\":\"\",\"list_type\":\"vertical\",\"show_image\":true,\"show_link\":true,\"visibility\":\"s\"},\"children\":[{\"type\":\"list_item\",\"props\":{\"content\":\"Communes\",\"icon\":\"location\",\"link\":\"fr\\\/environs-categorie\\\/communes\\\/\"}},{\"type\":\"list_item\",\"props\":{\"content\":\"Itin\\u00e9raires\",\"icon\":\"heroicons-outline--map\",\"link\":\"fr\\\/environs-categorie\\\/itineraires\\\/\"}},{\"type\":\"list_item\",\"props\":{\"content\":\"Logements\",\"icon\":\"heroicons-outline--bell-alert\",\"link\":\"fr\\\/environs-categorie\\\/logements\\\/\"}},{\"type\":\"list_item\",\"props\":{\"content\":\"Activit\\u00e9s commerciales\",\"icon\":\"heroicons-outline--building-storefront\",\"link\":\"fr\\\/environs-categorie\\\/activites-commerciales\\\/\"}}],\"name\":\"BLOCCO - Subnav DKT\"},{\"type\":\"panel-slider\",\"props\":{\"content_column_breakpoint\":\"m\",\"content_style\":\"h6\",\"css\":\".uk-margin-remove-first-child.uk-grid-margin.uk-first-column {\\ndisplay: none;\\n}\",\"icon_width\":\"20\",\"image_align\":\"left\",\"image_grid_breakpoint\":\"\",\"image_grid_column_gap\":\"small\",\"image_grid_width\":\"auto\",\"image_svg_color\":\"emphasis\",\"image_vertical_align\":true,\"link_style\":\"default\",\"link_text\":\"\",\"margin\":\"default\",\"margin_remove_bottom\":false,\"meta_align\":\"below-title\",\"meta_element\":\"div\",\"meta_style\":\"text-meta\",\"nav\":\"\",\"nav_align\":\"center\",\"nav_breakpoint\":\"s\",\"panel_link\":true,\"panel_match\":false,\"show_content\":false,\"show_hover_image\":false,\"show_hover_video\":false,\"show_image\":true,\"show_link\":true,\"show_meta\":false,\"show_title\":true,\"show_video\":false,\"slidenav\":\"\",\"slidenav_breakpoint\":\"xl\",\"slidenav_margin\":\"medium\",\"slidenav_outside_breakpoint\":\"xl\",\"slider_autoplay\":true,\"slider_autoplay_interval\":\"0.1\",\"slider_autoplay_pause\":true,\"slider_divider\":true,\"slider_gap\":\"default\",\"slider_velocity\":\"0.1\",\"slider_width\":\"\",\"slider_width_default\":\"3-5\",\"slider_width_medium\":\"1-3\",\"title_align\":\"left\",\"title_element\":\"h3\",\"title_grid_breakpoint\":\"m\",\"title_grid_width\":\"3-4\",\"title_hover_style\":\"reset\",\"title_link\":true,\"title_style\":\"h6\",\"visibility\":\"hidden-s\"},\"children\":[{\"type\":\"panel-slider_item\",\"props\":{\"content\":\"\",\"icon\":\"location\",\"link\":\"fr\\\/environs-categorie\\\/communes\\\/\",\"title\":\"Communes\"}},{\"type\":\"panel-slider_item\",\"props\":{\"content\":\"\",\"icon\":\"heroicons-outline--map\",\"link\":\"fr\\\/environs-categorie\\\/itineraires\\\/\",\"title\":\"Itin\\u00e9raires\"}},{\"type\":\"panel-slider_item\",\"props\":{\"content\":\"\",\"icon\":\"heroicons-outline--bell-alert\",\"link\":\"fr\\\/environs-categorie\\\/logements\\\/\",\"title\":\"Logements\"}},{\"type\":\"panel-slider_item\",\"props\":{\"content\":\"\",\"icon\":\"heroicons-outline--building-storefront\",\"link\":\"fr\\\/environs-categorie\\\/activites-commerciales\\\/\",\"title\":\"Activit\\u00e9s commerciales\"}}],\"name\":\"BLOCCO - Panel slider subnav autoplay lento\"}]}]},{\"type\":\"row\",\"children\":[{\"type\":\"column\",\"props\":{\"image_position\":\"center-center\",\"position_sticky\":\"section\",\"position_sticky_breakpoint\":\"m\",\"width_medium\":\"3-5\"},\"children\":[{\"type\":\"image\",\"props\":{\"height_expand\":false,\"image\":\"wp-content\\\/uploads\\\/2025\\\/08\\\/33IMG_2418.jpg\",\"image_svg_color\":\"emphasis\",\"margin\":\"remove-vertical\",\"visibility\":\"m\"}},{\"type\":\"image\",\"props\":{\"height_expand\":false,\"image\":\"wp-content\\\/uploads\\\/2025\\\/08\\\/33IMG_2418.jpg\",\"image_svg_color\":\"emphasis\",\"margin\":\"remove-vertical\",\"visibility\":\"hidden-m\"}}]},{\"type\":\"column\",\"props\":{\"image_position\":\"center-center\",\"position_sticky_breakpoint\":\"\",\"style\":\"tile-default\",\"width_medium\":\"2-5\"},\"children\":[{\"type\":\"text\",\"props\":{\"column_breakpoint\":\"m\",\"content\":\"\n\n<p>[seopress_breadcrumbs]<\\\/p>\",\"css\":\".breadcrumb li span {\\nfont-weight: 300;\\n}\",\"margin\":\"default\",\"text_style\":\"small\"},\"name\":\"BREADCRUMBS - SeoPress\"},{\"type\":\"headline\",\"props\":{\"animation\":\"none\",\"content\":\"<b>LES ENVIRONS<\\\/b>\",\"margin\":\"small\",\"margin_remove_top\":false,\"parallax_breakpoint\":\"m\",\"parallax_easing\":\"1\",\"parallax_end\":\"60vh + 60%\",\"parallax_opacity\":\"0.3,1\",\"parallax_y\":\"30,0\",\"title_element\":\"h1\",\"title_style\":\"h1\"}},{\"type\":\"headline\",\"props\":{\"content\":\"\\u00c0 la d\\u00e9couverte de la Basse Vall\\u00e9e d'Aoste\",\"margin_remove_top\":true,\"title_element\":\"h2\",\"title_style\":\"h5\"}},{\"type\":\"text\",\"props\":{\"animation\":\"none\",\"column_breakpoint\":\"m\",\"column_divider\":false,\"content\":\"\n\n<p>Vivez la basse Vall\\u00e9e d\\u2019Aoste : un voyage \\u00e0 travers l\\u2019histoire, entre vignobles s\\u00e9culaires, ch\\u00e2taigneraies, vall\\u00e9es pr\\u00e9serv\\u00e9es, vestiges romains et ch\\u00e2teaux m\\u00e9di\\u00e9vaux, traditions et saveurs intemporelles.\\u00a0<\\\/p>\\n\n\n<p>Votre excursion commence au Fort de Bard et se poursuit \\u00e0 travers les 15 communes de la vall\\u00e9e centrale de la Doire Balt\\u00e9e et des vall\\u00e9es de Champorcher, Gressoney et Ayas.<\\\/p>\",\"margin\":\"large\"}},{\"type\":\"grid\",\"props\":{\"block_align\":\"center\",\"content_column_breakpoint\":\"m\",\"content_margin\":\"small\",\"filter_align\":\"left\",\"filter_all\":true,\"filter_grid_breakpoint\":\"m\",\"filter_grid_width\":\"auto\",\"filter_position\":\"top\",\"filter_style\":\"tab\",\"grid_default\":\"1\",\"grid_medium\":\"\",\"grid_row_gap\":\"large\",\"icon_width\":80,\"image_align\":\"top\",\"image_grid_breakpoint\":\"m\",\"image_grid_width\":\"1-2\",\"image_height\":400,\"image_loading\":true,\"image_svg_color\":\"emphasis\",\"image_width\":\"900\",\"item_animation\":true,\"lightbox_bg_close\":true,\"link_size\":\"small\",\"link_style\":\"primary\",\"link_text\":\"Read more\",\"margin\":\"default\",\"maxwidth\":\"xlarge\",\"maxwidth_breakpoint\":\"m\",\"meta_align\":\"below-title\",\"meta_element\":\"div\",\"meta_style\":\"text-meta\",\"show_content\":true,\"show_hover_image\":true,\"show_hover_video\":true,\"show_image\":true,\"show_link\":true,\"show_meta\":true,\"show_title\":true,\"show_video\":true,\"title_align\":\"top\",\"title_element\":\"h2\",\"title_grid_breakpoint\":\"m\",\"title_grid_width\":\"1-2\",\"title_hover_style\":\"reset\",\"title_style\":\"h3\"},\"children\":[{\"type\":\"grid_item\",\"props\":{\"content\":\"\n\n<p>D\\u00e9couvrez les villages environnants, \\u00e0 queques kilom\\u00e8tres de la forteresse de Bard. Ce village a de l'histoire, des traditions et de la nature.<\\\/p>\",\"image\":\"wp-content\\\/uploads\\\/2025\\\/08\\\/Fontainemore3.jpg\",\"link\":\"fr\\\/environs-categorie\\\/communes\\\/\",\"link_text\":\"En savoir plus\",\"title\":\"<span class=\\\"el-image uk-icon\\\" uk-icon=\\\"icon: location; width: 30; height: 30;\\\"><svg width=\\\"30\\\" height=\\\"30\\\" viewBox=\\\"0 0 20 20\\\" aria-hidden=\\\"true\\\"><path fill=\\\"none\\\" stroke=\\\"#000\\\" stroke-width=\\\"1.01\\\" d=\\\"M10,0.5 C6.41,0.5 3.5,3.39 3.5,6.98 C3.5,11.83 10,19 10,19 C10,19 16.5,11.83 16.5,6.98 C16.5,3.39 13.59,0.5 10,0.5 L10,0.5 Z\\\"><\\\/path><circle fill=\\\"none\\\" stroke=\\\"#000\\\" cx=\\\"10\\\" cy=\\\"6.8\\\" r=\\\"2.3\\\"><\\\/circle><\\\/svg><\\\/span><strong> Communes<\\\/strong>\"}},{\"type\":\"grid_item\",\"props\":{\"content\":\"\n\n<p>Au c\\u0153ur du cadre naturel de la Basse Vall\\u00e9e d'Aoste, non loin du Fort, vous trouverez des promenades, des randonn\\u00e9es et des itin\\u00e9raires adapt\\u00e9s \\u00e0 tous.<\\\/p>\",\"image\":\"wp-content\\\/uploads\\\/2025\\\/08\\\/11gallie_donnas.jpg\",\"link\":\"\\\/fr\\\/environs-categorie\\\/itineraires\\\/\",\"link_text\":\"En savoir plus\",\"title\":\"<span class=\\\"el-image uk-icon\\\" uk-icon=\\\"icon: heroicons-outline--map; width: 30; height: 30;\\\"><svg fill=\\\"none\\\" xmlns=\\\"http:\\\/\\\/www.w3.org\\\/2000\\\/svg\\\" viewBox=\\\"0 0 24 24\\\" width=\\\"30\\\" height=\\\"30\\\" aria-hidden=\\\"true\\\"><path d=\\\"M9 6.75V15m6-6v8.25m.503 3.498l4.875-2.437c.381-.19.622-.58.622-1.006V4.82c0-.836-.88-1.38-1.628-1.006l-3.869 1.934a1.12 1.12 0 01-1.006 0L9.503 3.252a1.125 1.125 0 00-1.006 0L3.622 5.689A1.125 1.125 0 003 6.695V19.18c0 .836.88 1.38 1.628 1.006l3.869-1.934a1.12 1.12 0 011.006 0l4.994 2.497c.317.158.69.158 1.006 0z\\\" stroke=\\\"#0F172A\\\" stroke-width=\\\"1.5\\\" stroke-linecap=\\\"round\\\" stroke-linejoin=\\\"round\\\"><\\\/path><\\\/svg><\\\/span><strong> Itin\\u00e9raires<\\\/strong>\"}},{\"type\":\"grid_item\",\"props\":{\"content\":\"\n\n<p>L'hospitalit\\u00e9 et la gentillesse sont l'\\u00e2me de la Vall\\u00e9e d'Aoste. D\\u00e9couvrez les h\\u00e9bergements autour du Fort de Bard qui peuvent vous accueillir pendant votre s\\u00e9jour.<\\\/p>\",\"image\":\"wp-content\\\/uploads\\\/2025\\\/08\\\/aubergeDeLaGare.jpg\",\"link\":\"\\\/fr\\\/environs-categorie\\\/logements\\\/\",\"link_text\":\"En savoir plus\",\"title\":\"<span class=\\\"el-image uk-icon\\\" uk-icon=\\\"icon: heroicons-outline--bell-alert; width: 30; height: 30;\\\"><svg fill=\\\"none\\\" xmlns=\\\"http:\\\/\\\/www.w3.org\\\/2000\\\/svg\\\" viewBox=\\\"0 0 24 24\\\" width=\\\"30\\\" height=\\\"30\\\" aria-hidden=\\\"true\\\"><path d=\\\"M14.857 17.082a23.848 23.848 0 005.454-1.31A8.967 8.967 0 0118 9.75V9A6 6 0 006 9v.75a8.967 8.967 0 01-2.312 6.022c1.733.64 3.56 1.085 5.455 1.31m5.714 0a24.255 24.255 0 01-5.714 0m5.714 0a3 3 0 11-5.714 0M3.124 7.5A8.969 8.969 0 015.292 3m13.416 0a8.969 8.969 0 012.168 4.5\\\" stroke=\\\"#0F172A\\\" stroke-width=\\\"1.5\\\" stroke-linecap=\\\"round\\\" stroke-linejoin=\\\"round\\\"><\\\/path><\\\/svg><\\\/span><strong> Logement<\\\/strong>\"}},{\"type\":\"grid_item\",\"props\":{\"content\":\"\n\n<p>Des traditions culinaires \\u00e0 l'industrie manufacturi\\u00e8re, en passant par les boutiques, les bars, les restaurants et les ateliers d'art, de nombreuses entreprises sont \\u00e0 d\\u00e9couvrir dans les environs du Fort.<\\\/p>\",\"image\":\"wp-content\\\/uploads\\\/2025\\\/08\\\/AttivitaCommerciali-cover.jpg\",\"link\":\"\\\/fr\\\/environs-categorie\\\/activites-commerciales\\\/\",\"link_text\":\"En savoir plus\",\"title\":\"<span class=\\\"el-image uk-icon\\\" uk-icon=\\\"icon: heroicons-outline--building-storefront; width: 30; height: 30;\\\"><svg fill=\\\"none\\\" xmlns=\\\"http:\\\/\\\/www.w3.org\\\/2000\\\/svg\\\" viewBox=\\\"0 0 24 24\\\" width=\\\"30\\\" height=\\\"30\\\" aria-hidden=\\\"true\\\"><path d=\\\"M13.5 21v-7.5a.75.75 0 01.75-.75h3a.75.75 0 01.75.75V21m-4.5 0H2.36m11.14 0H18m0 0h3.64m-1.39 0V9.349M3.75 21V9.349m0 0a3.001 3.001 0 003.75-.615A2.993 2.993 0 009.75 9.75c.896 0 1.7-.393 2.25-1.016a2.993 2.993 0 002.25 1.016c.896 0 1.7-.393 2.25-1.015a3.001 3.001 0 003.75.614m-16.5 0a3.004 3.004 0 01-.621-4.72l1.189-1.19A1.5 1.5 0 015.378 3h13.243a1.5 1.5 0 011.06.44l1.19 1.189a3 3 0 01-.621 4.72M6.75 18h3.75a.75.75 0 00.75-.75V13.5a.75.75 0 00-.75-.75H6.75a.75.75 0 00-.75.75v3.75c0 .414.336.75.75.75z\\\" stroke=\\\"#0F172A\\\" stroke-width=\\\"1.5\\\" stroke-linecap=\\\"round\\\" stroke-linejoin=\\\"round\\\"><\\\/path><\\\/svg><\\\/span><strong> Activit\\u00e9s commerciales<\\\/strong>\"}}]}]}],\"props\":{\"column_gap\":\"collapse\",\"layout\":\"3-5,2-5\",\"row_gap\":\"collapse\"}}],\"name\":\"Hero\"}],\"version\":\"4.5.28\",\"yooessentialsVersion\":\"2.4.9\"} --><\/p>\n","protected":false},"excerpt":{"rendered":"<p>Communes Itin\u00e9raires Logements Activit\u00e9s commerciales Communes Itin\u00e9raires Logements Activit\u00e9s commerciales LES ENVIRONS \u00c0 la d\u00e9couverte de la Basse Vall\u00e9e d&rsquo;Aoste Vivez la basse Vall\u00e9e d\u2019Aoste : un voyage \u00e0 travers [&hellip;]<\/p>\n","protected":false},"author":1,"featured_media":0,"parent":0,"menu_order":0,"comment_status":"closed","ping_status":"closed","template":"","meta":{"_acf_changed":false,"_seopress_robots_primary_cat":"","_seopress_titles_title":"Les environs | Forte di Bard \u2013 Que voir autour du fort","_seopress_titles_desc":"Id\u00e9es de visites autour du Forte di Bard : paysages, sentiers, sites culturels et activit\u00e9s nature pour enrichir votre s\u00e9jour en Vall\u00e9e d'Aoste.","_seopress_robots_index":"","footnotes":""},"class_list":["post-5227","page","type-page","status-publish","hentry"],"acf":[],"publishpress_future_workflow_manual_trigger":{"enabledWorkflows":[]},"_links":{"self":[{"href":"https:\/\/www.fortedibard.it\/fr\/wp-json\/wp\/v2\/pages\/5227","targetHints":{"allow":["GET"]}}],"collection":[{"href":"https:\/\/www.fortedibard.it\/fr\/wp-json\/wp\/v2\/pages"}],"about":[{"href":"https:\/\/www.fortedibard.it\/fr\/wp-json\/wp\/v2\/types\/page"}],"author":[{"embeddable":true,"href":"https:\/\/www.fortedibard.it\/fr\/wp-json\/wp\/v2\/users\/1"}],"replies":[{"embeddable":true,"href":"https:\/\/www.fortedibard.it\/fr\/wp-json\/wp\/v2\/comments?post=5227"}],"version-history":[{"count":18,"href":"https:\/\/www.fortedibard.it\/fr\/wp-json\/wp\/v2\/pages\/5227\/revisions"}],"predecessor-version":[{"id":6287,"href":"https:\/\/www.fortedibard.it\/fr\/wp-json\/wp\/v2\/pages\/5227\/revisions\/6287"}],"wp:attachment":[{"href":"https:\/\/www.fortedibard.it\/fr\/wp-json\/wp\/v2\/media?parent=5227"}],"curies":[{"name":"wp","href":"https:\/\/api.w.org\/{rel}","templated":true}]}}