{"id":5158,"date":"2025-08-08T13:25:25","date_gmt":"2025-08-08T11:25:25","guid":{"rendered":"https:\/\/www.fortedibard.it\/complesso-monumentale\/"},"modified":"2026-04-08T16:06:46","modified_gmt":"2026-04-08T14:06:46","slug":"le-monument","status":"publish","type":"page","link":"https:\/\/www.fortedibard.it\/fr\/le-monument\/","title":{"rendered":"Le monument"},"content":{"rendered":"<ul>\n<li>\n<h3>L&rsquo;histoire du monument<\/h3>\n<p><a href=\"https:\/\/www.fortedibard.it\/fr\/le-monument\/#storiaFortezza\"><\/a><\/p>\n<\/li>\n<li>\n<h3>Visiteurs illustres<\/h3>\n<p><a href=\"https:\/\/www.fortedibard.it\/fr\/le-monument\/#passaggiIllustri\"><\/a><\/p>\n<\/li>\n<li>\n<h3>Le projet de r\u00e9habilitation<\/h3>\n<p><a href=\"https:\/\/www.fortedibard.it\/fr\/le-monument\/#progettoRecupero\"><\/a><\/p>\n<\/li>\n<li>\n<p>        <img decoding=\"async\" src=\"\/wp-content\/uploads\/2025\/09\/logoAvengers.png\" alt=\"\"><\/p>\n<h3>Le Fort et les Avengers<\/h3>\n<p><a href=\"https:\/\/www.fortedibard.it\/fr\/sur-les-plateaux-de-tournage-avengers-age-of-ultron\/\"><\/a><\/p>\n<\/li>\n<\/ul>\n<ul>\n<li>\n<p>        <img decoding=\"async\" src=\"\/wp-content\/uploads\/2025\/09\/pittogrammaFDB.png\" alt=\"\"><\/p>\n<p><a href=\"https:\/\/www.fortedibard.it\/fr\/le-monument\/#storiaFortezza\">L&rsquo;histoire du monument<\/a><\/p>\n<\/li>\n<li>\n<p><a href=\"https:\/\/www.fortedibard.it\/fr\/le-monument\/#passaggiIllustri\">Visiteurs illustres<\/a><\/p>\n<\/li>\n<li>\n<p><a href=\"https:\/\/www.fortedibard.it\/fr\/le-monument\/#progettoRecupero\">Le projet de r\u00e9habilitation<\/a><\/p>\n<\/li>\n<li>\n<p>        <img decoding=\"async\" src=\"\/wp-content\/uploads\/2025\/09\/logoAvengers.png\" alt=\"\"><\/p>\n<p><a href=\"https:\/\/www.fortedibard.it\/fr\/sur-les-plateaux-de-tournage-avengers-age-of-ultron\/\">Le Fort et Les Avengers<\/a><\/p>\n<\/li>\n<\/ul>\n<div>\n<nav  aria-label=\"breadcrumb\"><ol class=\"breadcrumb\" itemscope itemtype=\"https:\/\/schema.org\/BreadcrumbList\"><li class=\"breadcrumb-item active\" aria-current=\"page\" itemprop=\"itemListElement\" itemscope itemtype=\"https:\/\/schema.org\/ListItem\"><span itemprop=\"name\">Home<\/span><meta itemprop=\"position\" content=\"1\"><\/li><\/ol><\/nav>\n<\/div>\n<h1><b>LE MONUMENT<\/b><\/h1>\n<h2>\n<p><strong>Le Fort de Bard, qui est rest\u00e9 quasiment tel quel depuis sa reconstruction, repr\u00e9sente l\u2019un des meilleurs exemples de forteresse de barrage du d\u00e9but du XIX\u00e8me si\u00e8cle.<\/strong><\/p>\n<\/h2>\n<div>\n<p>La place-forte poss\u00e8de\u00a0<strong>trois principaux corps de b\u00e2timents,<\/strong>\u00a0sur plusieurs niveaux, entre 400 et 467 m\u00e8tres de haut : du plus bas, l\u2019Ouvrage Ferdinand, \u00e0 celui du milieu, l\u2019Ouvrage Victor et, au sommet, l\u2019Ouvrage Charles-Albert, un tout de 283 pi\u00e8ces.<\/p>\n<p><strong>L\u2019Ouvrage Ferdinand,<\/strong>\u00a0est en forme de tenailles et poss\u00e8de deux corps de b\u00e2timents, l\u2019Ouvrage Ferdinand Inf\u00e9rieur et l\u2019Ouvrage Ferdinand Sup\u00e9rieur qui accueillent le<span>\u00a0<\/span><strong>Mus\u00e9e des Fortifications et des Fronti\u00e8res.<\/strong><\/p>\n<p><strong>L\u2019Ouvrage Mortai<\/strong>, plac\u00e9 derri\u00e8re ce dernier et la Poudri\u00e8re mitoyenne accueillent les salles destin\u00e9es aux laboratoires didactiques.<\/p>\n<p>A peu pr\u00e8s \u00e0 la moiti\u00e9 du rocher, s\u2019\u00e9rige\u00a0<strong>l\u2019Ouvrage Victor<\/strong>\u00a0o\u00f9 se trouve\u00a0<strong>\u00ab\u00a0Les Alpes des Enfants\u00a0\u00bb<\/strong>, parcours avec activit\u00e9es de laboratoire sur le th\u00e8me du changement climatique et ses cons\u00e9quences sur les glaciers.<\/p>\n<p>Au sommet, le plus imposant des trois ouvrages comporte une enceinte sur laquelle s\u2019appuient tous les corps de b\u00e2timents et qui renferme\u00a0<strong>l\u2019Ouvrage de Gola<\/strong>,\u00a0sa cour, pouvant d\u00e9fendre le c\u00f4t\u00e9 sud, et\u00a0<strong>l\u2019Ouvrage Charles-Albert<\/strong>\u00a0et sa grande cour quadrangulaire de la Place d\u2019Armes, entour\u00e9e de grandes arcades.\u00a0<strong>Le premier \u00e9tage de l\u2019Ouvrage Charles-Albert est consacr\u00e9 au \u00ab\u00a0Mus\u00e9e des Alpes\u00a0\u00bb<\/strong>.\u00a0Au rez-de-chauss\u00e9e on trouve les salles d\u00e9di\u00e9es aux expositions temporaires. A l\u2019int\u00e9rieur de l\u2019ouvrage, il y a aussi un parcour sur l\u2019histoire du Fort, dans les salles des<strong>\u00a0Prisons<\/strong>.<\/p>\n<p>Le Fort est accessible par une\u00a0<strong>route externe<\/strong>,\u00a0c\u00f4t\u00e9 sud, qui porte \u00e0 la cour de l\u2019Ouvrage de Gola, et par une\u00a0<strong>route interne<\/strong>\u00a0qui serpente en d\u2019\u00e9troits tournants raides, prot\u00e9g\u00e9s par de grands murs en pierre et qui remonte le versant oppos\u00e9 vers le Nord en permettant ainsi d\u2019arriver \u00e0 l\u2019Ouvrage Charles-Albert. Ces deux routes ne sont accessibles qu\u2019\u00e0 pied.<\/p>\n<\/div>\n<div>\n<p>Le sommet du rocher et de la forteresse est facilement accessible gr\u00e2ce aux ascenseurs panoramiques qui, du bourg de Bard au pied du Fort, permettent d\u2019acc\u00e9der \u00e0 l\u2019Ouvrage Charles-Albert et donc au Mus\u00e9e des Alpes.<\/p>\n<\/div>\n<p><img decoding=\"async\" src=\"\/wp-content\/uploads\/2026\/04\/1000x800_f1-2.jpg\" alt=\"\"><br \/>\n<img decoding=\"async\" src=\"\/wp-content\/uploads\/2026\/04\/1000x800_f3-2.jpg\" alt=\"\"><br \/>\n<img decoding=\"async\" src=\"\/wp-content\/uploads\/2026\/04\/2560x1200_armi-scaled.jpg\" alt=\"\"><\/p>\n<h2><b>Histoire du Fort<\/b><\/h2>\n<div>\n<p>Les premiers habitats humains dans les gorges de Bard remontent \u00e0 la p\u00e9riode En\u00e9olithique. Les premiers signes de culture mat\u00e9rielle datent du II\u00e8me mill\u00e9naire av. J.-C. : incisions rupestres et coupelles sur les rochers polis au pied du Fort, qui t\u00e9moignent de rituels propitiatoires. A ce propos, il faut souligner l\u2019importance des<span class=\"Apple-converted-space\">\u00a0<\/span><b>Pierres \u00e0 glissade des Femmes<\/b>, un singulier lustrage des pierres, form\u00e9 au cours des si\u00e8cles, \u00e0 cause de la curieuse pratique f\u00e9minine, li\u00e9e \u00e0 la f\u00e9condit\u00e9, consistant \u00e0 glisser assise le long des pierres en pente.<\/p>\n<p>Le passage \u00e9troit entre la Doire Balt\u00e9e et le pr\u00e9cipice rocheux constitue depuis toujours un parcours oblig\u00e9 pour entrer en Vall\u00e9e d\u2019Aoste. Le trac\u00e9 de la route, taill\u00e9e en grande partie dans la roche, remonte \u00e0 l\u2019\u00e9poque romaine : la<span class=\"Apple-converted-space\">\u00a0<\/span><b>Voie Consulaire des Gaules<\/b>, r\u00e9alis\u00e9e apr\u00e8s la soumission d\u00e9finitive des Salasses (25 av. J.-C.) et qui, d\u2019<i>Eporedia<\/i><span class=\"Apple-converted-space\">\u00a0<\/span>(Ivr\u00e9e), rejoignait les cols des<span class=\"Apple-converted-space\">\u00a0<\/span><i>Alpis Graia<\/i><span class=\"Apple-converted-space\">\u00a0<\/span>(Petit-Saint-Bernard) et des<span class=\"Apple-converted-space\">\u00a0<\/span><i>Alpis Penina<\/i><span class=\"Apple-converted-space\">\u00a0<\/span>(Grand-Saint-Bernard), conserve sur ce tron\u00e7on d\u2019importants restes arch\u00e9ologiques : des structures de soutien form\u00e9es par d\u2019\u00e9normes blocs de pierre, un pont-viaduc, le pont sur le torrent Albard.<\/p>\n<\/div>\n<div>\n<h3><strong>Du ch<\/strong>\u00e2<strong>teau medieval \u00e0 la forteresse de la maison de Savoie<\/strong><\/h3>\n<p>Vu la position strat\u00e9gique pour le contr\u00f4le des passages, le rocher de Bard dut \u00eatre fortifi\u00e9 depuis au moins l\u2019\u00e9poque pr\u00e9-romaine ; les t\u00e9moignages \u00e9crits datent toutefois de bien apr\u00e8s. Quelques historiens indiquent \u00e0 Bard justement la pr\u00e9sence de murs de d\u00e9fense<span class=\"Apple-converted-space\">\u00a0<\/span><i>(Clausurae Augustanae)<\/i><span class=\"Apple-converted-space\">\u00a0<\/span>remontant au r\u00e8gne de Th\u00e9odoric au d\u00e9but du VI\u00e8me si\u00e8cle.<\/p>\n<p>C\u2019est \u00e0 1034 que remonte la premi\u00e8re citation d\u2019ouvrages d\u00e9fensifs : ils appartenaient au Vicomte d\u2019Aoste Boso, dont les descendants conserv\u00e8rent la seigneurie de Bard jusqu\u2019\u00e0 la premi\u00e8re moiti\u00e9 du XIII\u00e8me si\u00e8cle.<\/p>\n<p>Conquis en 1242 par Am\u00e9d\u00e9e IV de Savoie, le ch\u00e2teau et le territoire sur lequel cette famille avait juridiction passa sous la domination directe des Savoie. Un croquis de la deuxi\u00e8me moiti\u00e9 du XVI\u00e8me si\u00e8cle en montre l\u2019 ancienne structure : un ensemble d\u2019\u00e9difices domin\u00e9s par un<span class=\"Apple-converted-space\">\u00a0<\/span><i>donjon<\/i><span class=\"Apple-converted-space\">\u00a0<\/span>carr\u00e9, surmont\u00e9s d\u2019une double courtine de mur, dot\u00e9e de tours de garde ; un syst\u00e8me de bastions descendait jusqu\u2019\u00e0 embrasser le bourg.<\/p>\n<p>En 1661 le duc Charles-Emmanuel II fit d\u00e9manteler les forteresses de Verr\u00e8s et de Montjovet ; il transf\u00e9ra toute l\u2019artillerie \u00e0 Bard, qui, depuis lors, devint la principale base des forces ducales en Vall\u00e9e d\u2019Aoste.<\/p>\n<p>Au cours du XVII\u00e8me et du XVIII\u00e8me si\u00e8cle, les structures d\u00e9fensives de la forteresse furent agrandies et renforc\u00e9es.<\/p>\n<\/div>\n<p><img decoding=\"async\" src=\"\/wp-content\/uploads\/2025\/08\/storia.jpg\" alt=\"\"><\/p>\n<div>\n<h3>La capitulation devant Napol\u00e9on<\/h3>\n<p>La r\u00e9sistance de la forteresse de Bard, tenue par l\u2019arm\u00e9e de Victor-Am\u00e9d\u00e9e II de Savoie, aux troupes fran\u00e7aises en 1704, au cours de la guerre de succession d\u2019Espagne, fut m\u00e9morable.<\/p>\n<p><span>Mais le plus c\u00e9l\u00e9bre \u00e9v\u00e8nement dont le Fort ait \u00e9t\u00e9 le th\u00e9\u00e2tre est le si\u00e8ge de mai 1800.<\/span><br \/><span>A l\u2019aube du 14 mai de cette ann\u00e9e, les 40.000 hommes de l\u2019<\/span><i>Arm\u00e9e de r\u00e9serve<\/i><span class=\"Apple-converted-space\">\u00a0<\/span><span>de Napol\u00e9on pass\u00e8rent le Grand-Saint-Bernard pour surprendre l\u2019arm\u00e9e austro-pi\u00e9montaise qui occupait la plaine padane. La descente du col par Napol\u00e9on et ses hommes fut rapide jusqu\u2019\u00e0 Bard o\u00f9 elle fut bloqu\u00e9e par la garnison autrichienne qui d\u00e9fendait la forteresse.<\/span><\/p>\n<p>Au cours de la nuit du 21 mai, une attaque fit capituler le bourg ; mais le commandant du Fort, le capitaine Stockard von Bernkopf, ne se donna pas pour vaincu. Le plan du g\u00e9n\u00e9ral Marmont, qui voulait faire transporter pendant la nuit les canons jusqu\u2019au sommet du rocher, ne r\u00e9ussit pas. Les soldats fran\u00e7ais, ayant donn\u00e9 l\u2019assaut pour l\u2019\u00e9ni\u00e8me fois, d\u00e9cid\u00e8rent d\u2019assi\u00e9ger le Fort : apr\u00e8s une journ\u00e9e enti\u00e8re de bombardements, le 1er juin, von Bernkopf signa la reddition, obtenant toutefois les honneurs de la guerre.<\/p>\n<\/div>\n<p><img decoding=\"async\" src=\"\/wp-content\/uploads\/2025\/08\/assedio.jpg\" alt=\"\"><\/p>\n<div>\n<h3><strong>La reconstruction par Oliviero<\/strong><\/h3>\n<p>Exasp\u00e9r\u00e9 par cette r\u00e9sistance \u00e0 laquelle il ne s\u2019attendait pas, Napol\u00e9on fit raser au sol le \u00a0\u00bb vilain castel de Bard \u00ab\u00a0.<\/p>\n<p>Ce fut Charles-F\u00e9lix, craignant une nouvelle agression des troupes fran\u00e7aises, qui d\u00e9cida de refaire construire la Forteresse, en 1827, et confia le projet de reconstruction \u00e0 l\u2019ing\u00e9nieur militaire Francesco Antonio Olivero, capitaine du Corps Royal du G\u00e9nie. Les travaux dur\u00e8rent de 1830 \u00e0 1838.<\/p>\n<p>La nouvelle Forteresse \u00e9tait constitu\u00e9e de trois corps de b\u00e2timents dispos\u00e9s sur trois niveaux :<span class=\"Apple-converted-space\">\u00a0<\/span><b>l\u2019Ouvrage Ferdinand<\/b><span class=\"Apple-converted-space\">\u00a0<\/span>en bas,<span class=\"Apple-converted-space\">\u00a0<\/span><b>l\u2019Ouvrage Victor<\/b><span class=\"Apple-converted-space\">\u00a0<\/span>dans la zone interm\u00e9diaire et<span class=\"Apple-converted-space\">\u00a0<\/span><b>l\u2019Ouvrage Charles-Albert<\/b><span class=\"Apple-converted-space\">\u00a0<\/span>au sommet. Ce syst\u00e8me \u00e0 structures autonomes, dot\u00e9es de casemates d\u2019artillerie, permettait la d\u00e9fense r\u00e9ciproque en cas d\u2019attaques ennemies.<\/p>\n<p>Dans son ensemble, la Forteresse comptait 283 salles et pouvait accueillir 416 hommes (le double s\u2019ils mettaient de la paille en terre) ; les magasins pouvaient contenir des munitions et des provisions pour trois mois et l\u2019 armement se composait d\u2019une cinquantaine de bouches \u00e0 feu.<\/p>\n<p>A la fin du XIX\u00e8me si\u00e8cle, le Fort \u00e9tait en plein d\u00e9clin : il ne prit jamais part aux affrontements importants de l\u2019\u00e9poque; il servit de prison et par la suite de d\u00e9p\u00f4t d\u2019armes.<\/p>\n<\/div>\n<p><img decoding=\"async\" src=\"\/wp-content\/uploads\/2025\/08\/stampa.jpg\" alt=\"\"><\/p>\n<div>\n<p><span>La nuova piazzaforte era costituita da tre corpi di fabbrica disposti su diversi livelli: l\u2019<\/span><strong>Opera Ferdinando<\/strong><span>\u00a0in basso, l\u2019<\/span><strong>Opera Vittorio<\/strong><span>\u00a0nella zona mediana e l\u2019\u00a0<\/span><strong>Opera Carlo Alberto<\/strong><span>\u00a0in alto. Questo sistema a strutture autonome, munite di casematte per l\u2019artiglieria, era in grado di garantire la reciproca difesa in caso di un attacco nemico.<\/span><br \/><span>Nel complesso la fortezza era dotata di 283 locali e poteva ospitare fino a 416 uomini (il doppio con sistemazione paglia a terra); i magazzini potevano contenere munizioni e provviste sufficienti per tre mesi e l\u2019armamento contava una cinquantina di bocche da fuoco.<\/span><br \/><span>Alla fine dell\u2019800 il Forte si avvia al declino: non pi\u00f9 coinvolto in episodi bellici di rilievo, fu dapprima utilizzato come bagno penale ed in seguito destinato a deposito di munizioni.<\/span><\/p>\n<\/div>\n<h2><b>VISITEURS ILLUSTRES<\/b><\/h2>\n<div>\n<p>A c\u00f4t\u00e9 des passages ordinaires, il y en a qui tranchent parce que le nom de certains visiteurs est c\u00e9l\u00e8bre et leur voyage est riche en r\u00e9percussion, soit par le souvenir qu&rsquo;ils en ont gard\u00e9 au point d&rsquo;en parler dans leurs m\u00e9moires.<\/p>\n<p>Le plus connu est sans aucun doute <strong>Napol\u00e9on<\/strong>, dont le passage fut d\u00e9cisif pour le destin du Fort. A sa suite, se trouvait, dans l&rsquo;<i>Arm\u00e9e de R\u00e9serve<\/i>, Henry Beyle, plus connu sous le pseudonyme de <strong>Stendhal<\/strong>, qui \u00e0 l&rsquo;\u00e9poque n&rsquo; avait que 17 ans.<br \/>Trente-six ans apr\u00e8s, dans son roman autobiographique <i>\u00ab\u00a0La vie de Henry Brulard\u00a0\u00bb<\/i> Stendhal se souvient des jours aventureux qu&rsquo;il avait pass\u00e9s dans l&rsquo;arm\u00e9e du condotti\u00e8re fran\u00e7ais, et il d\u00e9crit la bataille qui se passa au pied du Fort, ce qui fut pour lui un vrai bapt\u00eame du feu.<i>\u00a0\u00bb &#8230;la canonnade de Bard faisait un tapage effrayant ; c&rsquo;\u00e9tait le sublime, un peu trop voisin du danger : l&rsquo;\u00e2me, au lieu de jouir purement, \u00e9tait encore un peu occup\u00e9e \u00e0 se tenir &#8230; C&rsquo;\u00e9tait la premi\u00e8re fois que je d\u00e9couvrais cette sensation si renouvel\u00e9e depuis: me trouver parmi les colonnes d&rsquo;une arm\u00e9e de Napol\u00e9on\u00a0\u00bb.<\/i><\/p>\n<p>En 1830, dans une situation politique tourment\u00e9e, un autre personnage illustre se fit remarquer dans le petit bourg de Bard. Conscient de faire d\u00e9marrer une entreprise de longue dur\u00e9e, en 1828, Charles-F\u00e9lix de Savoie confia \u00e0 l&rsquo;<strong>ing\u00e9nieur Militaire Francesco Antonio Olivero<\/strong> le projet, l&rsquo;ex\u00e9cution et la direction des travaux de reconstruction du Fort, qui devaient \u00eatre faits selon des crit\u00e8res de modernit\u00e9 , au point qu&rsquo; il deviendrait une structure d&rsquo;avant-garde.<\/p>\n<p>La supervision fut donc confi\u00e9e au jeune <strong>Camillo Benso Comte de Cavour<\/strong>. Arriv\u00e9 \u00e0 Bard en 1831, m\u00eame si l&rsquo;entreprise semblait enthousiasmante \u00e0 tout le monde, il v\u00eacut cette exp\u00e9rience comme une punition, une prison morale qu&rsquo;il d\u00e9finit par la suite comme un \u00ab\u00a0exil\u00a0\u00bb.<br \/>L&rsquo;inactivit\u00e9 forc\u00e9e et son \u00e9tat d&rsquo;isolement repr\u00e9sent\u00e8rent pour cet homme d&rsquo; \u00c9tat un moment de r\u00e9flexion important qui le pouss\u00e8rent \u00e0 abandonner la carri\u00e8re militaire pour la carri\u00e8re politique. L&rsquo;\u00e9pigraphe qui lui est d\u00e9di\u00e9e est tr\u00e8s connue : elle se trouve pr\u00e8s de Donnas, o\u00f9 il allait souvent se promener :<\/p>\n<blockquote class=\"quota\">\n<p style=\"text-align: center;\">Italiano sosta!<br \/>CAMILLO BENSO DI CAVOUR<br \/>MDCXXXI-XXXII<br \/>Tenente del Genio<br \/>QUI<br \/>Sognando la Patria una e libera<br \/>Trascorse ore calme e soavi.<br \/>A culto del Grande.<br \/>Donnas MDCCCXXXIII<\/p>\n<\/blockquote>\n<\/div>\n<p><img decoding=\"async\" src=\"\/wp-content\/uploads\/2025\/08\/Napoleone.jpg\" alt=\"Napoleone\"><br \/>\n<img decoding=\"async\" src=\"\/wp-content\/uploads\/2025\/08\/stendhal.jpg\" alt=\"Stendhal\"><br \/>\n<img decoding=\"async\" src=\"\/wp-content\/uploads\/2025\/08\/camillo-benso-cavour-di-ciseri-67d773-640.jpg\" alt=\"Camillo Benso conte di Cavour\"><\/p>\n<div>\n<h3><strong>Il progetto di recupero<\/strong><\/h3>\n<p>Apr\u00e8s que le domaine militaire l&rsquo;a d\u00e9s\u00e9quip\u00e9 et d\u00e9sarm\u00e9, puis radi\u00e9 d\u00e9finitivement du service en 1975, le Fort a \u00e9t\u00e9 rachet\u00e9 par la R\u00e9gion Autonome Vall\u00e9e d&rsquo;Aoste en 1990.<\/p>\n<p>Un groupe interdisciplinaire de sp\u00e9cialistes a \u00e9labor\u00e9 un \u00e9tude de faisabilit\u00e9 pour la r\u00e9habilitation du fort dans son ensemble et pour la relance touristique du bourg m\u00e9di\u00e9val.<\/p>\n<p>Une soci\u00e9t\u00e9 de capitaux, la Finbard, a programm\u00e9 et g\u00e9r\u00e9 les interventions de restauration et l&rsquo;adaptation des fonctions et des installations; le syst\u00e8me des ascenseurs panoramiques; les structures d&rsquo;acc\u00e8s et de parking; le pavage et l&rsquo;\u00e9clairage du bourg, la restauration de quatre b\u00e2timents historiques.<\/p>\n<p>Le projet de reconversion du Fort a \u00e9t\u00e9 r\u00e9alis\u00e9 avec la contribution du <strong>Fonds Europ\u00e9en de D\u00e9veloppement R\u00e9gional<\/strong> et du <strong>Fonds de Rotation de l&rsquo;Etat<\/strong> dans le domaine de la reconversion \u00e9conomique des zones en d\u00e9clin industriel.<\/p>\n<p>L&rsquo;ensemble du Fort et du Bourg de Bard est devenu un nouveau p\u00f4le culturel des Alpes Occidentales. Gr\u00e2ce \u00e0 la r\u00e9habilitation de l&rsquo;imposante forteresse de la Maison de Savoie et de quelques zones voisines, a \u00e9t\u00e9 r\u00e9alis\u00e9 un projet qui juxtapose dans une m\u00eame construction, des espaces et des services innovateurs pour la culture et des structur\u00e9es ont \u00e9t\u00e9 con\u00e7us pour int\u00e9grer la tradition historique du mus\u00e9e, les finalit\u00e9s \u00e9ducatives qui caract\u00e9risent sa mission, sa vocation innovatrice de centre d&rsquo;interpr\u00e9tation, de lieu de transmission, de partage et de communication, la mise en valeur du territoire qu&rsquo;ils repr\u00e9sentent et la force certaine du parc th\u00e9matique, avec sa capacit\u00e9 de proposer une exp\u00e9rience captivante.<\/p>\n<\/div>\n<h3><strong>Quelques donn\u00e9es en chiffres du Fort<\/strong><\/h3>\n<ul>\n<li>\n<h3>14.467<\/h3>\n<p>m\u00e8tres carr\u00e9s de superficie<\/p>\n<\/li>\n<li>\n<h3>3.600<\/h3>\n<p>m\u00e8tres carr\u00e9s pour les expositions<\/p>\n<\/li>\n<li>\n<h3>2.036<\/h3>\n<p>m\u00e8tres carr\u00e9s de cours internes<\/p>\n<\/li>\n<li>\n<h3>9.000<\/h3>\n<p>m\u00e8tres carr\u00e9s de toitures<\/p>\n<\/li>\n<li>\n<h3>Oltre 500<\/h3>\n<p>m\u00e8tres carr\u00e9s de toitures<\/p>\n<\/li>\n<li>\n<h3>283<\/h3>\n<p>pi\u00e8ces<\/p>\n<\/li>\n<li>\n<h3>385<\/h3>\n<p>portes<\/p>\n<\/li>\n<li>\n<h3>296<\/h3>\n<p>meurtri\u00e8res<\/p>\n<\/li>\n<li>\n<h3>806<\/h3>\n<p>marches d&rsquo;escalier<\/p>\n<\/li>\n<li>\n<h3>153.737<\/h3>\n<p>m\u00e8tres cubes de terre d\u00e9plac\u00e9e<\/p>\n<\/li>\n<li>\n<h3>112.705<\/h3>\n<p>m\u00e8tres de fils \u00e9lectriques<\/p>\n<\/li>\n<\/ul>\n<p><!--more--><br \/>\n<!-- {\"type\":\"layout\",\"children\":[{\"name\":\"Hero\",\"type\":\"section\",\"props\":{\"height\":\"viewport\",\"height_viewport\":60,\"image\":\"wp-content\/uploads\/2025\/08\/testata-ComplessoMonumentale.jpg\",\"image_position\":\"center-center\",\"image_size\":\"cover\",\"padding_top\":\"none\",\"style\":\"default\",\"title_breakpoint\":\"xl\",\"title_position\":\"top-left\",\"title_rotation\":\"left\",\"vertical_align\":\"\",\"width\":\"\"},\"children\":[{\"type\":\"row\",\"children\":[{\"type\":\"column\",\"props\":{\"image_position\":\"center-center\",\"position_sticky_breakpoint\":\"m\",\"width_medium\":\"1-1\"}}]}]},{\"type\":\"section\",\"props\":{\"image_position\":\"center-center\",\"style\":\"default\",\"title_breakpoint\":\"xl\",\"title_position\":\"top-left\",\"title_rotation\":\"left\",\"vertical_align\":\"middle\",\"width\":\"default\"},\"children\":[{\"type\":\"row\",\"children\":[{\"type\":\"column\",\"props\":{\"image_position\":\"center-center\",\"position_sticky_breakpoint\":\"m\"},\"children\":[{\"type\":\"panel-slider\",\"props\":{\"content_column_breakpoint\":\"m\",\"content_style\":\"h6\",\"css\":\".uk-margin-remove-first-child.uk-grid-margin.uk-first-column {\\ndisplay: none;\\n}\",\"image_align\":\"left\",\"image_grid_breakpoint\":\"\",\"image_grid_column_gap\":\"small\",\"image_grid_width\":\"auto\",\"image_height\":32,\"image_svg_color\":\"emphasis\",\"image_vertical_align\":true,\"image_width\":32,\"link_style\":\"default\",\"link_text\":\"\",\"margin_bottom\":\"default\",\"margin_top\":\"default\",\"meta_align\":\"below-title\",\"meta_element\":\"div\",\"meta_style\":\"text-meta\",\"nav\":\"\",\"nav_align\":\"center\",\"nav_breakpoint\":\"s\",\"panel_link\":true,\"panel_match\":false,\"show_content\":false,\"show_hover_image\":false,\"show_hover_video\":false,\"show_image\":true,\"show_link\":true,\"show_meta\":false,\"show_title\":true,\"show_video\":false,\"slidenav\":\"\",\"slidenav_breakpoint\":\"xl\",\"slidenav_margin\":\"medium\",\"slidenav_outside_breakpoint\":\"xl\",\"slider_autoplay\":true,\"slider_autoplay_interval\":\"0.1\",\"slider_autoplay_pause\":true,\"slider_divider\":true,\"slider_gap\":\"default\",\"slider_velocity\":\"0.1\",\"slider_width\":\"\",\"slider_width_default\":\"3-5\",\"slider_width_medium\":\"1-3\",\"title_align\":\"left\",\"title_element\":\"h3\",\"title_grid_breakpoint\":\"m\",\"title_grid_width\":\"3-4\",\"title_hover_style\":\"reset\",\"title_link\":true,\"title_style\":\"h6\",\"visibility\":\"hidden-s\"},\"children\":[{\"type\":\"panel-slider_item\",\"props\":{\"content\":\"\",\"icon\":\"location\",\"link\":\"fr\/le-monument\/#storiaFortezza\",\"title\":\"L'histoire du monument\"}},{\"type\":\"panel-slider_item\",\"props\":{\"content\":\"\",\"icon\":\"heroicons-outline--map\",\"link\":\"fr\/le-monument\/#passaggiIllustri\",\"title\":\"Visiteurs illustres\"}},{\"type\":\"panel-slider_item\",\"props\":{\"content\":\"\",\"icon\":\"heroicons-outline--wrench\",\"link\":\"fr\/le-monument\/#progettoRecupero\",\"title\":\"Le projet de r\u00e9habilitation\"}},{\"type\":\"panel-slider_item\",\"props\":{\"content\":\"\",\"icon\":\"heroicons-outline--building-storefront\",\"image\":\"wp-content\/uploads\/2025\/09\/logoAvengers.png\",\"link\":\"fr\/sur-les-plateaux-de-tournage-avengers-age-of-ultron\/\",\"title\":\"Le Fort et les Avengers\"}}],\"name\":\"BLOCCO - Panel slider subnav autoplay lento\"},{\"type\":\"list\",\"props\":{\"column\":\"1-4\",\"column_breakpoint\":\"\",\"column_divider\":true,\"content_style\":\"h6\",\"html_element\":false,\"image_align\":\"left\",\"image_height\":32,\"image_svg_color\":\"emphasis\",\"image_vertical_align\":true,\"image_width\":32,\"list_element\":\"ul\",\"list_horizontal_separator\":\"\",\"list_type\":\"vertical\",\"show_image\":true,\"show_link\":true,\"visibility\":\"s\"},\"children\":[{\"type\":\"list_item\",\"props\":{\"content\":\"L'histoire du monument\",\"icon\":\"\",\"image\":\"wp-content\/uploads\/2025\/09\/pittogrammaFDB.png\",\"link\":\"fr\/le-monument\/#storiaFortezza\"}},{\"type\":\"list_item\",\"props\":{\"content\":\"Visiteurs illustres\",\"icon\":\"heroicons-outline--star\",\"link\":\"fr\/le-monument\/#passaggiIllustri\"}},{\"type\":\"list_item\",\"props\":{\"content\":\"Le projet de r\u00e9habilitation\",\"icon\":\"heroicons-outline--wrench\",\"link\":\"fr\/le-monument\/#progettoRecupero\"}},{\"type\":\"list_item\",\"props\":{\"content\":\"Le Fort et Les Avengers\",\"icon\":\"\",\"image\":\"wp-content\/uploads\/2025\/09\/logoAvengers.png\",\"link\":\"fr\/sur-les-plateaux-de-tournage-avengers-age-of-ultron\/\"}}],\"name\":\"BLOCCO - Subnav DKT\"}]}]}]},{\"name\":\"LA FORTEZZA E LA SUA STORIA\",\"type\":\"section\",\"props\":{\"image_position\":\"center-center\",\"style\":\"default\",\"title_breakpoint\":\"xl\",\"title_position\":\"top-left\",\"title_rotation\":\"left\",\"vertical_align\":\"\",\"width\":\"expand\"},\"children\":[{\"type\":\"row\",\"children\":[{\"type\":\"column\",\"props\":{\"image_position\":\"center-center\",\"position_sticky_breakpoint\":\"m\",\"width_medium\":\"1-1\"},\"children\":[{\"type\":\"text\",\"props\":{\"column_breakpoint\":\"m\",\"content\":\"\n\n[seopress_breadcrumbs]\n\n\",\"css\":\".breadcrumb li span {\\nfont-weight: 300;\\n}\",\"margin_bottom\":\"default\",\"margin_top\":\"default\",\"text_style\":\"small\"},\"name\":\"BREADCRUMBS - SeoPress\"},{\"type\":\"headline\",\"props\":{\"animation\":\"none\",\"content\":\"<b>LE MONUMENT<\/b>\",\"image_align\":\"left\",\"image_margin\":\"xsmall\",\"margin_bottom\":\"small\",\"margin_top\":\"small\",\"parallax_breakpoint\":\"m\",\"parallax_easing\":\"1\",\"parallax_end\":\"60vh + 60%\",\"parallax_opacity\":\"0.3,1\",\"parallax_y\":\"30,0\",\"title_element\":\"h1\",\"title_style\":\"h1\"},\"name\":\"Il complesso MONUMENTALE\"},{\"type\":\"headline\",\"props\":{\"content\":\"\n\n<p><strong>Le Fort de Bard, qui est rest\u00e9 quasiment tel quel depuis sa reconstruction, repr\u00e9sente l\u2019un des meilleurs exemples de forteresse de barrage du d\u00e9but du XIX\u00e8me si\u00e8cle.<\/strong><\/p>\n\n\",\"image_align\":\"left\",\"image_margin\":\"xsmall\",\"margin_top\":\"remove\",\"title_element\":\"h2\",\"title_style\":\"h5\"},\"name\":\"Da fortezza sabauda a polo della cultura nel cuore delle Alpi.\"},{\"type\":\"text\",\"props\":{\"animation\":\"none\",\"column\":\"1-2\",\"column_breakpoint\":\"m\",\"column_divider\":false,\"content\":\"\n\n<p>La place-forte poss\u00e8de\u00a0<strong>trois principaux corps de b\u00e2timents,<\/strong>\u00a0sur plusieurs niveaux, entre 400 et 467 m\u00e8tres de haut : du plus bas, l\u2019Ouvrage Ferdinand, \u00e0 celui du milieu, l\u2019Ouvrage Victor et, au sommet, l\u2019Ouvrage Charles-Albert, un tout de 283 pi\u00e8ces.<\/p>\n\n\\n\n\n<p><strong>L\u2019Ouvrage Ferdinand,<\/strong>\u00a0est en forme de tenailles et poss\u00e8de deux corps de b\u00e2timents, l\u2019Ouvrage Ferdinand Inf\u00e9rieur et l\u2019Ouvrage Ferdinand Sup\u00e9rieur qui accueillent le<span>\u00a0<\/span><strong>Mus\u00e9e des Fortifications et des Fronti\u00e8res.<\/strong><\/p>\n\n\\n\n\n<p><strong>L\u2019Ouvrage Mortai<\/strong>, plac\u00e9 derri\u00e8re ce dernier et la Poudri\u00e8re mitoyenne accueillent les salles destin\u00e9es aux laboratoires didactiques.<\/p>\n\n\\n\n\n<p>A peu pr\u00e8s \u00e0 la moiti\u00e9 du rocher, s\u2019\u00e9rige\u00a0<strong>l\u2019Ouvrage Victor<\/strong>\u00a0o\u00f9 se trouve\u00a0<strong>\u00ab\u00a0Les Alpes des Enfants\u00a0\u00bb<\/strong>, parcours avec activit\u00e9es de laboratoire sur le th\u00e8me du changement climatique et ses cons\u00e9quences sur les glaciers.<\/p>\n\n\\n\n\n<p>Au sommet, le plus imposant des trois ouvrages comporte une enceinte sur laquelle s\u2019appuient tous les corps de b\u00e2timents et qui renferme\u00a0<strong>l\u2019Ouvrage de Gola<\/strong>,\u00a0sa cour, pouvant d\u00e9fendre le c\u00f4t\u00e9 sud, et\u00a0<strong>l\u2019Ouvrage Charles-Albert<\/strong>\u00a0et sa grande cour quadrangulaire de la Place d\u2019Armes, entour\u00e9e de grandes arcades.\u00a0<strong>Le premier \u00e9tage de l\u2019Ouvrage Charles-Albert est consacr\u00e9 au \u00ab\u00a0Mus\u00e9e des Alpes\u00a0\u00bb<\/strong>.\u00a0Au rez-de-chauss\u00e9e on trouve les salles d\u00e9di\u00e9es aux expositions temporaires. A l\u2019int\u00e9rieur de l\u2019ouvrage, il y a aussi un parcour sur l\u2019histoire du Fort, dans les salles des<strong>\u00a0Prisons<\/strong>.<\/p>\n\n\\n\n\n<p>Le Fort est accessible par une\u00a0<strong>route externe<\/strong>,\u00a0c\u00f4t\u00e9 sud, qui porte \u00e0 la cour de l\u2019Ouvrage de Gola, et par une\u00a0<strong>route interne<\/strong>\u00a0qui serpente en d\u2019\u00e9troits tournants raides, prot\u00e9g\u00e9s par de grands murs en pierre et qui remonte le versant oppos\u00e9 vers le Nord en permettant ainsi d\u2019arriver \u00e0 l\u2019Ouvrage Charles-Albert. Ces deux routes ne sont accessibles qu\u2019\u00e0 pied.<\/p>\n\n\",\"margin_bottom\":\"large\",\"margin_top\":\"large\"}},{\"type\":\"text\",\"props\":{\"animation\":\"none\",\"column_breakpoint\":\"m\",\"column_divider\":false,\"content\":\"\n\n<p>Le sommet du rocher et de la forteresse est facilement accessible gr\u00e2ce aux ascenseurs panoramiques qui, du bourg de Bard au pied du Fort, permettent d\u2019acc\u00e9der \u00e0 l\u2019Ouvrage Charles-Albert et donc au Mus\u00e9e des Alpes.<\/p>\n\n\",\"margin_bottom\":\"large\",\"margin_top\":\"large\"}},{\"type\":\"fragment\",\"props\":{\"margin_bottom\":\"default\",\"margin_top\":\"default\"},\"children\":[{\"type\":\"row\",\"props\":{\"layout\":\"1-2,1-2\"},\"children\":[{\"type\":\"column\",\"props\":{\"image_position\":\"center-center\",\"position_sticky_breakpoint\":\"m\",\"width_medium\":\"1-2\"},\"children\":[{\"type\":\"image\",\"props\":{\"image\":\"wp-content\/uploads\/2026\/04\/1000x800_f1-2.jpg\",\"image_svg_color\":\"emphasis\",\"image_width\":1000,\"margin_bottom\":\"default\",\"margin_top\":\"default\"}}]},{\"type\":\"column\",\"props\":{\"image_position\":\"center-center\",\"position_sticky_breakpoint\":\"m\",\"width_medium\":\"1-2\"},\"children\":[{\"type\":\"image\",\"props\":{\"image\":\"wp-content\/uploads\/2026\/04\/1000x800_f3-2.jpg\",\"image_svg_color\":\"emphasis\",\"image_width\":1000,\"margin_bottom\":\"default\",\"margin_top\":\"default\"}}]}]}],\"name\":\"IMG FORTE\"}]}]},{\"type\":\"row\",\"children\":[{\"type\":\"column\",\"props\":{\"image_position\":\"center-center\",\"position_sticky_breakpoint\":\"m\"},\"children\":[{\"type\":\"image\",\"props\":{\"image\":\"wp-content\/uploads\/2026\/04\/2560x1200_armi-scaled.jpg\",\"image_svg_color\":\"emphasis\",\"image_width\":2580,\"margin_bottom\":\"default\",\"margin_top\":\"default\"}}]}]}]},{\"type\":\"section\",\"props\":{\"id\":\"storiaFortezza\",\"image_position\":\"center-center\",\"style\":\"default\",\"title_breakpoint\":\"xl\",\"title_position\":\"top-left\",\"title_rotation\":\"left\",\"vertical_align\":\"middle\",\"width\":\"expand\"},\"children\":[{\"type\":\"row\",\"children\":[{\"type\":\"column\",\"props\":{\"image_position\":\"center-center\",\"position_sticky_breakpoint\":\"m\"},\"children\":[{\"type\":\"headline\",\"props\":{\"content\":\"<b>Histoire du Fort<\/b>\",\"image_align\":\"left\",\"image_margin\":\"xsmall\",\"title_element\":\"h2\",\"title_style\":\"h2\"},\"name\":\"LA STORIA del Forte\"},{\"type\":\"text\",\"props\":{\"column_breakpoint\":\"m\",\"content\":\"\n\n<p>Les premiers habitats humains dans les gorges de Bard remontent \u00e0 la p\u00e9riode En\u00e9olithique. Les premiers signes de culture mat\u00e9rielle datent du II\u00e8me mill\u00e9naire av. J.-C. : incisions rupestres et coupelles sur les rochers polis au pied du Fort, qui t\u00e9moignent de rituels propitiatoires. A ce propos, il faut souligner l\u2019importance des<span class=\\\"Apple-converted-space\\\">\u00a0<\/span><b>Pierres \u00e0 glissade des Femmes<\/b>, un singulier lustrage des pierres, form\u00e9 au cours des si\u00e8cles, \u00e0 cause de la curieuse pratique f\u00e9minine, li\u00e9e \u00e0 la f\u00e9condit\u00e9, consistant \u00e0 glisser assise le long des pierres en pente.<\/p>\n\n\\n\n\n<p>Le passage \u00e9troit entre la Doire Balt\u00e9e et le pr\u00e9cipice rocheux constitue depuis toujours un parcours oblig\u00e9 pour entrer en Vall\u00e9e d\u2019Aoste. Le trac\u00e9 de la route, taill\u00e9e en grande partie dans la roche, remonte \u00e0 l\u2019\u00e9poque romaine : la<span class=\\\"Apple-converted-space\\\">\u00a0<\/span><b>Voie Consulaire des Gaules<\/b>, r\u00e9alis\u00e9e apr\u00e8s la soumission d\u00e9finitive des Salasses (25 av. J.-C.) et qui, d\u2019<i>Eporedia<\/i><span class=\\\"Apple-converted-space\\\">\u00a0<\/span>(Ivr\u00e9e), rejoignait les cols des<span class=\\\"Apple-converted-space\\\">\u00a0<\/span><i>Alpis Graia<\/i><span class=\\\"Apple-converted-space\\\">\u00a0<\/span>(Petit-Saint-Bernard) et des<span class=\\\"Apple-converted-space\\\">\u00a0<\/span><i>Alpis Penina<\/i><span class=\\\"Apple-converted-space\\\">\u00a0<\/span>(Grand-Saint-Bernard), conserve sur ce tron\u00e7on d\u2019importants restes arch\u00e9ologiques : des structures de soutien form\u00e9es par d\u2019\u00e9normes blocs de pierre, un pont-viaduc, le pont sur le torrent Albard.<\/p>\n\n\",\"margin_bottom\":\"default\",\"margin_top\":\"default\"}},{\"type\":\"text\",\"props\":{\"column_breakpoint\":\"m\",\"content\":\"\n\n<h3><strong>Du ch<\/strong>\u00e2<strong>teau medieval \u00e0 la forteresse de la maison de Savoie<\/strong><\/h3>\n\n\\n\n\n<p>Vu la position strat\u00e9gique pour le contr\u00f4le des passages, le rocher de Bard dut \u00eatre fortifi\u00e9 depuis au moins l\u2019\u00e9poque pr\u00e9-romaine ; les t\u00e9moignages \u00e9crits datent toutefois de bien apr\u00e8s. Quelques historiens indiquent \u00e0 Bard justement la pr\u00e9sence de murs de d\u00e9fense<span class=\\\"Apple-converted-space\\\">\u00a0<\/span><i>(Clausurae Augustanae)<\/i><span class=\\\"Apple-converted-space\\\">\u00a0<\/span>remontant au r\u00e8gne de Th\u00e9odoric au d\u00e9but du VI\u00e8me si\u00e8cle.<\/p>\n\n\\n\n\n<p>C\u2019est \u00e0 1034 que remonte la premi\u00e8re citation d\u2019ouvrages d\u00e9fensifs : ils appartenaient au Vicomte d\u2019Aoste Boso, dont les descendants conserv\u00e8rent la seigneurie de Bard jusqu\u2019\u00e0 la premi\u00e8re moiti\u00e9 du XIII\u00e8me si\u00e8cle.<\/p>\n\n\\n\n\n<p>Conquis en 1242 par Am\u00e9d\u00e9e IV de Savoie, le ch\u00e2teau et le territoire sur lequel cette famille avait juridiction passa sous la domination directe des Savoie. Un croquis de la deuxi\u00e8me moiti\u00e9 du XVI\u00e8me si\u00e8cle en montre l\u2019 ancienne structure : un ensemble d\u2019\u00e9difices domin\u00e9s par un<span class=\\\"Apple-converted-space\\\">\u00a0<\/span><i>donjon<\/i><span class=\\\"Apple-converted-space\\\">\u00a0<\/span>carr\u00e9, surmont\u00e9s d\u2019une double courtine de mur, dot\u00e9e de tours de garde ; un syst\u00e8me de bastions descendait jusqu\u2019\u00e0 embrasser le bourg.<\/p>\n\n\\n\n\n<p>En 1661 le duc Charles-Emmanuel II fit d\u00e9manteler les forteresses de Verr\u00e8s et de Montjovet ; il transf\u00e9ra toute l\u2019artillerie \u00e0 Bard, qui, depuis lors, devint la principale base des forces ducales en Vall\u00e9e d\u2019Aoste.<\/p>\n\n\\n\n\n<p>Au cours du XVII\u00e8me et du XVIII\u00e8me si\u00e8cle, les structures d\u00e9fensives de la forteresse furent agrandies et renforc\u00e9es.<\/p>\n\n\",\"margin_bottom\":\"default\",\"margin_top\":\"default\"},\"name\":\"Dal castello medievale alla fortezza sabauda\"},{\"type\":\"image\",\"props\":{\"image\":\"wp-content\/uploads\/2025\/08\/storia.jpg\",\"image_svg_color\":\"emphasis\",\"image_width\":2580,\"margin_bottom\":\"default\",\"margin_top\":\"default\"}},{\"type\":\"text\",\"props\":{\"column_breakpoint\":\"m\",\"content\":\"\n\n<h3>La capitulation devant Napol\u00e9on<\/h3>\n\n\\n\n\n<p>La r\u00e9sistance de la forteresse de Bard, tenue par l\u2019arm\u00e9e de Victor-Am\u00e9d\u00e9e II de Savoie, aux troupes fran\u00e7aises en 1704, au cours de la guerre de succession d\u2019Espagne, fut m\u00e9morable.<\/p>\n\n\\n\n\n<p><span>Mais le plus c\u00e9l\u00e9bre \u00e9v\u00e8nement dont le Fort ait \u00e9t\u00e9 le th\u00e9\u00e2tre est le si\u00e8ge de mai 1800.<\/span><br \/><span>A l\u2019aube du 14 mai de cette ann\u00e9e, les 40.000 hommes de l\u2019<\/span><i>Arm\u00e9e de r\u00e9serve<\/i><span class=\\\"Apple-converted-space\\\">\u00a0<\/span><span>de Napol\u00e9on pass\u00e8rent le Grand-Saint-Bernard pour surprendre l\u2019arm\u00e9e austro-pi\u00e9montaise qui occupait la plaine padane. La descente du col par Napol\u00e9on et ses hommes fut rapide jusqu\u2019\u00e0 Bard o\u00f9 elle fut bloqu\u00e9e par la garnison autrichienne qui d\u00e9fendait la forteresse.<\/span><\/p>\n\n\\n\n\n<p>Au cours de la nuit du 21 mai, une attaque fit capituler le bourg ; mais le commandant du Fort, le capitaine Stockard von Bernkopf, ne se donna pas pour vaincu. Le plan du g\u00e9n\u00e9ral Marmont, qui voulait faire transporter pendant la nuit les canons jusqu\u2019au sommet du rocher, ne r\u00e9ussit pas. Les soldats fran\u00e7ais, ayant donn\u00e9 l\u2019assaut pour l\u2019\u00e9ni\u00e8me fois, d\u00e9cid\u00e8rent d\u2019assi\u00e9ger le Fort : apr\u00e8s une journ\u00e9e enti\u00e8re de bombardements, le 1er juin, von Bernkopf signa la reddition, obtenant toutefois les honneurs de la guerre.<\/p>\n\n\",\"margin_bottom\":\"default\",\"margin_top\":\"default\"},\"name\":\"L\u2019assedio e la resa di Napoleone\"},{\"type\":\"image\",\"props\":{\"image\":\"wp-content\/uploads\/2025\/08\/assedio.jpg\",\"image_svg_color\":\"emphasis\",\"image_width\":2580,\"margin_bottom\":\"default\",\"margin_top\":\"default\"}},{\"type\":\"text\",\"props\":{\"column_breakpoint\":\"m\",\"content\":\"\n\n<h3><strong>La reconstruction par Oliviero<\/strong><\/h3>\n\n\\n\n\n<p>Exasp\u00e9r\u00e9 par cette r\u00e9sistance \u00e0 laquelle il ne s\u2019attendait pas, Napol\u00e9on fit raser au sol le \u00a0\u00bb vilain castel de Bard \u00ab\u00a0.<\/p>\n\n\\n\n\n<p>Ce fut Charles-F\u00e9lix, craignant une nouvelle agression des troupes fran\u00e7aises, qui d\u00e9cida de refaire construire la Forteresse, en 1827, et confia le projet de reconstruction \u00e0 l\u2019ing\u00e9nieur militaire Francesco Antonio Olivero, capitaine du Corps Royal du G\u00e9nie. Les travaux dur\u00e8rent de 1830 \u00e0 1838.<\/p>\n\n\\n\n\n<p>La nouvelle Forteresse \u00e9tait constitu\u00e9e de trois corps de b\u00e2timents dispos\u00e9s sur trois niveaux :<span class=\\\"Apple-converted-space\\\">\u00a0<\/span><b>l\u2019Ouvrage Ferdinand<\/b><span class=\\\"Apple-converted-space\\\">\u00a0<\/span>en bas,<span class=\\\"Apple-converted-space\\\">\u00a0<\/span><b>l\u2019Ouvrage Victor<\/b><span class=\\\"Apple-converted-space\\\">\u00a0<\/span>dans la zone interm\u00e9diaire et<span class=\\\"Apple-converted-space\\\">\u00a0<\/span><b>l\u2019Ouvrage Charles-Albert<\/b><span class=\\\"Apple-converted-space\\\">\u00a0<\/span>au sommet. Ce syst\u00e8me \u00e0 structures autonomes, dot\u00e9es de casemates d\u2019artillerie, permettait la d\u00e9fense r\u00e9ciproque en cas d\u2019attaques ennemies.<\/p>\n\n\\n\n\n<p>Dans son ensemble, la Forteresse comptait 283 salles et pouvait accueillir 416 hommes (le double s\u2019ils mettaient de la paille en terre) ; les magasins pouvaient contenir des munitions et des provisions pour trois mois et l\u2019 armement se composait d\u2019une cinquantaine de bouches \u00e0 feu.<\/p>\n\n\\n\n\n<p>A la fin du XIX\u00e8me si\u00e8cle, le Fort \u00e9tait en plein d\u00e9clin : il ne prit jamais part aux affrontements importants de l\u2019\u00e9poque; il servit de prison et par la suite de d\u00e9p\u00f4t d\u2019armes.<\/p>\n\n\",\"margin_bottom\":\"default\",\"margin_top\":\"default\"},\"name\":\"La ricostruzione di Olivero\"},{\"type\":\"image\",\"props\":{\"image\":\"wp-content\/uploads\/2025\/08\/stampa.jpg\",\"image_svg_color\":\"emphasis\",\"image_width\":2580,\"margin_bottom\":\"default\",\"margin_top\":\"default\"}},{\"type\":\"text\",\"props\":{\"column_breakpoint\":\"m\",\"content\":\"\n\n<p><span>La nuova piazzaforte era costituita da tre corpi di fabbrica disposti su diversi livelli: l\u2019<\/span><strong>Opera Ferdinando<\/strong><span>\u00a0in basso, l\u2019<\/span><strong>Opera Vittorio<\/strong><span>\u00a0nella zona mediana e l\u2019\u00a0<\/span><strong>Opera Carlo Alberto<\/strong><span>\u00a0in alto. Questo sistema a strutture autonome, munite di casematte per l\u2019artiglieria, era in grado di garantire la reciproca difesa in caso di un attacco nemico.<\/span><br \/><span>Nel complesso la fortezza era dotata di 283 locali e poteva ospitare fino a 416 uomini (il doppio con sistemazione paglia a terra); i magazzini potevano contenere munizioni e provviste sufficienti per tre mesi e l\u2019armamento contava una cinquantina di bocche da fuoco.<\/span><br \/><span>Alla fine dell\u2019800 il Forte si avvia al declino: non pi\u00f9 coinvolto in episodi bellici di rilievo, fu dapprima utilizzato come bagno penale ed in seguito destinato a deposito di munizioni.<\/span><\/p>\n\n\",\"margin_bottom\":\"default\",\"margin_top\":\"default\"}}]}]}],\"name\":\"LA STORIA DEL FORTE\"},{\"type\":\"section\",\"props\":{\"id\":\"passaggiIllustri\",\"image_position\":\"center-center\",\"style\":\"muted\",\"title_breakpoint\":\"xl\",\"title_position\":\"top-left\",\"title_rotation\":\"left\",\"vertical_align\":\"middle\",\"width\":\"expand\"},\"children\":[{\"type\":\"row\",\"props\":{\"layout\":\"2-3,1-3\"},\"children\":[{\"type\":\"column\",\"props\":{\"image_position\":\"center-center\",\"position_sticky\":\"column\",\"position_sticky_breakpoint\":\"m\",\"position_sticky_offset_end\":\"50px\",\"width_medium\":\"2-3\"},\"children\":[{\"type\":\"headline\",\"props\":{\"content\":\"<b>VISITEURS ILLUSTRES<\/b>\",\"image_align\":\"left\",\"image_margin\":\"xsmall\",\"title_element\":\"h2\",\"title_style\":\"h2\"},\"name\":\"PASSAGGI ILLUSTRI. Da Napoleone a Stendhal...\"},{\"type\":\"text\",\"props\":{\"column_breakpoint\":\"m\",\"content\":\"\n\n<p>A c\u00f4t\u00e9 des passages ordinaires, il y en a qui tranchent parce que le nom de certains visiteurs est c\u00e9l\u00e8bre et leur voyage est riche en r\u00e9percussion, soit par le souvenir qu'ils en ont gard\u00e9 au point d'en parler dans leurs m\u00e9moires.<\/p>\n\n\\n\n\n<p>Le plus connu est sans aucun doute <strong>Napol\u00e9on<\/strong>, dont le passage fut d\u00e9cisif pour le destin du Fort. A sa suite, se trouvait, dans l'<i>Arm\u00e9e de R\u00e9serve<\/i>, Henry Beyle, plus connu sous le pseudonyme de <strong>Stendhal<\/strong>, qui \u00e0 l'\u00e9poque n' avait que 17 ans.<br \/>Trente-six ans apr\u00e8s, dans son roman autobiographique <i>\\\"La vie de Henry Brulard\\\"<\/i> Stendhal se souvient des jours aventureux qu'il avait pass\u00e9s dans l'arm\u00e9e du condotti\u00e8re fran\u00e7ais, et il d\u00e9crit la bataille qui se passa au pied du Fort, ce qui fut pour lui un vrai bapt\u00eame du feu.<i>\\\" ...la canonnade de Bard faisait un tapage effrayant ; c'\u00e9tait le sublime, un peu trop voisin du danger : l'\u00e2me, au lieu de jouir purement, \u00e9tait encore un peu occup\u00e9e \u00e0 se tenir ... C'\u00e9tait la premi\u00e8re fois que je d\u00e9couvrais cette sensation si renouvel\u00e9e depuis: me trouver parmi les colonnes d'une arm\u00e9e de Napol\u00e9on\\\".<\/i><\/p>\n\n\\n\n\n<p>En 1830, dans une situation politique tourment\u00e9e, un autre personnage illustre se fit remarquer dans le petit bourg de Bard. Conscient de faire d\u00e9marrer une entreprise de longue dur\u00e9e, en 1828, Charles-F\u00e9lix de Savoie confia \u00e0 l'<strong>ing\u00e9nieur Militaire Francesco Antonio Olivero<\/strong> le projet, l'ex\u00e9cution et la direction des travaux de reconstruction du Fort, qui devaient \u00eatre faits selon des crit\u00e8res de modernit\u00e9 , au point qu' il deviendrait une structure d'avant-garde.<\/p>\n\n\\n\n\n<p>La supervision fut donc confi\u00e9e au jeune <strong>Camillo Benso Comte de Cavour<\/strong>. Arriv\u00e9 \u00e0 Bard en 1831, m\u00eame si l'entreprise semblait enthousiasmante \u00e0 tout le monde, il v\u00eacut cette exp\u00e9rience comme une punition, une prison morale qu'il d\u00e9finit par la suite comme un \\\"exil\\\".<br \/>L'inactivit\u00e9 forc\u00e9e et son \u00e9tat d'isolement repr\u00e9sent\u00e8rent pour cet homme d' \u00c9tat un moment de r\u00e9flexion important qui le pouss\u00e8rent \u00e0 abandonner la carri\u00e8re militaire pour la carri\u00e8re politique. L'\u00e9pigraphe qui lui est d\u00e9di\u00e9e est tr\u00e8s connue : elle se trouve pr\u00e8s de Donnas, o\u00f9 il allait souvent se promener :<\/p>\n\n\\n\n\n<blockquote class=\\\"quota\\\">\\n\n\n<p style=\\\"text-align: center;\\\">Italiano sosta!<br \/>CAMILLO BENSO DI CAVOUR<br \/>MDCXXXI-XXXII<br \/>Tenente del Genio<br \/>QUI<br \/>Sognando la Patria una e libera<br \/>Trascorse ore calme e soavi.<br \/>A culto del Grande.<br \/>Donnas MDCCCXXXIII<\/p>\n\n\\n<\/blockquote>\n\n\",\"margin_bottom\":\"default\",\"margin_top\":\"default\"}}]},{\"type\":\"column\",\"props\":{\"image_position\":\"center-center\",\"position_sticky_breakpoint\":\"m\",\"width_medium\":\"1-3\"},\"children\":[{\"type\":\"image\",\"props\":{\"image\":\"wp-content\/uploads\/2025\/08\/Napoleone.jpg\",\"image_alt\":\"Napoleone\",\"image_svg_color\":\"emphasis\",\"margin_bottom\":\"default\",\"margin_top\":\"default\"}},{\"type\":\"image\",\"props\":{\"image\":\"wp-content\/uploads\/2025\/08\/stendhal.jpg\",\"image_alt\":\"Stendhal\",\"image_svg_color\":\"emphasis\",\"margin_bottom\":\"default\",\"margin_top\":\"default\"}},{\"type\":\"image\",\"props\":{\"image\":\"wp-content\/uploads\/2025\/08\/camillo-benso-cavour-di-ciseri-67d773-640.jpg\",\"image_alt\":\"Camillo Benso conte di Cavour\",\"image_svg_color\":\"emphasis\",\"image_width\":1000,\"margin_bottom\":\"default\",\"margin_top\":\"default\"}}]}]}],\"name\":\"Passaggi illustri\"},{\"type\":\"section\",\"props\":{\"id\":\"progettoRecupero\",\"image_position\":\"center-center\",\"style\":\"default\",\"title_breakpoint\":\"xl\",\"title_position\":\"top-left\",\"title_rotation\":\"left\",\"vertical_align\":\"middle\",\"width\":\"expand\"},\"children\":[{\"type\":\"row\",\"children\":[{\"type\":\"column\",\"props\":{\"image_position\":\"center-center\",\"position_sticky_breakpoint\":\"m\"},\"children\":[{\"type\":\"text\",\"props\":{\"column_breakpoint\":\"m\",\"content\":\"\n\n<h3><strong>Il progetto di recupero<\/strong><\/h3>\n\n\\n\n\n<p>Apr\u00e8s que le domaine militaire l'a d\u00e9s\u00e9quip\u00e9 et d\u00e9sarm\u00e9, puis radi\u00e9 d\u00e9finitivement du service en 1975, le Fort a \u00e9t\u00e9 rachet\u00e9 par la R\u00e9gion Autonome Vall\u00e9e d'Aoste en 1990.<\/p>\n\n\\n\n\n<p>Un groupe interdisciplinaire de sp\u00e9cialistes a \u00e9labor\u00e9 un \u00e9tude de faisabilit\u00e9 pour la r\u00e9habilitation du fort dans son ensemble et pour la relance touristique du bourg m\u00e9di\u00e9val.<\/p>\n\n\\n\n\n<p>Une soci\u00e9t\u00e9 de capitaux, la Finbard, a programm\u00e9 et g\u00e9r\u00e9 les interventions de restauration et l'adaptation des fonctions et des installations; le syst\u00e8me des ascenseurs panoramiques; les structures d'acc\u00e8s et de parking; le pavage et l'\u00e9clairage du bourg, la restauration de quatre b\u00e2timents historiques.<\/p>\n\n\\n\n\n<p>Le projet de reconversion du Fort a \u00e9t\u00e9 r\u00e9alis\u00e9 avec la contribution du <strong>Fonds Europ\u00e9en de D\u00e9veloppement R\u00e9gional<\/strong> et du <strong>Fonds de Rotation de l'Etat<\/strong> dans le domaine de la reconversion \u00e9conomique des zones en d\u00e9clin industriel.<\/p>\n\n\\n\n\n<p>L'ensemble du Fort et du Bourg de Bard est devenu un nouveau p\u00f4le culturel des Alpes Occidentales. Gr\u00e2ce \u00e0 la r\u00e9habilitation de l'imposante forteresse de la Maison de Savoie et de quelques zones voisines, a \u00e9t\u00e9 r\u00e9alis\u00e9 un projet qui juxtapose dans une m\u00eame construction, des espaces et des services innovateurs pour la culture et des structur\u00e9es ont \u00e9t\u00e9 con\u00e7us pour int\u00e9grer la tradition historique du mus\u00e9e, les finalit\u00e9s \u00e9ducatives qui caract\u00e9risent sa mission, sa vocation innovatrice de centre d'interpr\u00e9tation, de lieu de transmission, de partage et de communication, la mise en valeur du territoire qu'ils repr\u00e9sentent et la force certaine du parc th\u00e9matique, avec sa capacit\u00e9 de proposer une exp\u00e9rience captivante.<\/p>\n\n\",\"margin_bottom\":\"default\",\"margin_top\":\"default\"},\"name\":\"Il progetto di recupero\"},{\"type\":\"headline\",\"props\":{\"content\":\"<strong>Quelques donn\u00e9es en chiffres du Fort<\/strong>\",\"image_align\":\"left\",\"image_margin\":\"xsmall\",\"title_element\":\"h3\",\"title_style\":\"h3\"},\"name\":\"Il Forte in Numeri\"},{\"type\":\"description_list\",\"props\":{\"column\":\"1-3\",\"column_breakpoint\":\"m\",\"column_divider\":true,\"content_style\":\"text-meta\",\"layout\":\"grid-2\",\"list_element\":\"ul\",\"meta_align\":\"below-title\",\"meta_style\":\"text-meta\",\"show_content\":true,\"show_link\":true,\"show_meta\":true,\"show_title\":true,\"title_element\":\"div\",\"title_grid_column_gap\":\"small\",\"title_grid_row_gap\":\"small\",\"title_grid_width\":\"auto\",\"title_style\":\"h5\"},\"children\":[{\"type\":\"description_list_item\",\"props\":{\"content\":\"\",\"meta\":\"m\u00e8tres carr\u00e9s de superficie\",\"title\":\"14.467\"}},{\"type\":\"description_list_item\",\"props\":{\"content\":\"\",\"meta\":\"m\u00e8tres carr\u00e9s pour les expositions\",\"title\":\"3.600\"}},{\"type\":\"description_list_item\",\"props\":{\"content\":\"\",\"meta\":\"m\u00e8tres carr\u00e9s de cours internes\",\"title\":\"2.036\"}},{\"type\":\"description_list_item\",\"props\":{\"content\":\"\",\"meta\":\"m\u00e8tres carr\u00e9s de toitures\",\"title\":\"9.000\"}},{\"type\":\"description_list_item\",\"props\":{\"content\":\"\",\"meta\":\"m\u00e8tres carr\u00e9s de toitures\",\"title\":\"Oltre 500\"}},{\"type\":\"description_list_item\",\"props\":{\"content\":\"\",\"meta\":\"pi\u00e8ces\",\"title\":\"283\"}},{\"type\":\"description_list_item\",\"props\":{\"content\":\"\",\"meta\":\"portes\",\"title\":\"385\"}},{\"type\":\"description_list_item\",\"props\":{\"content\":\"\",\"meta\":\"meurtri\u00e8res\",\"title\":\"296\"}},{\"type\":\"description_list_item\",\"props\":{\"content\":\"\",\"meta\":\"marches d'escalier\",\"title\":\"806\"}},{\"type\":\"description_list_item\",\"props\":{\"content\":\"\",\"meta\":\"m\u00e8tres cubes de terre d\u00e9plac\u00e9e\",\"title\":\"153.737\"}},{\"type\":\"description_list_item\",\"props\":{\"content\":\"\",\"meta\":\"m\u00e8tres de fils \u00e9lectriques\",\"title\":\"112.705\"}}]}]}]}],\"name\":\"IL PROGETTO DI RECUPERO\"}],\"version\":\"5.0.28\",\"yooessentialsVersion\":\"3.0.3\"} --><\/p>\n","protected":false},"excerpt":{"rendered":"<p>L&rsquo;histoire du monument Visiteurs illustres Le projet de r\u00e9habilitation Le Fort et les Avengers L&rsquo;histoire du monument Visiteurs illustres Le projet de r\u00e9habilitation Le Fort et Les Avengers LE MONUMENT [&hellip;]<\/p>\n","protected":false},"author":1,"featured_media":0,"parent":0,"menu_order":0,"comment_status":"closed","ping_status":"closed","template":"","meta":{"_acf_changed":false,"_seopress_robots_primary_cat":"","_seopress_titles_title":"Le Monument | Forte di Bard \u2013 Complexe historique et mus\u00e9es","_seopress_titles_desc":"D\u00e9couvrez le complexe monumental du Forte di Bard : architecture, parcours mus\u00e9aux, expositions et services d\u00e9di\u00e9s aux visiteurs.","_seopress_robots_index":"","footnotes":""},"class_list":["post-5158","page","type-page","status-publish","hentry"],"acf":[],"publishpress_future_workflow_manual_trigger":{"enabledWorkflows":[]},"_links":{"self":[{"href":"https:\/\/www.fortedibard.it\/fr\/wp-json\/wp\/v2\/pages\/5158","targetHints":{"allow":["GET"]}}],"collection":[{"href":"https:\/\/www.fortedibard.it\/fr\/wp-json\/wp\/v2\/pages"}],"about":[{"href":"https:\/\/www.fortedibard.it\/fr\/wp-json\/wp\/v2\/types\/page"}],"author":[{"embeddable":true,"href":"https:\/\/www.fortedibard.it\/fr\/wp-json\/wp\/v2\/users\/1"}],"replies":[{"embeddable":true,"href":"https:\/\/www.fortedibard.it\/fr\/wp-json\/wp\/v2\/comments?post=5158"}],"version-history":[{"count":22,"href":"https:\/\/www.fortedibard.it\/fr\/wp-json\/wp\/v2\/pages\/5158\/revisions"}],"predecessor-version":[{"id":7830,"href":"https:\/\/www.fortedibard.it\/fr\/wp-json\/wp\/v2\/pages\/5158\/revisions\/7830"}],"wp:attachment":[{"href":"https:\/\/www.fortedibard.it\/fr\/wp-json\/wp\/v2\/media?parent=5158"}],"curies":[{"name":"wp","href":"https:\/\/api.w.org\/{rel}","templated":true}]}}